{"version":"1.0","provider_name":"Hymexia - Strat\u00e9gie v\u00e9hicules et machines","provider_url":"https:\/\/www.hymexia.ch\/de\/","author_name":"hymexia34","author_url":"https:\/\/www.hymexia.ch\/de\/author\/hymexia34\/","title":"Referenzen - Hymexia - Strat\u00e9gie v\u00e9hicules et machines","type":"rich","width":600,"height":338,"html":"<blockquote class=\"wp-embedded-content\" data-secret=\"mOTjHVa65I\"><a href=\"https:\/\/www.hymexia.ch\/de\/referenzen\/\">Referenzen<\/a><\/blockquote><iframe sandbox=\"allow-scripts\" security=\"restricted\" src=\"https:\/\/www.hymexia.ch\/de\/referenzen\/embed\/#?secret=mOTjHVa65I\" width=\"600\" height=\"338\" title=\"&#8222;Referenzen&#8220; &#8211; Hymexia - Strat\u00e9gie v\u00e9hicules et machines\" data-secret=\"mOTjHVa65I\" frameborder=\"0\" marginwidth=\"0\" marginheight=\"0\" scrolling=\"no\" class=\"wp-embedded-content\"><\/iframe><script>\n\/*! This file is auto-generated *\/\n!function(d,l){\"use strict\";l.querySelector&&d.addEventListener&&\"undefined\"!=typeof URL&&(d.wp=d.wp||{},d.wp.receiveEmbedMessage||(d.wp.receiveEmbedMessage=function(e){var t=e.data;if((t||t.secret||t.message||t.value)&&!\/[^a-zA-Z0-9]\/.test(t.secret)){for(var s,r,n,a=l.querySelectorAll('iframe[data-secret=\"'+t.secret+'\"]'),o=l.querySelectorAll('blockquote[data-secret=\"'+t.secret+'\"]'),c=new RegExp(\"^https?:$\",\"i\"),i=0;i<o.length;i++)o[i].style.display=\"none\";for(i=0;i<a.length;i++)s=a[i],e.source===s.contentWindow&&(s.removeAttribute(\"style\"),\"height\"===t.message?(1e3<(r=parseInt(t.value,10))?r=1e3:~~r<200&&(r=200),s.height=r):\"link\"===t.message&&(r=new URL(s.getAttribute(\"src\")),n=new URL(t.value),c.test(n.protocol))&&n.host===r.host&&l.activeElement===s&&(d.top.location.href=t.value))}},d.addEventListener(\"message\",d.wp.receiveEmbedMessage,!1),l.addEventListener(\"DOMContentLoaded\",function(){for(var e,t,s=l.querySelectorAll(\"iframe.wp-embedded-content\"),r=0;r<s.length;r++)(t=(e=s[r]).getAttribute(\"data-secret\"))||(t=Math.random().toString(36).substring(2,12),e.src+=\"#?secret=\"+t,e.setAttribute(\"data-secret\",t)),e.contentWindow.postMessage({message:\"ready\",secret:t},\"*\")},!1)))}(window,document);\n\/\/# sourceURL=https:\/\/www.hymexia.ch\/wp-includes\/js\/wp-embed.min.js\n<\/script>\n","description":"[vc_row lg_spacing=&#8220;margin_bottom:-35&#8243; el_id=&#8220;heading-row&#8220; el_class=&#8220;fix-margin&#8220;][vc_column][tm_heading custom_google_font=&#8220;&#8220; text_color=&#8220;secondary_color&#8220; text=&#8220;Kantone &#8211; Kantonale Institutionen &#8211; Gewerkschaften\/Interkommunale Dienste&#8220; typed_list=&#8220;%5B%7B%7D%5D&#8220; font_size=&#8220;xs:26;sm:26;lg:32&#8243; line_height=&#8220;1.1&#8243;][vc_empty_space height=&#8220;30px&#8220;][\/vc_column][\/vc_row][vc_row][vc_column width=&#8220;1\/6&#8243; custom_border_color=&#8220;&#8220;][vc_single_image image=&#8220;3180&#8243; img_size=&#8220;full&#8220; alignment=&#8220;center&#8220; onclick=&#8220;custom_link&#8220; img_link_target=&#8220;_blank&#8220; css_animation=&#8220;none&#8220; link=&#8220;https:\/\/www.fr.ch\/accueil&#8220;][vc_column_text] \u00c9tat de Fribourg [\/vc_column_text][\/vc_column][vc_column width=&#8220;1\/6&#8243;][vc_single_image image=&#8220;3178&#8243; img_size=&#8220;full&#8220; alignment=&#8220;center&#8220; onclick=&#8220;custom_link&#8220; img_link_target=&#8220;_blank&#8220; image_title=&#8220;Commune de Bernex&#8220; image_link=&#8220;http:\/\/www.bernex.ch\/&#8220; image_link_text=&#8220;Voir le site&#8220; link=&#8220;https:\/\/www.ge.ch\/&#8220;][vc_column_text] R\u00e9publique et canton de Gen\u00e8ve [\/vc_column_text][\/vc_column][vc_column width=&#8220;1\/6&#8243;][vc_single_image image=&#8220;3846&#8243; img_size=&#8220;full&#8220; onclick=&#8220;custom_link&#8220; link=&#8220;http:\/\/www.vd.ch\/&#8220;][vc_column_text] \u00c9tat de Vaud [\/vc_column_text][\/vc_column][vc_column width=&#8220;1\/6&#8243;][vc_single_image image=&#8220;3034&#8243; img_size=&#8220;full&#8220; alignment=&#8220;center&#8220; onclick=&#8220;custom_link&#8220; img_link_target=&#8220;_blank&#8220; link=&#8220;http:\/\/www.vd.ch\/toutes-les-autorites\/departements\/departement-des-infrastructures-et-des-ressources-humaines-dirh\/direction-generale-de-la-mobilite-et-des-routes-dgmr\/&#8220;][vc_column_text] Direction g\u00e9n\u00e9rale de la mobilit\u00e9 et des routes (DGMR) [\/vc_column_text][\/vc_column][vc_column width=&#8220;1\/6&#8243;][\/vc_column][vc_column width=&#8220;1\/6&#8243;][\/vc_column][\/vc_row][vc_row][vc_column][vc_separator][\/vc_column][\/vc_row][vc_row lg_spacing=&#8220;margin_bottom:-35&#8243;][vc_column][tm_heading custom_google_font=&#8220;&#8220; animation=&#8220;&#8220; text=&#8220;Feuerwehr \/ Kantonale Versicherungsgesellschaften&#8220; typed_list=&#8220;%5B%7B%7D%5D&#8220;][vc_empty_space height=&#8220;30px&#8220;][\/vc_column][\/vc_row][vc_row][vc_column width=&#8220;1\/6&#8243;][vc_single_image image=&#8220;3174&#8243; img_size=&#8220;medium&#8220; alignment=&#8220;center&#8220; onclick=&#8220;custom_link&#8220; img_link_target=&#8220;_blank&#8220; image_title=&#8220;Commune de Chardonne&#8220; image_link=&#8220;https:\/\/www.chardonne.ch\/&#8220; image_link_text=&#8220;Voir le site&#8220; link=&#8220;http:\/\/www.ecab.ch&#8220;][vc_column_text] Kantonale Geb\u00e4udeversicherung (Fribourg) [\/vc_column_text][\/vc_column][vc_column width=&#8220;1\/6&#8243;][vc_single_image image=&#8220;3176&#8243; img_size=&#8220;medium&#8220; alignment=&#8220;center&#8220; onclick=&#8220;custom_link&#8220; img_link_target=&#8220;_blank&#8220; image_title=&#8220;Commune de Bulle&#8220; image_link=&#8220;http:\/\/www.bulle.ch\/fr\/&#8220; image_link_text=&#8220;Voir le site&#8220; link=&#8220;https:\/\/www.pompiers-bulle.ch\/&#8220;][vc_column_text] Corps des sapeurs-pompiers &#8211; Centre de renfort de la Gruy\u00e8re [\/vc_column_text][\/vc_column][vc_column width=&#8220;1\/6&#8243;][vc_single_image image=&#8220;2746&#8243; img_size=&#8220;medium&#8220; alignment=&#8220;center&#8220; onclick=&#8220;custom_link&#8220; img_link_target=&#8220;_blank&#8220; image_title=&#8220;Commune de Bulle&#8220; image_link=&#8220;http:\/\/www.bulle.ch\/fr\/&#8220; image_link_text=&#8220;Voir le site&#8220; link=&#8220;https:\/\/www.pompiers-basse-veveyse.ch&#8220;][vc_column_text] Corps des sapeurs-pompiers de la Basse-Veveyse [\/vc_column_text][\/vc_column][vc_column width=&#8220;1\/6&#8243;][vc_single_image image=&#8220;4027&#8243; img_size=&#8220;full&#8220; alignment=&#8220;center&#8220; onclick=&#8220;custom_link&#8220; img_link_target=&#8220;_blank&#8220; link=&#8220;http:\/\/www.ecap-ne.ch\/&#8220;][vc_column_text] \u00c9tablissement cantonal d&#8217;assurance et de pr\u00e9vention (Neuch\u00e2tel) [\/vc_column_text][\/vc_column][vc_column width=&#8220;1\/6&#8243;][\/vc_column][vc_column width=&#8220;1\/6&#8243;][\/vc_column][\/vc_row][vc_row][vc_column][vc_separator][\/vc_column][\/vc_row][vc_row lg_spacing=&#8220;margin_bottom:-35&#8243;][vc_column][tm_heading custom_google_font=&#8220;&#8220; animation=&#8220;&#8220; text=&#8220;Gewerkschaften\/Interkommunale Dienste&#8220; typed_list=&#8220;%5B%7B%7D%5D&#8220;][vc_empty_space height=&#8220;30px&#8220;][\/vc_column][\/vc_row][vc_row][vc_column width=&#8220;1\/6&#8243;][vc_single_image image=&#8220;3170&#8243; img_size=&#8220;full&#8220; alignment=&#8220;center&#8220; onclick=&#8220;custom_link&#8220; img_link_target=&#8220;_blank&#8220; link=&#8220;https:\/\/sidp.ch\/&#8220;][vc_column_text] Syndicat intercommunal du district de Porrentruy [\/vc_column_text][\/vc_column][vc_column width=&#8220;1\/6&#8243;][vc_single_image image=&#8220;3168&#8243; img_size=&#8220;full&#8220; alignment=&#8220;center&#8220; onclick=&#8220;custom_link&#8220; img_link_target=&#8220;_blank&#8220; image_title=&#8220;Commune de Bernex&#8220; image_link=&#8220;http:\/\/www.bernex.ch\/&#8220; image_link_text=&#8220;Voir le site&#8220; link=&#8220;http:\/\/www.sige.ch\/&#8220;][vc_column_text] Service intercommunal de gestion, Vevey [\/vc_column_text][\/vc_column][vc_column width=&#8220;1\/6&#8243;][vc_single_image image=&#8220;3036&#8243; img_size=&#8220;full&#8220; alignment=&#8220;center&#8220; onclick=&#8220;custom_link&#8220; img_link_target=&#8220;_blank&#8220; link=&#8220;http:\/\/www.epspreverenges.ch\/&#8220;][vc_column_text] EPSP Etablissement primaire et secondaire Pr\u00e9verenges et environs [\/vc_column_text][\/vc_column][vc_column width=&#8220;1\/6&#8243;][vc_single_image image=&#8220;3850&#8243; img_size=&#8220;full&#8220; onclick=&#8220;custom_link&#8220; img_link_target=&#8220;_blank&#8220; link=&#8220;http:\/\/www.ecoles-pays-denhaut.ch&#8220;][vc_column_text] ASIPE [\/vc_column_text][\/vc_column][vc_column width=&#8220;1\/6&#8243;][vc_single_image image=&#8220;4031&#8243; img_size=&#8220;full&#8220; alignment=&#8220;center&#8220; onclick=&#8220;custom_link&#8220; img_link_target=&#8220;_blank&#8220; link=&#8220;http:\/\/combinscatogne.ch\/&#8220;][vc_column_text] Triage forestier Combins-Catogne [\/vc_column_text][\/vc_column][vc_column width=&#8220;1\/6&#8243;][vc_single_image image=&#8220;4040&#8243; img_size=&#8220;full&#8220; alignment=&#8220;center&#8220; onclick=&#8220;custom_link&#8220; img_link_target=&#8220;_blank&#8220; link=&#8220;http:\/\/www.forets-veveyse.ch\/#:~:text=Le%20Groupement%20forestier%20de%20la,%2Dde%2DPeilz%20et%20Vevey.&#8220;][vc_column_text] Groupement forestier de la Veveyse [\/vc_column_text][\/vc_column][\/vc_row][vc_row][vc_column][vc_separator][\/vc_column][\/vc_row][vc_row][vc_column][vc_row_inner][vc_column_inner width=&#8220;1\/6&#8243;][vc_single_image image=&#8220;4163&#8243; img_size=&#8220;full&#8220; alignment=&#8220;center&#8220; onclick=&#8220;custom_link&#8220; img_link_target=&#8220;_blank&#8220; link=&#8220;http:\/\/www.aismle.ch\/&#8220;][vc_column_text] AISMLE Association Intercommunale Scolaire de Moudon, Lucens et Environs [\/vc_column_text][\/vc_column_inner][vc_column_inner width=&#8220;1\/6&#8243;][vc_single_image image=&#8220;4153&#8243; img_size=&#8220;full&#8220; alignment=&#8220;center&#8220; onclick=&#8220;custom_link&#8220; img_link_target=&#8220;_blank&#8220; link=&#8220;http:\/\/www.asi7.ch\/&#8220;][vc_column_text] ASI7 Association Scolaire Intercommunale des 7 communes r\u00e9gion de La Sarraz [\/vc_column_text][\/vc_column_inner][vc_column_inner width=&#8220;1\/6&#8243;][vc_single_image image=&#8220;4155&#8243; img_size=&#8220;full&#8220; alignment=&#8220;center&#8220; onclick=&#8220;custom_link&#8220; img_link_target=&#8220;_blank&#8220; link=&#8220;http:\/\/www.asice.ch\/&#8220;][vc_column_text] ASICE Association Scolaire Intercommunale de Cugy et environs [\/vc_column_text][\/vc_column_inner][vc_column_inner width=&#8220;1\/6&#8243;][vc_single_image image=&#8220;4159&#8243; img_size=&#8220;medium&#8220; alignment=&#8220;center&#8220; onclick=&#8220;custom_link&#8220; img_link_target=&#8220;_blank&#8220; link=&#8220;http:\/\/www.ewd.ch\/&#8220;][vc_column_text] Elektrizit\u00e4tswerk Davos AG [\/vc_column_text][\/vc_column_inner][vc_column_inner width=&#8220;1\/6&#8243;][\/vc_column_inner][vc_column_inner width=&#8220;1\/6&#8243;][\/vc_column_inner][\/vc_row_inner][\/vc_column][\/vc_row][vc_row][vc_column][vc_separator][\/vc_column][\/vc_row][vc_row lg_spacing=&#8220;margin_bottom:-35&#8243;][vc_column][tm_heading custom_google_font=&#8220;&#8220; animation=&#8220;&#8220; text=&#8220;Abfallentsorgungsanlagen&#8220; typed_list=&#8220;%5B%7B%7D%5D&#8220;][vc_empty_space height=&#8220;30px&#8220;][\/vc_column][\/vc_row][vc_row][vc_column width=&#8220;1\/6&#8243;][vc_single_image image=&#8220;3166&#8243; img_size=&#8220;full&#8220; alignment=&#8220;center&#8220; onclick=&#8220;custom_link&#8220; img_link_target=&#8220;_blank&#8220; image_title=&#8220;Commune de Bulle&#8220; image_link=&#8220;http:\/\/www.bulle.ch\/fr\/&#8220; image_link_text=&#8220;Voir le site&#8220; link=&#8220;https:\/\/www.vadec.ch\/&#8220;][vc_column_text] R\u00e9seau de valorisation des d\u00e9chets &#8211; Arc jurassien [\/vc_column_text][\/vc_column][vc_column width=&#8220;1\/6&#8243;][vc_single_image image=&#8220;3172&#8243; img_size=&#8220;full&#8220; alignment=&#8220;center&#8220; onclick=&#8220;custom_link&#8220; img_link_target=&#8220;_blank&#8220; image_title=&#8220;Commune de Chardonne&#8220; image_link=&#8220;https:\/\/www.chardonne.ch\/&#8220; image_link_text=&#8220;Voir le site&#8220; link=&#8220;http:\/\/seod.ch\/&#8220;][vc_column_text] Syndicat de gestion des d\u00e9chets de Del\u00e9mont et environs [\/vc_column_text][\/vc_column][vc_column width=&#8220;1\/6&#8243;][\/vc_column][vc_column width=&#8220;1\/6&#8243;][\/vc_column][vc_column width=&#8220;1\/6&#8243;][\/vc_column][vc_column width=&#8220;1\/6&#8243;][\/vc_column][\/vc_row][vc_row][vc_column][vc_separator][\/vc_column][\/vc_row][vc_row lg_spacing=&#8220;margin_bottom:-35&#8243;][vc_column][tm_heading custom_google_font=&#8220;&#8220; text_color=&#8220;secondary_color&#8220; text=&#8220;\u00d6ffentliche Verkehrsbetriebe&#8220; typed_list=&#8220;%5B%7B%7D%5D&#8220; font_size=&#8220;lg:32&#8243;][vc_empty_space height=&#8220;30px&#8220;][\/vc_column][\/vc_row][vc_row][vc_column width=&#8220;1\/6&#8243;][vc_single_image image=&#8220;3144&#8243; img_size=&#8220;full&#8220; alignment=&#8220;center&#8220; onclick=&#8220;custom_link&#8220; img_link_target=&#8220;_blank&#8220; link=&#8220;https:\/\/www.t-l.ch\/tout-sur-les-tl\/infrastructure-et-developpements\/flotte-et-infrastructure\/metro-m2&#8243;][vc_column_text] M\u00e9tro M2, Lausanne [\/vc_column_text][\/vc_column][vc_column width=&#8220;1\/6&#8243;][vc_single_image image=&#8220;3142&#8243; img_size=&#8220;full&#8220; alignment=&#8220;center&#8220; onclick=&#8220;custom_link&#8220; img_link_target=&#8220;_blank&#8220; image_title=&#8220;Commune de Bernex&#8220; image_link=&#8220;http:\/\/www.bernex.ch\/&#8220; image_link_text=&#8220;Voir le site&#8220; link=&#8220;https:\/\/www.t-l.ch\/&#8220;][vc_column_text] Transport publics lausannois [\/vc_column_text][\/vc_column][vc_column width=&#8220;1\/6&#8243;][vc_single_image image=&#8220;3140&#8243; img_size=&#8220;full&#8220; alignment=&#8220;center&#8220; onclick=&#8220;custom_link&#8220; img_link_target=&#8220;_blank&#8220; image_title=&#8220;Commune de Bulle&#8220; image_link=&#8220;http:\/\/www.bulle.ch\/fr\/&#8220; image_link_text=&#8220;Voir le site&#8220; link=&#8220;https:\/\/www.tpf.ch\/&#8220;][vc_column_text] Freiburgische Verkehrsbetriebe [\/vc_column_text][\/vc_column][vc_column width=&#8220;1\/6&#8243;][vc_single_image image=&#8220;3138&#8243; img_size=&#8220;full&#8220; alignment=&#8220;center&#8220; onclick=&#8220;custom_link&#8220; img_link_target=&#8220;_blank&#8220; image_title=&#8220;Commune de Chardonne&#8220; image_link=&#8220;https:\/\/www.chardonne.ch\/&#8220; image_link_text=&#8220;Voir le site&#8220; link=&#8220;https:\/\/www.tpg.ch\/&#8220;][vc_column_text] Transports publics genevois [\/vc_column_text][\/vc_column][vc_column width=&#8220;1\/6&#8243;][vc_single_image image=&#8220;3136&#8243; img_size=&#8220;full&#8220; alignment=&#8220;center&#8220; onclick=&#8220;custom_link&#8220; img_link_target=&#8220;_blank&#8220; image_title=&#8220;Commune de Chardonne&#8220; image_link=&#8220;https:\/\/www.chardonne.ch\/&#8220; image_link_text=&#8220;Voir le site&#8220; link=&#8220;https:\/\/www.transn.ch\/&#8220;][vc_column_text] Transports publics neuch\u00e2telois [\/vc_column_text][\/vc_column][vc_column width=&#8220;1\/6&#8243;][vc_single_image image=&#8220;3134&#8243; img_size=&#8220;full&#8220; alignment=&#8220;center&#8220; onclick=&#8220;custom_link&#8220; img_link_target=&#8220;_blank&#8220; link=&#8220;https:\/\/www.vmcv.ch\/&#8220;][vc_column_text] Transports publics Vevey-Montreux-Chillon-Villeneuve [\/vc_column_text][\/vc_column][\/vc_row][vc_row][vc_column][vc_separator][\/vc_column][\/vc_row][vc_row][vc_column width=&#8220;1\/6&#8243;][vc_single_image image=&#8220;2741&#8243; img_size=&#8220;full&#8220; alignment=&#8220;center&#8220; onclick=&#8220;custom_link&#8220; img_link_target=&#8220;_blank&#8220; link=&#8220;http:\/\/www.tpc.ch&#8220;][vc_column_text] Transports publics du Chablais [\/vc_column_text][\/vc_column][vc_column width=&#8220;1\/6&#8243;][vc_single_image image=&#8220;3440&#8243; img_size=&#8220;full&#8220; alignment=&#8220;center&#8220; onclick=&#8220;custom_link&#8220; img_link_target=&#8220;_blank&#8220; link=&#8220;https:\/\/mob.ch\/fr&#8220;][vc_column_text] MOB [\/vc_column_text][\/vc_column][vc_column width=&#8220;1\/6&#8243;][\/vc_column][vc_column width=&#8220;1\/6&#8243;][\/vc_column][vc_column width=&#8220;1\/6&#8243;][\/vc_column][vc_column width=&#8220;1\/6&#8243;][\/vc_column][\/vc_row][vc_row][vc_column][vc_separator][\/vc_column][\/vc_row][vc_row lg_spacing=&#8220;margin_bottom:-35&#8243;][vc_column][tm_heading custom_google_font=&#8220;&#8220; text_color=&#8220;secondary_color&#8220; text=&#8220;Gemeinden&#8220; typed_list=&#8220;%5B%7B%7D%5D&#8220; font_size=&#8220;lg:32&#8243;][vc_empty_space height=&#8220;30px&#8220;][\/vc_column][\/vc_row][vc_row][vc_column width=&#8220;1\/6&#8243;][vc_single_image image=&#8220;3244&#8243; img_size=&#8220;full&#8220; alignment=&#8220;center&#8220; onclick=&#8220;custom_link&#8220; img_link_target=&#8220;_blank&#8220; link=&#8220;http:\/\/www.attalens.ch\/&#8220;][vc_column_text] Attalens [\/vc_column_text][\/vc_column][vc_column width=&#8220;1\/6&#8243;][vc_single_image image=&#8220;3242&#8243; img_size=&#8220;full&#8220; alignment=&#8220;center&#8220; onclick=&#8220;custom_link&#8220; img_link_target=&#8220;_blank&#8220; image_title=&#8220;Commune de Bernex&#8220; image_link=&#8220;http:\/\/www.bernex.ch\/&#8220; image_link_text=&#8220;Voir le site&#8220; link=&#8220;http:\/\/www.bernex.ch\/&#8220;][vc_column_text] Bernex [\/vc_column_text][\/vc_column][vc_column width=&#8220;1\/6&#8243;][vc_single_image image=&#8220;3240&#8243; img_size=&#8220;full&#8220; alignment=&#8220;center&#8220; onclick=&#8220;custom_link&#8220; img_link_target=&#8220;_blank&#8220; image_title=&#8220;Commune de Bulle&#8220; image_link=&#8220;http:\/\/www.bulle.ch\/fr\/&#8220; image_link_text=&#8220;Voir le site&#8220; link=&#8220;http:\/\/www.bulle.ch\/fr\/&#8220;][vc_column_text] Bulle [\/vc_column_text][\/vc_column][vc_column width=&#8220;1\/6&#8243;][vc_single_image image=&#8220;3238&#8243; img_size=&#8220;full&#8220; alignment=&#8220;center&#8220; onclick=&#8220;custom_link&#8220; img_link_target=&#8220;_blank&#8220; image_title=&#8220;Commune de Chardonne&#8220; image_link=&#8220;https:\/\/www.chardonne.ch\/&#8220; image_link_text=&#8220;Voir le site&#8220; link=&#8220;https:\/\/www.chardonne.ch\/&#8220;][vc_column_text] Chardonne [\/vc_column_text][\/vc_column][vc_column width=&#8220;1\/6&#8243;][vc_single_image image=&#8220;3236&#8243; img_size=&#8220;full&#8220; alignment=&#8220;center&#8220; onclick=&#8220;custom_link&#8220; img_link_target=&#8220;_blank&#8220; image_title=&#8220;Commune de Chardonne&#8220; image_link=&#8220;https:\/\/www.chardonne.ch\/&#8220; image_link_text=&#8220;Voir le site&#8220; link=&#8220;http:\/\/www.chateaudoex-admin.ch\/fr\/&#8220;][vc_column_text] Ch\u00e2teau-d&#8217;Oex [\/vc_column_text][\/vc_column][vc_column width=&#8220;1\/6&#8243;][vc_single_image image=&#8220;3234&#8243; img_size=&#8220;full&#8220; alignment=&#8220;center&#8220; onclick=&#8220;custom_link&#8220; img_link_target=&#8220;_blank&#8220; link=&#8220;https:\/\/www.chatel-st-denis.ch\/&#8220;][vc_column_text] Ch\u00e2tel-St-Denis [\/vc_column_text][\/vc_column][\/vc_row][vc_row][vc_column][vc_separator][\/vc_column][\/vc_row][vc_row][vc_column width=&#8220;1\/6&#8243;][vc_single_image image=&#8220;3232&#8243; img_size=&#8220;full&#8220; alignment=&#8220;center&#8220; onclick=&#8220;custom_link&#8220; img_link_target=&#8220;_blank&#8220; image_title=&#8220;Commune de Bernex&#8220; image_link=&#8220;http:\/\/www.bernex.ch\/&#8220; image_link_text=&#8220;Voir le site&#8220; link=&#8220;http:\/\/www.courrendlin.ch\/&#8220;][vc_column_text] Courrendlin [\/vc_column_text][\/vc_column][vc_column width=&#8220;1\/6&#8243;][vc_single_image image=&#8220;3230&#8243; img_size=&#8220;full&#8220; alignment=&#8220;center&#8220; onclick=&#8220;custom_link&#8220; img_link_target=&#8220;_blank&#8220; image_title=&#8220;Commune de Bulle&#8220; image_link=&#8220;http:\/\/www.bulle.ch\/fr\/&#8220; image_link_text=&#8220;Voir le site&#8220; link=&#8220;https:\/\/www.courroux.ch\/&#8220;][vc_column_text] Courroux-Courcelon [\/vc_column_text][\/vc_column][vc_column width=&#8220;1\/6&#8243;][vc_single_image image=&#8220;3228&#8243; img_size=&#8220;full&#8220; alignment=&#8220;center&#8220; onclick=&#8220;custom_link&#8220; img_link_target=&#8220;_blank&#8220; image_title=&#8220;Commune de Chardonne&#8220; image_link=&#8220;https:\/\/www.chardonne.ch\/&#8220; image_link_text=&#8220;Voir le site&#8220; link=&#8220;http:\/\/www.delemont.ch\/&#8220;][vc_column_text] Del\u00e9mont [\/vc_column_text][\/vc_column][vc_column width=&#8220;1\/6&#8243;][vc_single_image image=&#8220;3226&#8243; img_size=&#8220;full&#8220; alignment=&#8220;center&#8220; onclick=&#8220;custom_link&#8220; img_link_target=&#8220;_blank&#8220; image_title=&#8220;Commune de Chardonne&#8220; image_link=&#8220;https:\/\/www.chardonne.ch\/&#8220; image_link_text=&#8220;Voir le site&#8220; link=&#8220;https:\/\/www.epalinges.ch\/&#8220;][vc_column_text] Epalinges [\/vc_column_text][\/vc_column][vc_column width=&#8220;1\/6&#8243;][vc_single_image image=&#8220;2744&#8243; img_size=&#8220;full&#8220; alignment=&#8220;center&#8220; onclick=&#8220;custom_link&#8220; img_link_target=&#8220;_blank&#8220; link=&#8220;http:\/\/www.gland.ch&#8220;][vc_column_text] Gland [\/vc_column_text][\/vc_column][vc_column width=&#8220;1\/6&#8243;][vc_single_image image=&#8220;3224&#8243; img_size=&#8220;full&#8220; alignment=&#8220;center&#8220; onclick=&#8220;custom_link&#8220; img_link_target=&#8220;_blank&#8220; link=&#8220;http:\/\/www.granges-veveyse.ch\/&#8220;][vc_column_text] Granges (Veveyse) [\/vc_column_text][\/vc_column][\/vc_row][vc_row][vc_column][vc_separator][\/vc_column][\/vc_row][vc_row][vc_column width=&#8220;1\/6&#8243;][vc_single_image image=&#8220;3222&#8243; img_size=&#8220;full&#8220; alignment=&#8220;center&#8220; onclick=&#8220;custom_link&#8220; img_link_target=&#8220;_blank&#8220; image_title=&#8220;Commune de Bernex&#8220; image_link=&#8220;http:\/\/www.bernex.ch\/&#8220; image_link_text=&#8220;Voir le site&#8220; link=&#8220;http:\/\/www.grenchen.ch\/de\/&#8220;][vc_column_text] Grenchen [\/vc_column_text][\/vc_column][vc_column width=&#8220;1\/6&#8243;][vc_single_image image=&#8220;3220&#8243; img_size=&#8220;full&#8220; alignment=&#8220;center&#8220; onclick=&#8220;custom_link&#8220; img_link_target=&#8220;_blank&#8220; image_title=&#8220;Commune de Bulle&#8220; image_link=&#8220;http:\/\/www.bulle.ch\/fr\/&#8220; image_link_text=&#8220;Voir le site&#8220; link=&#8220;http:\/\/www.jongny.ch&#8220;][vc_column_text] Jongny [\/vc_column_text][\/vc_column][vc_column width=&#8220;1\/6&#8243;][vc_single_image image=&#8220;3218&#8243; img_size=&#8220;full&#8220; alignment=&#8220;center&#8220; onclick=&#8220;custom_link&#8220; img_link_target=&#8220;_blank&#8220; image_title=&#8220;Commune de Chardonne&#8220; image_link=&#8220;https:\/\/www.chardonne.ch\/&#8220; image_link_text=&#8220;Voir le site&#8220; link=&#8220;https:\/\/www.milvignes.ch&#8220;][vc_column_text] Milvignes [\/vc_column_text][\/vc_column][vc_column width=&#8220;1\/6&#8243;][vc_single_image image=&#8220;3188&#8243; img_size=&#8220;full&#8220; alignment=&#8220;center&#8220; onclick=&#8220;custom_link&#8220; img_link_target=&#8220;_blank&#8220; image_title=&#8220;Commune de Chardonne&#8220; image_link=&#8220;https:\/\/www.chardonne.ch\/&#8220; image_link_text=&#8220;Voir le site&#8220; link=&#8220;https:\/\/www.monthey.ch\/&#8220;][vc_column_text] Monthey [\/vc_column_text][\/vc_column][vc_column width=&#8220;1\/6&#8243;][vc_single_image image=&#8220;3216&#8243; img_size=&#8220;full&#8220; alignment=&#8220;center&#8220; onclick=&#8220;custom_link&#8220; img_link_target=&#8220;_blank&#8220; image_title=&#8220;Commune de Bernex&#8220; image_link=&#8220;http:\/\/www.bernex.ch\/&#8220; image_link_text=&#8220;Voir le site&#8220; link=&#8220;http:\/\/www.montreux.ch&#8220;][vc_column_text] Montreux [\/vc_column_text][\/vc_column][vc_column width=&#8220;1\/6&#8243;][vc_single_image image=&#8220;3214&#8243; img_size=&#8220;full&#8220; alignment=&#8220;center&#8220; onclick=&#8220;custom_link&#8220; img_link_target=&#8220;_blank&#8220; image_title=&#8220;Commune de Bulle&#8220; image_link=&#8220;http:\/\/www.bulle.ch\/fr\/&#8220; image_link_text=&#8220;Voir le site&#8220; link=&#8220;https:\/\/www.neuchatelville.ch\/fr\/&#8220;][vc_column_text] Neuch\u00e2tel [\/vc_column_text][\/vc_column][\/vc_row][vc_row][vc_column][vc_separator][\/vc_column][\/vc_row][vc_row][vc_column width=&#8220;1\/6&#8243;][vc_single_image image=&#8220;3212&#8243; img_size=&#8220;full&#8220; alignment=&#8220;center&#8220; onclick=&#8220;custom_link&#8220; img_link_target=&#8220;_blank&#8220; image_title=&#8220;Commune de Chardonne&#8220; image_link=&#8220;https:\/\/www.chardonne.ch\/&#8220; image_link_text=&#8220;Voir le site&#8220; link=&#8220;https:\/\/www.nyon.ch\/fr\/index.php&#8220;][vc_column_text] Nyon [\/vc_column_text][\/vc_column][vc_column width=&#8220;1\/6&#8243;][vc_single_image image=&#8220;3210&#8243; img_size=&#8220;full&#8220; alignment=&#8220;center&#8220; onclick=&#8220;custom_link&#8220; img_link_target=&#8220;_blank&#8220; image_title=&#8220;Commune de Chardonne&#8220; image_link=&#8220;https:\/\/www.chardonne.ch\/&#8220; image_link_text=&#8220;Voir le site&#8220; link=&#8220;http:\/\/www.ormont-dessous.ch\/&#8220;][vc_column_text] Ormont-dessous [\/vc_column_text][\/vc_column][vc_column width=&#8220;1\/6&#8243;][vc_single_image image=&#8220;3208&#8243; img_size=&#8220;full&#8220; alignment=&#8220;center&#8220; onclick=&#8220;custom_link&#8220; img_link_target=&#8220;_blank&#8220; link=&#8220;http:\/\/www.ostermundigen.ch\/&#8220;][vc_column_text] Ostermundigen [\/vc_column_text][\/vc_column][vc_column width=&#8220;1\/6&#8243;][vc_single_image image=&#8220;3206&#8243; img_size=&#8220;full&#8220; alignment=&#8220;center&#8220; onclick=&#8220;custom_link&#8220; img_link_target=&#8220;_blank&#8220; image_title=&#8220;Commune de Bernex&#8220; image_link=&#8220;http:\/\/www.bernex.ch\/&#8220; image_link_text=&#8220;Voir le site&#8220; link=&#8220;http:\/\/www.penthaz.ch\/&#8220;][vc_column_text] Penthaz [\/vc_column_text][\/vc_column][vc_column width=&#8220;1\/6&#8243;][vc_single_image image=&#8220;3204&#8243; img_size=&#8220;full&#8220; alignment=&#8220;center&#8220; onclick=&#8220;custom_link&#8220; img_link_target=&#8220;_blank&#8220; image_title=&#8220;Commune de Bulle&#8220; image_link=&#8220;http:\/\/www.bulle.ch\/fr\/&#8220; image_link_text=&#8220;Voir le site&#8220; link=&#8220;https:\/\/www.pully.ch\/fr\/accueil\/&#8220;][vc_column_text] Pully [\/vc_column_text][\/vc_column][vc_column width=&#8220;1\/6&#8243;][vc_single_image image=&#8220;3202&#8243; img_size=&#8220;full&#8220; alignment=&#8220;center&#8220; onclick=&#8220;custom_link&#8220; img_link_target=&#8220;_blank&#8220; image_title=&#8220;Commune de Chardonne&#8220; image_link=&#8220;https:\/\/www.chardonne.ch\/&#8220; image_link_text=&#8220;Voir le site&#8220; link=&#8220;http:\/\/www.romont.ch\/fr\/&#8220;][vc_column_text] Romont [\/vc_column_text][\/vc_column][\/vc_row][vc_row][vc_column][vc_separator][\/vc_column][\/vc_row][vc_row][vc_column width=&#8220;1\/6&#8243;][vc_single_image image=&#8220;3200&#8243; img_size=&#8220;full&#8220; alignment=&#8220;center&#8220; onclick=&#8220;custom_link&#8220; img_link_target=&#8220;_blank&#8220; image_title=&#8220;Commune de Chardonne&#8220; image_link=&#8220;https:\/\/www.chardonne.ch\/&#8220; image_link_text=&#8220;Voir le site&#8220; link=&#8220;http:\/\/www.semsales.ch\/&#8220;][vc_column_text] Semsales [\/vc_column_text][\/vc_column][vc_column width=&#8220;1\/6&#8243;][vc_single_image image=&#8220;3198&#8243; img_size=&#8220;full&#8220; alignment=&#8220;center&#8220; onclick=&#8220;custom_link&#8220; img_link_target=&#8220;_blank&#8220; link=&#8220;http:\/\/www.sissach.ch\/de\/&#8220;][vc_column_text] Sissach [\/vc_column_text][\/vc_column][vc_column width=&#8220;1\/6&#8243;][vc_single_image image=&#8220;3196&#8243; img_size=&#8220;full&#8220; alignment=&#8220;center&#8220; onclick=&#8220;custom_link&#8220; img_link_target=&#8220;_blank&#8220; image_title=&#8220;Commune de Bernex&#8220; image_link=&#8220;http:\/\/www.bernex.ch\/&#8220; image_link_text=&#8220;Voir le site&#8220; link=&#8220;http:\/\/www.stettlen.ch\/de\/index.php&#8220;][vc_column_text] Stettlen [\/vc_column_text][\/vc_column][vc_column width=&#8220;1\/6&#8243;][vc_single_image image=&#8220;3194&#8243; img_size=&#8220;full&#8220; alignment=&#8220;center&#8220; onclick=&#8220;custom_link&#8220; img_link_target=&#8220;_blank&#8220; image_title=&#8220;Commune de Bulle&#8220; image_link=&#8220;http:\/\/www.bulle.ch\/fr\/&#8220; image_link_text=&#8220;Voir le site&#8220; link=&#8220;http:\/\/www.sursee.ch\/de\/&#8220;][vc_column_text] Sursee [\/vc_column_text][\/vc_column][vc_column width=&#8220;1\/6&#8243;][vc_single_image image=&#8220;3192&#8243; img_size=&#8220;full&#8220; alignment=&#8220;center&#8220; onclick=&#8220;custom_link&#8220; img_link_target=&#8220;_blank&#8220; image_title=&#8220;Commune de Chardonne&#8220; image_link=&#8220;https:\/\/www.chardonne.ch\/&#8220; image_link_text=&#8220;Voir le site&#8220; link=&#8220;https:\/\/www.vechigen.ch\/&#8220;][vc_column_text] Vechigen [\/vc_column_text][\/vc_column][vc_column width=&#8220;1\/6&#8243;][vc_single_image image=&#8220;3190&#8243; img_size=&#8220;full&#8220; alignment=&#8220;center&#8220; onclick=&#8220;custom_link&#8220; img_link_target=&#8220;_blank&#8220; image_title=&#8220;Commune de Chardonne&#8220; image_link=&#8220;https:\/\/www.chardonne.ch\/&#8220; image_link_text=&#8220;Voir le site&#8220; link=&#8220;http:\/\/www.vevey.ch\/&#8220;][vc_column_text] Vevey [\/vc_column_text][\/vc_column][\/vc_row][vc_row][vc_column][vc_separator][\/vc_column][\/vc_row][vc_row][vc_column width=&#8220;1\/6&#8243;][vc_single_image image=&#8220;3444&#8243; img_size=&#8220;full&#8220; alignment=&#8220;center&#8220; onclick=&#8220;custom_link&#8220; img_link_target=&#8220;_blank&#8220; image_title=&#8220;Commune de Chardonne&#8220; image_link=&#8220;https:\/\/www.chardonne.ch\/&#8220; image_link_text=&#8220;Voir le site&#8220; link=&#8220;http:\/\/www.leflon.ch\/&#8220;][vc_column_text] Le Flon [\/vc_column_text][\/vc_column][vc_column width=&#8220;1\/6&#8243;][vc_single_image image=&#8220;3442&#8243; img_size=&#8220;full&#8220; alignment=&#8220;center&#8220; onclick=&#8220;custom_link&#8220; img_link_target=&#8220;_blank&#8220; link=&#8220;http:\/\/www.wuennewil-flamatt.ch\/de\/&#8220;][vc_column_text] W\u00fcnnewil-Flamatt [\/vc_column_text][\/vc_column][vc_column width=&#8220;1\/6&#8243;][vc_single_image image=&#8220;3505&#8243; img_size=&#8220;full&#8220; alignment=&#8220;center&#8220; onclick=&#8220;custom_link&#8220; img_link_target=&#8220;_blank&#8220; link=&#8220;https:\/\/www.bagnes.ch\/fr\/&#8220;][vc_column_text] Bagnes [\/vc_column_text][\/vc_column][vc_column width=&#8220;1\/6&#8243;][vc_single_image image=&#8220;3792&#8243; img_size=&#8220;full&#8220; onclick=&#8220;custom_link&#8220; img_link_target=&#8220;_blank&#8220; link=&#8220;http:\/\/www.lutry.ch\/&#8220;][vc_column_text] Lutry [\/vc_column_text][\/vc_column][vc_column width=&#8220;1\/6&#8243;][vc_single_image image=&#8220;3843&#8243; img_size=&#8220;full&#8220; onclick=&#8220;custom_link&#8220; img_link_target=&#8220;_blank&#8220; [&hellip;]"}