{"id":3132,"date":"2020-05-04T15:28:08","date_gmt":"2020-05-04T13:28:08","guid":{"rendered":"https:\/\/www.hymexia.ch\/referenzen\/"},"modified":"2023-12-13T12:49:35","modified_gmt":"2023-12-13T11:49:35","slug":"referenzen","status":"publish","type":"page","link":"https:\/\/www.hymexia.ch\/de\/referenzen\/","title":{"rendered":"Referenzen"},"content":{"rendered":"<div class=\"wpb-content-wrapper\"><p>[vc_row lg_spacing=&#8220;margin_bottom:-35&#8243; el_id=&#8220;heading-row&#8220; el_class=&#8220;fix-margin&#8220;][vc_column][tm_heading custom_google_font=&#8220;&#8220; text_color=&#8220;secondary_color&#8220; text=&#8220;Kantone &#8211; Kantonale Institutionen &#8211; Gewerkschaften\/Interkommunale Dienste&#8220; typed_list=&#8220;%5B%7B%7D%5D&#8220; font_size=&#8220;xs:26;sm:26;lg:32&#8243; line_height=&#8220;1.1&#8243;][vc_empty_space height=&#8220;30px&#8220;][\/vc_column][\/vc_row][vc_row][vc_column width=&#8220;1\/6&#8243; custom_border_color=&#8220;&#8220;][vc_single_image image=&#8220;3180&#8243; img_size=&#8220;full&#8220; alignment=&#8220;center&#8220; onclick=&#8220;custom_link&#8220; img_link_target=&#8220;_blank&#8220; css_animation=&#8220;none&#8220; link=&#8220;https:\/\/www.fr.ch\/accueil&#8220;][vc_column_text]<\/p>\n<p style=\"text-align: center;\"><a href=\"http:\/\/fr.ch\">\u00c9tat de Fribourg<\/a><\/p>\n<p>[\/vc_column_text][\/vc_column][vc_column width=&#8220;1\/6&#8243;][vc_single_image image=&#8220;3178&#8243; img_size=&#8220;full&#8220; alignment=&#8220;center&#8220; onclick=&#8220;custom_link&#8220; img_link_target=&#8220;_blank&#8220; image_title=&#8220;Commune de Bernex&#8220; image_link=&#8220;http:\/\/www.bernex.ch\/&#8220; image_link_text=&#8220;Voir le site&#8220; link=&#8220;https:\/\/www.ge.ch\/&#8220;][vc_column_text]<\/p>\n<p style=\"text-align: center;\"><a href=\"http:\/\/ge.ch\">R\u00e9publique et canton de Gen\u00e8ve<\/a><\/p>\n<p>[\/vc_column_text][\/vc_column][vc_column width=&#8220;1\/6&#8243;][vc_single_image image=&#8220;3846&#8243; img_size=&#8220;full&#8220; onclick=&#8220;custom_link&#8220; link=&#8220;http:\/\/www.vd.ch\/&#8220;][vc_column_text]<\/p>\n<p style=\"text-align: center;\"><a href=\"http:\/\/vd.ch\">\u00c9tat de Vaud<\/a><\/p>\n<p>[\/vc_column_text][\/vc_column][vc_column width=&#8220;1\/6&#8243;][vc_single_image image=&#8220;3034&#8243; img_size=&#8220;full&#8220; alignment=&#8220;center&#8220; onclick=&#8220;custom_link&#8220; img_link_target=&#8220;_blank&#8220; link=&#8220;http:\/\/www.vd.ch\/toutes-les-autorites\/departements\/departement-des-infrastructures-et-des-ressources-humaines-dirh\/direction-generale-de-la-mobilite-et-des-routes-dgmr\/&#8220;][vc_column_text]<\/p>\n<p style=\"text-align: center;\"><a href=\"https:\/\/www.vd.ch\/toutes-les-autorites\/departements\/departement-des-infrastructures-et-des-ressources-humaines-dirh\/direction-generale-de-la-mobilite-et-des-routes-dgmr\/\" target=\"_blank\" rel=\"noopener noreferrer\">Direction g\u00e9n\u00e9rale de la mobilit\u00e9 et des routes (DGMR)<\/a><\/p>\n<p>[\/vc_column_text][\/vc_column][vc_column width=&#8220;1\/6&#8243;][\/vc_column][vc_column width=&#8220;1\/6&#8243;][\/vc_column][\/vc_row][vc_row][vc_column][vc_separator][\/vc_column][\/vc_row][vc_row lg_spacing=&#8220;margin_bottom:-35&#8243;][vc_column][tm_heading custom_google_font=&#8220;&#8220; animation=&#8220;&#8220; text=&#8220;Feuerwehr \/ Kantonale Versicherungsgesellschaften&#8220; typed_list=&#8220;%5B%7B%7D%5D&#8220;][vc_empty_space height=&#8220;30px&#8220;][\/vc_column][\/vc_row][vc_row][vc_column width=&#8220;1\/6&#8243;][vc_single_image image=&#8220;3174&#8243; img_size=&#8220;medium&#8220; alignment=&#8220;center&#8220; onclick=&#8220;custom_link&#8220; img_link_target=&#8220;_blank&#8220; image_title=&#8220;Commune de Chardonne&#8220; image_link=&#8220;https:\/\/www.chardonne.ch\/&#8220; image_link_text=&#8220;Voir le site&#8220; link=&#8220;http:\/\/www.ecab.ch&#8220;][vc_column_text]<\/p>\n<p style=\"text-align: center;\"><a href=\"http:\/\/www.ecab.ch\" target=\"_blank\" rel=\"noopener noreferrer\">Kantonale Geb\u00e4udeversicherung (Fribourg)<\/a><\/p>\n<p>[\/vc_column_text][\/vc_column][vc_column width=&#8220;1\/6&#8243;][vc_single_image image=&#8220;3176&#8243; img_size=&#8220;medium&#8220; alignment=&#8220;center&#8220; onclick=&#8220;custom_link&#8220; img_link_target=&#8220;_blank&#8220; image_title=&#8220;Commune de Bulle&#8220; image_link=&#8220;http:\/\/www.bulle.ch\/fr\/&#8220; image_link_text=&#8220;Voir le site&#8220; link=&#8220;https:\/\/www.pompiers-bulle.ch\/&#8220;][vc_column_text]<\/p>\n<p style=\"text-align: center;\"><a href=\"https:\/\/www.pompiers-bulle.ch\/\" target=\"_blank\" rel=\"noopener noreferrer\">Corps des sapeurs-pompiers &#8211; Centre de renfort de la Gruy\u00e8re<\/a><\/p>\n<p>[\/vc_column_text][\/vc_column][vc_column width=&#8220;1\/6&#8243;][vc_single_image image=&#8220;2746&#8243; img_size=&#8220;medium&#8220; alignment=&#8220;center&#8220; onclick=&#8220;custom_link&#8220; img_link_target=&#8220;_blank&#8220; image_title=&#8220;Commune de Bulle&#8220; image_link=&#8220;http:\/\/www.bulle.ch\/fr\/&#8220; image_link_text=&#8220;Voir le site&#8220; link=&#8220;https:\/\/www.pompiers-basse-veveyse.ch&#8220;][vc_column_text]<\/p>\n<p style=\"text-align: center;\"><a href=\"https:\/\/www.pompiers-basse-veveyse.ch\" target=\"_blank\" rel=\"noopener noreferrer\">Corps des sapeurs-pompiers de la Basse-Veveyse<\/a><\/p>\n<p>[\/vc_column_text][\/vc_column][vc_column width=&#8220;1\/6&#8243;][vc_single_image image=&#8220;4027&#8243; img_size=&#8220;full&#8220; alignment=&#8220;center&#8220; onclick=&#8220;custom_link&#8220; img_link_target=&#8220;_blank&#8220; link=&#8220;http:\/\/www.ecap-ne.ch\/&#8220;][vc_column_text]<\/p>\n<p style=\"text-align: center;\"><a href=\"https:\/\/www.ecap-ne.ch\/\" target=\"_blank\" rel=\"noopener\">\u00c9tablissement cantonal d&#8217;assurance et de pr\u00e9vention (Neuch\u00e2tel)<\/a><\/p>\n<p>[\/vc_column_text][\/vc_column][vc_column width=&#8220;1\/6&#8243;][\/vc_column][vc_column width=&#8220;1\/6&#8243;][\/vc_column][\/vc_row][vc_row][vc_column][vc_separator][\/vc_column][\/vc_row][vc_row lg_spacing=&#8220;margin_bottom:-35&#8243;][vc_column][tm_heading custom_google_font=&#8220;&#8220; animation=&#8220;&#8220; text=&#8220;Gewerkschaften\/Interkommunale Dienste&#8220; typed_list=&#8220;%5B%7B%7D%5D&#8220;][vc_empty_space height=&#8220;30px&#8220;][\/vc_column][\/vc_row][vc_row][vc_column width=&#8220;1\/6&#8243;][vc_single_image image=&#8220;3170&#8243; img_size=&#8220;full&#8220; alignment=&#8220;center&#8220; onclick=&#8220;custom_link&#8220; img_link_target=&#8220;_blank&#8220; link=&#8220;https:\/\/sidp.ch\/&#8220;][vc_column_text]<\/p>\n<p style=\"text-align: center;\"><a href=\"https:\/\/sidp.ch\/\" target=\"_blank\" rel=\"noopener noreferrer\">Syndicat intercommunal du district de Porrentruy<\/a><\/p>\n<p>[\/vc_column_text][\/vc_column][vc_column width=&#8220;1\/6&#8243;][vc_single_image image=&#8220;3168&#8243; img_size=&#8220;full&#8220; alignment=&#8220;center&#8220; onclick=&#8220;custom_link&#8220; img_link_target=&#8220;_blank&#8220; image_title=&#8220;Commune de Bernex&#8220; image_link=&#8220;http:\/\/www.bernex.ch\/&#8220; image_link_text=&#8220;Voir le site&#8220; link=&#8220;http:\/\/www.sige.ch\/&#8220;][vc_column_text]<\/p>\n<p style=\"text-align: center;\"><a href=\"http:\/\/www.sige.ch\/\" target=\"_blank\" rel=\"noopener noreferrer\">Service intercommunal de gestion, Vevey<\/a><\/p>\n<p>[\/vc_column_text][\/vc_column][vc_column width=&#8220;1\/6&#8243;][vc_single_image image=&#8220;3036&#8243; img_size=&#8220;full&#8220; alignment=&#8220;center&#8220; onclick=&#8220;custom_link&#8220; img_link_target=&#8220;_blank&#8220; link=&#8220;http:\/\/www.epspreverenges.ch\/&#8220;][vc_column_text]<\/p>\n<p style=\"text-align: center;\"><a href=\"https:\/\/www.epspreverenges.ch\/\" target=\"_blank\" rel=\"noopener noreferrer\">EPSP Etablissement primaire et secondaire Pr\u00e9verenges et environs<\/a><\/p>\n<p>[\/vc_column_text][\/vc_column][vc_column width=&#8220;1\/6&#8243;][vc_single_image image=&#8220;3850&#8243; img_size=&#8220;full&#8220; onclick=&#8220;custom_link&#8220; img_link_target=&#8220;_blank&#8220; link=&#8220;http:\/\/www.ecoles-pays-denhaut.ch&#8220;][vc_column_text]<\/p>\n<p style=\"text-align: center;\"><a href=\"https:\/\/www.ecoles-pays-denhaut.ch\/autorites\/autorite-communale\/\" target=\"_blank\" rel=\"noopener noreferrer\">ASIPE<\/a><\/p>\n<p>[\/vc_column_text][\/vc_column][vc_column width=&#8220;1\/6&#8243;][vc_single_image image=&#8220;4031&#8243; img_size=&#8220;full&#8220; alignment=&#8220;center&#8220; onclick=&#8220;custom_link&#8220; img_link_target=&#8220;_blank&#8220; link=&#8220;http:\/\/combinscatogne.ch\/&#8220;][vc_column_text]<\/p>\n<p style=\"text-align: center;\"><a href=\"https:\/\/combinscatogne.ch\/\" target=\"_blank\" rel=\"noopener\">Triage forestier Combins-Catogne<\/a><\/p>\n<p>[\/vc_column_text][\/vc_column][vc_column width=&#8220;1\/6&#8243;][vc_single_image image=&#8220;4040&#8243; img_size=&#8220;full&#8220; alignment=&#8220;center&#8220; onclick=&#8220;custom_link&#8220; img_link_target=&#8220;_blank&#8220; link=&#8220;http:\/\/www.forets-veveyse.ch\/#:~:text=Le%20Groupement%20forestier%20de%20la,%2Dde%2DPeilz%20et%20Vevey.&#8220;][vc_column_text]<\/p>\n<p style=\"text-align: center;\"><a href=\"https:\/\/www.forets-veveyse.ch\/\" target=\"_blank\" rel=\"noopener\">Groupement forestier de la Veveyse<\/a><\/p>\n<p>[\/vc_column_text][\/vc_column][\/vc_row][vc_row][vc_column][vc_separator][\/vc_column][\/vc_row][vc_row][vc_column][vc_row_inner][vc_column_inner width=&#8220;1\/6&#8243;][vc_single_image image=&#8220;4163&#8243; img_size=&#8220;full&#8220; alignment=&#8220;center&#8220; onclick=&#8220;custom_link&#8220; img_link_target=&#8220;_blank&#8220; link=&#8220;http:\/\/www.aismle.ch\/&#8220;][vc_column_text]<\/p>\n<p style=\"text-align: center;\"><a href=\"http:\/\/AISMLE.ch\">AISMLE Association Intercommunale Scolaire de Moudon, Lucens et Environs<\/a><\/p>\n<p>[\/vc_column_text][\/vc_column_inner][vc_column_inner width=&#8220;1\/6&#8243;][vc_single_image image=&#8220;4153&#8243; img_size=&#8220;full&#8220; alignment=&#8220;center&#8220; onclick=&#8220;custom_link&#8220; img_link_target=&#8220;_blank&#8220; link=&#8220;http:\/\/www.asi7.ch\/&#8220;][vc_column_text]<\/p>\n<p style=\"text-align: center;\"><a href=\"http:\/\/asi7.ch\">ASI7 Association Scolaire Intercommunale des 7 communes r\u00e9gion de La Sarraz<\/a><\/p>\n<p>[\/vc_column_text][\/vc_column_inner][vc_column_inner width=&#8220;1\/6&#8243;][vc_single_image image=&#8220;4155&#8243; img_size=&#8220;full&#8220; alignment=&#8220;center&#8220; onclick=&#8220;custom_link&#8220; img_link_target=&#8220;_blank&#8220; link=&#8220;http:\/\/www.asice.ch\/&#8220;][vc_column_text]<\/p>\n<p style=\"text-align: center;\"><a href=\"http:\/\/asice.ch\">ASICE Association Scolaire Intercommunale de Cugy et environs<\/a><\/p>\n<p>[\/vc_column_text][\/vc_column_inner][vc_column_inner width=&#8220;1\/6&#8243;][vc_single_image image=&#8220;4159&#8243; img_size=&#8220;medium&#8220; alignment=&#8220;center&#8220; onclick=&#8220;custom_link&#8220; img_link_target=&#8220;_blank&#8220; link=&#8220;http:\/\/www.ewd.ch\/&#8220;][vc_column_text]<\/p>\n<p style=\"text-align: center;\"><a href=\"http:\/\/ewd.ch\">Elektrizit\u00e4tswerk Davos AG<\/a><\/p>\n<p>[\/vc_column_text][\/vc_column_inner][vc_column_inner width=&#8220;1\/6&#8243;][\/vc_column_inner][vc_column_inner width=&#8220;1\/6&#8243;][\/vc_column_inner][\/vc_row_inner][\/vc_column][\/vc_row][vc_row][vc_column][vc_separator][\/vc_column][\/vc_row][vc_row lg_spacing=&#8220;margin_bottom:-35&#8243;][vc_column][tm_heading custom_google_font=&#8220;&#8220; animation=&#8220;&#8220; text=&#8220;Abfallentsorgungsanlagen&#8220; typed_list=&#8220;%5B%7B%7D%5D&#8220;][vc_empty_space height=&#8220;30px&#8220;][\/vc_column][\/vc_row][vc_row][vc_column width=&#8220;1\/6&#8243;][vc_single_image image=&#8220;3166&#8243; img_size=&#8220;full&#8220; alignment=&#8220;center&#8220; onclick=&#8220;custom_link&#8220; img_link_target=&#8220;_blank&#8220; image_title=&#8220;Commune de Bulle&#8220; image_link=&#8220;http:\/\/www.bulle.ch\/fr\/&#8220; image_link_text=&#8220;Voir le site&#8220; link=&#8220;https:\/\/www.vadec.ch\/&#8220;][vc_column_text]<\/p>\n<p style=\"text-align: center;\"><a href=\"https:\/\/www.vadec.ch\/\" target=\"_blank\" rel=\"noopener noreferrer\">R\u00e9seau de valorisation des d\u00e9chets &#8211; Arc jurassien<\/a><\/p>\n<p>[\/vc_column_text][\/vc_column][vc_column width=&#8220;1\/6&#8243;][vc_single_image image=&#8220;3172&#8243; img_size=&#8220;full&#8220; alignment=&#8220;center&#8220; onclick=&#8220;custom_link&#8220; img_link_target=&#8220;_blank&#8220; image_title=&#8220;Commune de Chardonne&#8220; image_link=&#8220;https:\/\/www.chardonne.ch\/&#8220; image_link_text=&#8220;Voir le site&#8220; link=&#8220;http:\/\/seod.ch\/&#8220;][vc_column_text]<\/p>\n<p style=\"text-align: center;\"><a href=\"http:\/\/seod.ch\/\" target=\"_blank\" rel=\"noopener noreferrer\">Syndicat de gestion des d\u00e9chets de Del\u00e9mont et environs<\/a><\/p>\n<p>[\/vc_column_text][\/vc_column][vc_column width=&#8220;1\/6&#8243;][\/vc_column][vc_column width=&#8220;1\/6&#8243;][\/vc_column][vc_column width=&#8220;1\/6&#8243;][\/vc_column][vc_column width=&#8220;1\/6&#8243;][\/vc_column][\/vc_row][vc_row][vc_column][vc_separator][\/vc_column][\/vc_row][vc_row lg_spacing=&#8220;margin_bottom:-35&#8243;][vc_column][tm_heading custom_google_font=&#8220;&#8220; text_color=&#8220;secondary_color&#8220; text=&#8220;\u00d6ffentliche Verkehrsbetriebe&#8220; typed_list=&#8220;%5B%7B%7D%5D&#8220; font_size=&#8220;lg:32&#8243;][vc_empty_space height=&#8220;30px&#8220;][\/vc_column][\/vc_row][vc_row][vc_column width=&#8220;1\/6&#8243;][vc_single_image image=&#8220;3144&#8243; img_size=&#8220;full&#8220; alignment=&#8220;center&#8220; onclick=&#8220;custom_link&#8220; img_link_target=&#8220;_blank&#8220; link=&#8220;https:\/\/www.t-l.ch\/tout-sur-les-tl\/infrastructure-et-developpements\/flotte-et-infrastructure\/metro-m2&#8243;][vc_column_text]<\/p>\n<p style=\"text-align: center;\"><a href=\"https:\/\/www.t-l.ch\/tout-sur-les-tl\/infrastructure-et-developpements\/flotte-et-infrastructure\/metro-m2\" target=\"_blank\" rel=\"noopener noreferrer\">M\u00e9tro M2, Lausanne<\/a><\/p>\n<p>[\/vc_column_text][\/vc_column][vc_column width=&#8220;1\/6&#8243;][vc_single_image image=&#8220;3142&#8243; img_size=&#8220;full&#8220; alignment=&#8220;center&#8220; onclick=&#8220;custom_link&#8220; img_link_target=&#8220;_blank&#8220; image_title=&#8220;Commune de Bernex&#8220; image_link=&#8220;http:\/\/www.bernex.ch\/&#8220; image_link_text=&#8220;Voir le site&#8220; link=&#8220;https:\/\/www.t-l.ch\/&#8220;][vc_column_text]<\/p>\n<p style=\"text-align: center;\"><a href=\"https:\/\/www.t-l.ch\/\" target=\"_blank\" rel=\"noopener noreferrer\">Transport publics lausannois<\/a><\/p>\n<p>[\/vc_column_text][\/vc_column][vc_column width=&#8220;1\/6&#8243;][vc_single_image image=&#8220;3140&#8243; img_size=&#8220;full&#8220; alignment=&#8220;center&#8220; onclick=&#8220;custom_link&#8220; img_link_target=&#8220;_blank&#8220; image_title=&#8220;Commune de Bulle&#8220; image_link=&#8220;http:\/\/www.bulle.ch\/fr\/&#8220; image_link_text=&#8220;Voir le site&#8220; link=&#8220;https:\/\/www.tpf.ch\/&#8220;][vc_column_text]<\/p>\n<p style=\"text-align: center;\"><a href=\"https:\/\/www.tpf.ch\/\" target=\"_blank\" rel=\"noopener noreferrer\">Freiburgische Verkehrsbetriebe<\/a><\/p>\n<p>[\/vc_column_text][\/vc_column][vc_column width=&#8220;1\/6&#8243;][vc_single_image image=&#8220;3138&#8243; img_size=&#8220;full&#8220; alignment=&#8220;center&#8220; onclick=&#8220;custom_link&#8220; img_link_target=&#8220;_blank&#8220; image_title=&#8220;Commune de Chardonne&#8220; image_link=&#8220;https:\/\/www.chardonne.ch\/&#8220; image_link_text=&#8220;Voir le site&#8220; link=&#8220;https:\/\/www.tpg.ch\/&#8220;][vc_column_text]<\/p>\n<p style=\"text-align: center;\"><a href=\"https:\/\/www.tpg.ch\/\" target=\"_blank\" rel=\"noopener noreferrer\">Transports publics genevois<\/a><\/p>\n<p>[\/vc_column_text][\/vc_column][vc_column width=&#8220;1\/6&#8243;][vc_single_image image=&#8220;3136&#8243; img_size=&#8220;full&#8220; alignment=&#8220;center&#8220; onclick=&#8220;custom_link&#8220; img_link_target=&#8220;_blank&#8220; image_title=&#8220;Commune de Chardonne&#8220; image_link=&#8220;https:\/\/www.chardonne.ch\/&#8220; image_link_text=&#8220;Voir le site&#8220; link=&#8220;https:\/\/www.transn.ch\/&#8220;][vc_column_text]<\/p>\n<p style=\"text-align: center;\"><a href=\"https:\/\/www.transn.ch\/\" target=\"_blank\" rel=\"noopener noreferrer\">Transports publics neuch\u00e2telois<\/a><\/p>\n<p>[\/vc_column_text][\/vc_column][vc_column width=&#8220;1\/6&#8243;][vc_single_image image=&#8220;3134&#8243; img_size=&#8220;full&#8220; alignment=&#8220;center&#8220; onclick=&#8220;custom_link&#8220; img_link_target=&#8220;_blank&#8220; link=&#8220;https:\/\/www.vmcv.ch\/&#8220;][vc_column_text]<\/p>\n<p style=\"text-align: center;\"><a href=\"https:\/\/www.vmcv.ch\/\" target=\"_blank\" rel=\"noopener noreferrer\">Transports publics Vevey-Montreux-Chillon-Villeneuve<\/a><\/p>\n<p>[\/vc_column_text][\/vc_column][\/vc_row][vc_row][vc_column][vc_separator][\/vc_column][\/vc_row][vc_row][vc_column width=&#8220;1\/6&#8243;][vc_single_image image=&#8220;2741&#8243; img_size=&#8220;full&#8220; alignment=&#8220;center&#8220; onclick=&#8220;custom_link&#8220; img_link_target=&#8220;_blank&#8220; link=&#8220;http:\/\/www.tpc.ch&#8220;][vc_column_text]<\/p>\n<p style=\"text-align: center;\"><a href=\"http:\/\/www.tpc.ch\" target=\"_blank\" rel=\"noopener noreferrer\">Transports publics du Chablais<\/a><\/p>\n<p>[\/vc_column_text][\/vc_column][vc_column width=&#8220;1\/6&#8243;][vc_single_image image=&#8220;3440&#8243; img_size=&#8220;full&#8220; alignment=&#8220;center&#8220; onclick=&#8220;custom_link&#8220; img_link_target=&#8220;_blank&#8220; link=&#8220;https:\/\/mob.ch\/fr&#8220;][vc_column_text]<\/p>\n<p style=\"text-align: center;\"><a href=\"https:\/\/mob.ch\/de\" target=\"_blank\" rel=\"noopener noreferrer\">MOB<\/a><\/p>\n<p>[\/vc_column_text][\/vc_column][vc_column width=&#8220;1\/6&#8243;][\/vc_column][vc_column width=&#8220;1\/6&#8243;][\/vc_column][vc_column width=&#8220;1\/6&#8243;][\/vc_column][vc_column width=&#8220;1\/6&#8243;][\/vc_column][\/vc_row][vc_row][vc_column][vc_separator][\/vc_column][\/vc_row][vc_row lg_spacing=&#8220;margin_bottom:-35&#8243;][vc_column][tm_heading custom_google_font=&#8220;&#8220; text_color=&#8220;secondary_color&#8220; text=&#8220;Gemeinden&#8220; typed_list=&#8220;%5B%7B%7D%5D&#8220; font_size=&#8220;lg:32&#8243;][vc_empty_space height=&#8220;30px&#8220;][\/vc_column][\/vc_row][vc_row][vc_column width=&#8220;1\/6&#8243;][vc_single_image image=&#8220;3244&#8243; img_size=&#8220;full&#8220; alignment=&#8220;center&#8220; onclick=&#8220;custom_link&#8220; img_link_target=&#8220;_blank&#8220; link=&#8220;http:\/\/www.attalens.ch\/&#8220;][vc_column_text]<\/p>\n<p style=\"text-align: center;\"><a href=\"http:\/\/www.attalens.ch\/\" target=\"_blank\" rel=\"noopener noreferrer\">Attalens<\/a><\/p>\n<p>[\/vc_column_text][\/vc_column][vc_column width=&#8220;1\/6&#8243;][vc_single_image image=&#8220;3242&#8243; img_size=&#8220;full&#8220; alignment=&#8220;center&#8220; onclick=&#8220;custom_link&#8220; img_link_target=&#8220;_blank&#8220; image_title=&#8220;Commune de Bernex&#8220; image_link=&#8220;http:\/\/www.bernex.ch\/&#8220; image_link_text=&#8220;Voir le site&#8220; link=&#8220;http:\/\/www.bernex.ch\/&#8220;][vc_column_text]<\/p>\n<p style=\"text-align: center;\"><a href=\"http:\/\/www.bernex.ch\/\" target=\"_blank\" rel=\"noopener noreferrer\">Bernex<\/a><\/p>\n<p>[\/vc_column_text][\/vc_column][vc_column width=&#8220;1\/6&#8243;][vc_single_image image=&#8220;3240&#8243; img_size=&#8220;full&#8220; alignment=&#8220;center&#8220; onclick=&#8220;custom_link&#8220; img_link_target=&#8220;_blank&#8220; image_title=&#8220;Commune de Bulle&#8220; image_link=&#8220;http:\/\/www.bulle.ch\/fr\/&#8220; image_link_text=&#8220;Voir le site&#8220; link=&#8220;http:\/\/www.bulle.ch\/fr\/&#8220;][vc_column_text]<\/p>\n<p style=\"text-align: center;\"><a href=\"http:\/\/www.bulle.ch\/fr\/\" target=\"_blank\" rel=\"noopener noreferrer\">Bulle<\/a><\/p>\n<p>[\/vc_column_text][\/vc_column][vc_column width=&#8220;1\/6&#8243;][vc_single_image image=&#8220;3238&#8243; img_size=&#8220;full&#8220; alignment=&#8220;center&#8220; onclick=&#8220;custom_link&#8220; img_link_target=&#8220;_blank&#8220; image_title=&#8220;Commune de Chardonne&#8220; image_link=&#8220;https:\/\/www.chardonne.ch\/&#8220; image_link_text=&#8220;Voir le site&#8220; link=&#8220;https:\/\/www.chardonne.ch\/&#8220;][vc_column_text]<\/p>\n<p style=\"text-align: center;\"><a href=\"https:\/\/www.chardonne.ch\/\" target=\"_blank\" rel=\"noopener noreferrer\">Chardonne<\/a><\/p>\n<p>[\/vc_column_text][\/vc_column][vc_column width=&#8220;1\/6&#8243;][vc_single_image image=&#8220;3236&#8243; img_size=&#8220;full&#8220; alignment=&#8220;center&#8220; onclick=&#8220;custom_link&#8220; img_link_target=&#8220;_blank&#8220; image_title=&#8220;Commune de Chardonne&#8220; image_link=&#8220;https:\/\/www.chardonne.ch\/&#8220; image_link_text=&#8220;Voir le site&#8220; link=&#8220;http:\/\/www.chateaudoex-admin.ch\/fr\/&#8220;][vc_column_text]<\/p>\n<p style=\"text-align: center;\"><a href=\"http:\/\/www.chateaudoex-admin.ch\/fr\/\" target=\"_blank\" rel=\"noopener noreferrer\">Ch\u00e2teau-d&#8217;Oex<\/a><\/p>\n<p>[\/vc_column_text][\/vc_column][vc_column width=&#8220;1\/6&#8243;][vc_single_image image=&#8220;3234&#8243; img_size=&#8220;full&#8220; alignment=&#8220;center&#8220; onclick=&#8220;custom_link&#8220; img_link_target=&#8220;_blank&#8220; link=&#8220;https:\/\/www.chatel-st-denis.ch\/&#8220;][vc_column_text]<\/p>\n<p style=\"text-align: center;\"><a href=\"http:\/\/www.chatel-st-denis.ch\/de\" target=\"_blank\" rel=\"noopener noreferrer\">Ch\u00e2tel-St-Denis<\/a><\/p>\n<p>[\/vc_column_text][\/vc_column][\/vc_row][vc_row][vc_column][vc_separator][\/vc_column][\/vc_row][vc_row][vc_column width=&#8220;1\/6&#8243;][vc_single_image image=&#8220;3232&#8243; img_size=&#8220;full&#8220; alignment=&#8220;center&#8220; onclick=&#8220;custom_link&#8220; img_link_target=&#8220;_blank&#8220; image_title=&#8220;Commune de Bernex&#8220; image_link=&#8220;http:\/\/www.bernex.ch\/&#8220; image_link_text=&#8220;Voir le site&#8220; link=&#8220;http:\/\/www.courrendlin.ch\/&#8220;][vc_column_text]<\/p>\n<p style=\"text-align: center;\"><a href=\"http:\/\/www.courrendlin.ch\/\" target=\"_blank\" rel=\"noopener noreferrer\">Courrendlin<\/a><\/p>\n<p>[\/vc_column_text][\/vc_column][vc_column width=&#8220;1\/6&#8243;][vc_single_image image=&#8220;3230&#8243; img_size=&#8220;full&#8220; alignment=&#8220;center&#8220; onclick=&#8220;custom_link&#8220; img_link_target=&#8220;_blank&#8220; image_title=&#8220;Commune de Bulle&#8220; image_link=&#8220;http:\/\/www.bulle.ch\/fr\/&#8220; image_link_text=&#8220;Voir le site&#8220; link=&#8220;https:\/\/www.courroux.ch\/&#8220;][vc_column_text]<\/p>\n<p style=\"text-align: center;\"><a href=\"https:\/\/www.courroux.ch\/\" target=\"_blank\" rel=\"noopener noreferrer\">Courroux-Courcelon<\/a><\/p>\n<p>[\/vc_column_text][\/vc_column][vc_column width=&#8220;1\/6&#8243;][vc_single_image image=&#8220;3228&#8243; img_size=&#8220;full&#8220; alignment=&#8220;center&#8220; onclick=&#8220;custom_link&#8220; img_link_target=&#8220;_blank&#8220; image_title=&#8220;Commune de Chardonne&#8220; image_link=&#8220;https:\/\/www.chardonne.ch\/&#8220; image_link_text=&#8220;Voir le site&#8220; link=&#8220;http:\/\/www.delemont.ch\/&#8220;][vc_column_text]<\/p>\n<p style=\"text-align: center;\"><a href=\"http:\/\/www.delemont.ch\/\" target=\"_blank\" rel=\"noopener noreferrer\">Del\u00e9mont<\/a><\/p>\n<p>[\/vc_column_text][\/vc_column][vc_column width=&#8220;1\/6&#8243;][vc_single_image image=&#8220;3226&#8243; img_size=&#8220;full&#8220; alignment=&#8220;center&#8220; onclick=&#8220;custom_link&#8220; img_link_target=&#8220;_blank&#8220; image_title=&#8220;Commune de Chardonne&#8220; image_link=&#8220;https:\/\/www.chardonne.ch\/&#8220; image_link_text=&#8220;Voir le site&#8220; link=&#8220;https:\/\/www.epalinges.ch\/&#8220;][vc_column_text]<\/p>\n<p style=\"text-align: center;\"><a href=\"https:\/\/www.epalinges.ch\/\" target=\"_blank\" rel=\"noopener noreferrer\">Epalinges<\/a><\/p>\n<p>[\/vc_column_text][\/vc_column][vc_column width=&#8220;1\/6&#8243;][vc_single_image image=&#8220;2744&#8243; img_size=&#8220;full&#8220; alignment=&#8220;center&#8220; onclick=&#8220;custom_link&#8220; img_link_target=&#8220;_blank&#8220; link=&#8220;http:\/\/www.gland.ch&#8220;][vc_column_text]<\/p>\n<p style=\"text-align: center;\"><a href=\"http:\/\/www.gland.ch\" target=\"_blank\" rel=\"noopener noreferrer\">Gland<\/a><\/p>\n<p>[\/vc_column_text][\/vc_column][vc_column width=&#8220;1\/6&#8243;][vc_single_image image=&#8220;3224&#8243; img_size=&#8220;full&#8220; alignment=&#8220;center&#8220; onclick=&#8220;custom_link&#8220; img_link_target=&#8220;_blank&#8220; link=&#8220;http:\/\/www.granges-veveyse.ch\/&#8220;][vc_column_text]<\/p>\n<p style=\"text-align: center;\"><a href=\"http:\/\/www.granges-veveyse.ch\/\" target=\"_blank\" rel=\"noopener noreferrer\">Granges (Veveyse)<\/a><\/p>\n<p>[\/vc_column_text][\/vc_column][\/vc_row][vc_row][vc_column][vc_separator][\/vc_column][\/vc_row][vc_row][vc_column width=&#8220;1\/6&#8243;][vc_single_image image=&#8220;3222&#8243; img_size=&#8220;full&#8220; alignment=&#8220;center&#8220; onclick=&#8220;custom_link&#8220; img_link_target=&#8220;_blank&#8220; image_title=&#8220;Commune de Bernex&#8220; image_link=&#8220;http:\/\/www.bernex.ch\/&#8220; image_link_text=&#8220;Voir le site&#8220; link=&#8220;http:\/\/www.grenchen.ch\/de\/&#8220;][vc_column_text]<\/p>\n<p style=\"text-align: center;\"><a href=\"http:\/\/www.grenchen.ch\/de\/\" target=\"_blank\" rel=\"noopener noreferrer\">Grenchen<\/a><\/p>\n<p>[\/vc_column_text][\/vc_column][vc_column width=&#8220;1\/6&#8243;][vc_single_image image=&#8220;3220&#8243; img_size=&#8220;full&#8220; alignment=&#8220;center&#8220; onclick=&#8220;custom_link&#8220; img_link_target=&#8220;_blank&#8220; image_title=&#8220;Commune de Bulle&#8220; image_link=&#8220;http:\/\/www.bulle.ch\/fr\/&#8220; image_link_text=&#8220;Voir le site&#8220; link=&#8220;http:\/\/www.jongny.ch&#8220;][vc_column_text]<\/p>\n<p style=\"text-align: center;\"><a href=\"http:\/\/www.jongny.ch\" target=\"_blank\" rel=\"noopener noreferrer\">Jongny<\/a><\/p>\n<p>[\/vc_column_text][\/vc_column][vc_column width=&#8220;1\/6&#8243;][vc_single_image image=&#8220;3218&#8243; img_size=&#8220;full&#8220; alignment=&#8220;center&#8220; onclick=&#8220;custom_link&#8220; img_link_target=&#8220;_blank&#8220; image_title=&#8220;Commune de Chardonne&#8220; image_link=&#8220;https:\/\/www.chardonne.ch\/&#8220; image_link_text=&#8220;Voir le site&#8220; link=&#8220;https:\/\/www.milvignes.ch&#8220;][vc_column_text]<\/p>\n<p style=\"text-align: center;\"><a href=\"https:\/\/www.milvignes.ch\" target=\"_blank\" rel=\"noopener noreferrer\">Milvignes<\/a><\/p>\n<p>[\/vc_column_text][\/vc_column][vc_column width=&#8220;1\/6&#8243;][vc_single_image image=&#8220;3188&#8243; img_size=&#8220;full&#8220; alignment=&#8220;center&#8220; onclick=&#8220;custom_link&#8220; img_link_target=&#8220;_blank&#8220; image_title=&#8220;Commune de Chardonne&#8220; image_link=&#8220;https:\/\/www.chardonne.ch\/&#8220; image_link_text=&#8220;Voir le site&#8220; link=&#8220;https:\/\/www.monthey.ch\/&#8220;][vc_column_text]<\/p>\n<p style=\"text-align: center;\"><a href=\"https:\/\/www.monthey.ch\/\" target=\"_blank\" rel=\"noopener noreferrer\">Monthey<\/a><\/p>\n<p>[\/vc_column_text][\/vc_column][vc_column width=&#8220;1\/6&#8243;][vc_single_image image=&#8220;3216&#8243; img_size=&#8220;full&#8220; alignment=&#8220;center&#8220; onclick=&#8220;custom_link&#8220; img_link_target=&#8220;_blank&#8220; image_title=&#8220;Commune de Bernex&#8220; image_link=&#8220;http:\/\/www.bernex.ch\/&#8220; image_link_text=&#8220;Voir le site&#8220; link=&#8220;http:\/\/www.montreux.ch&#8220;][vc_column_text]<\/p>\n<p style=\"text-align: center;\"><a href=\"http:\/\/www.montreux.ch\" target=\"_blank\" rel=\"noopener noreferrer\">Montreux<\/a><\/p>\n<p>[\/vc_column_text][\/vc_column][vc_column width=&#8220;1\/6&#8243;][vc_single_image image=&#8220;3214&#8243; img_size=&#8220;full&#8220; alignment=&#8220;center&#8220; onclick=&#8220;custom_link&#8220; img_link_target=&#8220;_blank&#8220; image_title=&#8220;Commune de Bulle&#8220; image_link=&#8220;http:\/\/www.bulle.ch\/fr\/&#8220; image_link_text=&#8220;Voir le site&#8220; link=&#8220;https:\/\/www.neuchatelville.ch\/fr\/&#8220;][vc_column_text]<\/p>\n<p style=\"text-align: center;\"><a href=\"https:\/\/www.neuchatelville.ch\/fr\/\" target=\"_blank\" rel=\"noopener noreferrer\">Neuch\u00e2tel<\/a><\/p>\n<p>[\/vc_column_text][\/vc_column][\/vc_row][vc_row][vc_column][vc_separator][\/vc_column][\/vc_row][vc_row][vc_column width=&#8220;1\/6&#8243;][vc_single_image image=&#8220;3212&#8243; img_size=&#8220;full&#8220; alignment=&#8220;center&#8220; onclick=&#8220;custom_link&#8220; img_link_target=&#8220;_blank&#8220; image_title=&#8220;Commune de Chardonne&#8220; image_link=&#8220;https:\/\/www.chardonne.ch\/&#8220; image_link_text=&#8220;Voir le site&#8220; link=&#8220;https:\/\/www.nyon.ch\/fr\/index.php&#8220;][vc_column_text]<\/p>\n<p style=\"text-align: center;\"><a href=\"https:\/\/www.nyon.ch\/fr\/index.php\" target=\"_blank\" rel=\"noopener noreferrer\">Nyon<\/a><\/p>\n<p>[\/vc_column_text][\/vc_column][vc_column width=&#8220;1\/6&#8243;][vc_single_image image=&#8220;3210&#8243; img_size=&#8220;full&#8220; alignment=&#8220;center&#8220; onclick=&#8220;custom_link&#8220; img_link_target=&#8220;_blank&#8220; image_title=&#8220;Commune de Chardonne&#8220; image_link=&#8220;https:\/\/www.chardonne.ch\/&#8220; image_link_text=&#8220;Voir le site&#8220; link=&#8220;http:\/\/www.ormont-dessous.ch\/&#8220;][vc_column_text]<\/p>\n<p style=\"text-align: center;\"><a href=\"http:\/\/www.ormont-dessous.ch\/\" target=\"_blank\" rel=\"noopener noreferrer\">Ormont-dessous<\/a><\/p>\n<p>[\/vc_column_text][\/vc_column][vc_column width=&#8220;1\/6&#8243;][vc_single_image image=&#8220;3208&#8243; img_size=&#8220;full&#8220; alignment=&#8220;center&#8220; onclick=&#8220;custom_link&#8220; img_link_target=&#8220;_blank&#8220; link=&#8220;http:\/\/www.ostermundigen.ch\/&#8220;][vc_column_text]<\/p>\n<p style=\"text-align: center;\"><a href=\"http:\/\/www.ostermundigen.ch\/\" target=\"_blank\" rel=\"noopener noreferrer\">Ostermundigen<\/a><\/p>\n<p>[\/vc_column_text][\/vc_column][vc_column width=&#8220;1\/6&#8243;][vc_single_image image=&#8220;3206&#8243; img_size=&#8220;full&#8220; alignment=&#8220;center&#8220; onclick=&#8220;custom_link&#8220; img_link_target=&#8220;_blank&#8220; image_title=&#8220;Commune de Bernex&#8220; image_link=&#8220;http:\/\/www.bernex.ch\/&#8220; image_link_text=&#8220;Voir le site&#8220; link=&#8220;http:\/\/www.penthaz.ch\/&#8220;][vc_column_text]<\/p>\n<p style=\"text-align: center;\"><a href=\"http:\/\/www.penthaz.ch\/\" target=\"_blank\" rel=\"noopener noreferrer\">Penthaz<\/a><\/p>\n<p>[\/vc_column_text][\/vc_column][vc_column width=&#8220;1\/6&#8243;][vc_single_image image=&#8220;3204&#8243; img_size=&#8220;full&#8220; alignment=&#8220;center&#8220; onclick=&#8220;custom_link&#8220; img_link_target=&#8220;_blank&#8220; image_title=&#8220;Commune de Bulle&#8220; image_link=&#8220;http:\/\/www.bulle.ch\/fr\/&#8220; image_link_text=&#8220;Voir le site&#8220; link=&#8220;https:\/\/www.pully.ch\/fr\/accueil\/&#8220;][vc_column_text]<\/p>\n<p style=\"text-align: center;\"><a href=\"https:\/\/www.pully.ch\/fr\/accueil\/\" target=\"_blank\" rel=\"noopener noreferrer\">Pully<\/a><\/p>\n<p>[\/vc_column_text][\/vc_column][vc_column width=&#8220;1\/6&#8243;][vc_single_image image=&#8220;3202&#8243; img_size=&#8220;full&#8220; alignment=&#8220;center&#8220; onclick=&#8220;custom_link&#8220; img_link_target=&#8220;_blank&#8220; image_title=&#8220;Commune de Chardonne&#8220; image_link=&#8220;https:\/\/www.chardonne.ch\/&#8220; image_link_text=&#8220;Voir le site&#8220; link=&#8220;http:\/\/www.romont.ch\/fr\/&#8220;][vc_column_text]<\/p>\n<p style=\"text-align: center;\"><a href=\"http:\/\/www.romont.ch\/fr\/\" target=\"_blank\" rel=\"noopener noreferrer\">Romont<\/a><\/p>\n<p>[\/vc_column_text][\/vc_column][\/vc_row][vc_row][vc_column][vc_separator][\/vc_column][\/vc_row][vc_row][vc_column width=&#8220;1\/6&#8243;][vc_single_image image=&#8220;3200&#8243; img_size=&#8220;full&#8220; alignment=&#8220;center&#8220; onclick=&#8220;custom_link&#8220; img_link_target=&#8220;_blank&#8220; image_title=&#8220;Commune de Chardonne&#8220; image_link=&#8220;https:\/\/www.chardonne.ch\/&#8220; image_link_text=&#8220;Voir le site&#8220; link=&#8220;http:\/\/www.semsales.ch\/&#8220;][vc_column_text]<\/p>\n<p style=\"text-align: center;\"><a href=\"http:\/\/www.semsales.ch\/\" target=\"_blank\" rel=\"noopener noreferrer\">Semsales<\/a><\/p>\n<p>[\/vc_column_text][\/vc_column][vc_column width=&#8220;1\/6&#8243;][vc_single_image image=&#8220;3198&#8243; img_size=&#8220;full&#8220; alignment=&#8220;center&#8220; onclick=&#8220;custom_link&#8220; img_link_target=&#8220;_blank&#8220; link=&#8220;http:\/\/www.sissach.ch\/de\/&#8220;][vc_column_text]<\/p>\n<p style=\"text-align: center;\"><a href=\"http:\/\/www.sissach.ch\/de\/\" target=\"_blank\" rel=\"noopener noreferrer\">Sissach<\/a><\/p>\n<p>[\/vc_column_text][\/vc_column][vc_column width=&#8220;1\/6&#8243;][vc_single_image image=&#8220;3196&#8243; img_size=&#8220;full&#8220; alignment=&#8220;center&#8220; onclick=&#8220;custom_link&#8220; img_link_target=&#8220;_blank&#8220; image_title=&#8220;Commune de Bernex&#8220; image_link=&#8220;http:\/\/www.bernex.ch\/&#8220; image_link_text=&#8220;Voir le site&#8220; link=&#8220;http:\/\/www.stettlen.ch\/de\/index.php&#8220;][vc_column_text]<\/p>\n<p style=\"text-align: center;\"><a href=\"http:\/\/www.stettlen.ch\/de\/index.php\" target=\"_blank\" rel=\"noopener noreferrer\">Stettlen<\/a><\/p>\n<p>[\/vc_column_text][\/vc_column][vc_column width=&#8220;1\/6&#8243;][vc_single_image image=&#8220;3194&#8243; img_size=&#8220;full&#8220; alignment=&#8220;center&#8220; onclick=&#8220;custom_link&#8220; img_link_target=&#8220;_blank&#8220; image_title=&#8220;Commune de Bulle&#8220; image_link=&#8220;http:\/\/www.bulle.ch\/fr\/&#8220; image_link_text=&#8220;Voir le site&#8220; link=&#8220;http:\/\/www.sursee.ch\/de\/&#8220;][vc_column_text]<\/p>\n<p style=\"text-align: center;\"><a href=\"http:\/\/www.sursee.ch\/de\/\" target=\"_blank\" rel=\"noopener noreferrer\">Sursee<\/a><\/p>\n<p>[\/vc_column_text][\/vc_column][vc_column width=&#8220;1\/6&#8243;][vc_single_image image=&#8220;3192&#8243; img_size=&#8220;full&#8220; alignment=&#8220;center&#8220; onclick=&#8220;custom_link&#8220; img_link_target=&#8220;_blank&#8220; image_title=&#8220;Commune de Chardonne&#8220; image_link=&#8220;https:\/\/www.chardonne.ch\/&#8220; image_link_text=&#8220;Voir le site&#8220; link=&#8220;https:\/\/www.vechigen.ch\/&#8220;][vc_column_text]<\/p>\n<p style=\"text-align: center;\"><a href=\"https:\/\/www.vechigen.ch\/\" target=\"_blank\" rel=\"noopener noreferrer\">Vechigen<\/a><\/p>\n<p>[\/vc_column_text][\/vc_column][vc_column width=&#8220;1\/6&#8243;][vc_single_image image=&#8220;3190&#8243; img_size=&#8220;full&#8220; alignment=&#8220;center&#8220; onclick=&#8220;custom_link&#8220; img_link_target=&#8220;_blank&#8220; image_title=&#8220;Commune de Chardonne&#8220; image_link=&#8220;https:\/\/www.chardonne.ch\/&#8220; image_link_text=&#8220;Voir le site&#8220; link=&#8220;http:\/\/www.vevey.ch\/&#8220;][vc_column_text]<\/p>\n<p style=\"text-align: center;\"><a href=\"http:\/\/www.vevey.ch\/\" target=\"_blank\" rel=\"noopener noreferrer\">Vevey<\/a><\/p>\n<p>[\/vc_column_text][\/vc_column][\/vc_row][vc_row][vc_column][vc_separator][\/vc_column][\/vc_row][vc_row][vc_column width=&#8220;1\/6&#8243;][vc_single_image image=&#8220;3444&#8243; img_size=&#8220;full&#8220; alignment=&#8220;center&#8220; onclick=&#8220;custom_link&#8220; img_link_target=&#8220;_blank&#8220; image_title=&#8220;Commune de Chardonne&#8220; image_link=&#8220;https:\/\/www.chardonne.ch\/&#8220; image_link_text=&#8220;Voir le site&#8220; link=&#8220;http:\/\/www.leflon.ch\/&#8220;][vc_column_text]<\/p>\n<p style=\"text-align: center;\"><a href=\"http:\/\/www.leflon.ch\/\" target=\"_blank\" rel=\"noopener noreferrer\">Le Flon<\/a><\/p>\n<p>[\/vc_column_text][\/vc_column][vc_column width=&#8220;1\/6&#8243;][vc_single_image image=&#8220;3442&#8243; img_size=&#8220;full&#8220; alignment=&#8220;center&#8220; onclick=&#8220;custom_link&#8220; img_link_target=&#8220;_blank&#8220; link=&#8220;http:\/\/www.wuennewil-flamatt.ch\/de\/&#8220;][vc_column_text]<\/p>\n<p style=\"text-align: center;\"><a href=\"http:\/\/www.wuennewil-flamatt.ch\/de\/\" target=\"_blank\" rel=\"noopener noreferrer\">W\u00fcnnewil-Flamatt<\/a><\/p>\n<p>[\/vc_column_text][\/vc_column][vc_column width=&#8220;1\/6&#8243;][vc_single_image image=&#8220;3505&#8243; img_size=&#8220;full&#8220; alignment=&#8220;center&#8220; onclick=&#8220;custom_link&#8220; img_link_target=&#8220;_blank&#8220; link=&#8220;https:\/\/www.bagnes.ch\/fr\/&#8220;][vc_column_text]<\/p>\n<p style=\"text-align: center;\"><a href=\"https:\/\/www.bagnes.ch\/fr\/\" target=\"_blank\" rel=\"noopener noreferrer\">Bagnes<\/a><\/p>\n<p>[\/vc_column_text][\/vc_column][vc_column width=&#8220;1\/6&#8243;][vc_single_image image=&#8220;3792&#8243; img_size=&#8220;full&#8220; onclick=&#8220;custom_link&#8220; img_link_target=&#8220;_blank&#8220; link=&#8220;http:\/\/www.lutry.ch\/&#8220;][vc_column_text]<\/p>\n<p style=\"text-align: center;\"><a href=\"https:\/\/www.lutry.ch\/\">Lutry<\/a><\/p>\n<p>[\/vc_column_text][\/vc_column][vc_column width=&#8220;1\/6&#8243;][vc_single_image image=&#8220;3843&#8243; img_size=&#8220;full&#8220; onclick=&#8220;custom_link&#8220; img_link_target=&#8220;_blank&#8220; link=&#8220;http:\/\/www.orbe.ch\/&#8220;][vc_column_text]<\/p>\n<p style=\"text-align: center;\"><a href=\"https:\/\/www.orbe.ch\/\">Orbe<\/a><\/p>\n<p>[\/vc_column_text][\/vc_column][vc_column width=&#8220;1\/6&#8243;][vc_single_image image=&#8220;3852&#8243; img_size=&#8220;full&#8220; onclick=&#8220;custom_link&#8220; img_link_target=&#8220;_blank&#8220; link=&#8220;http:\/\/www.chaux-de-fonds.ch\/&#8220;][vc_column_text]<\/p>\n<p style=\"text-align: center;\"><a href=\"https:\/\/www.chaux-de-fonds.ch\/\">La Chaux-de-Fonds<\/a><\/p>\n<p>[\/vc_column_text][\/vc_column][\/vc_row][vc_row][vc_column][vc_separator][\/vc_column][\/vc_row][vc_row][vc_column width=&#8220;1\/6&#8243;][vc_single_image image=&#8220;4029&#8243; img_size=&#8220;full&#8220; alignment=&#8220;center&#8220; onclick=&#8220;custom_link&#8220; img_link_target=&#8220;_blank&#8220; link=&#8220;http:\/\/www.estavayer.ch\/&#8220;][vc_column_text]<\/p>\n<p style=\"text-align: center;\"><a href=\"http:\/\/www.estavayer.ch\" target=\"_blank\" rel=\"noopener noreferrer\">Estavayer<\/a><\/p>\n<p>[\/vc_column_text][\/vc_column][vc_column width=&#8220;1\/6&#8243;][vc_single_image image=&#8220;4036&#8243; img_size=&#8220;full&#8220; alignment=&#8220;center&#8220; onclick=&#8220;custom_link&#8220; img_link_target=&#8220;_blank&#8220; link=&#8220;http:\/\/www.commune-cransmontana.ch\/&#8220;][vc_column_text]<\/p>\n<p style=\"text-align: center;\"><a href=\"https:\/\/www.commune-cransmontana.ch\/\" target=\"_blank\" rel=\"noopener\">Crans-Montana<\/a><\/p>\n<p>[\/vc_column_text][\/vc_column][vc_column width=&#8220;1\/6&#8243;][vc_single_image image=&#8220;4050&#8243; img_size=&#8220;full&#8220; alignment=&#8220;center&#8220; onclick=&#8220;custom_link&#8220; img_link_target=&#8220;_blank&#8220; link=&#8220;http:\/\/www.bussigny.ch\/&#8220;][vc_column_text]<\/p>\n<p style=\"text-align: center;\"><a href=\"https:\/\/www.bussigny.ch\/\" target=\"_blank\" rel=\"noopener\">Bussigny<\/a><\/p>\n<p>[\/vc_column_text][\/vc_column][vc_column width=&#8220;1\/6&#8243;][vc_single_image image=&#8220;4048&#8243; img_size=&#8220;full&#8220; alignment=&#8220;center&#8220; onclick=&#8220;custom_link&#8220; img_link_target=&#8220;_blank&#8220; link=&#8220;http:\/\/www.fully.ch\/fr\/&#8220;][vc_column_text]<\/p>\n<p style=\"text-align: center;\"><a href=\"https:\/\/www.fully.ch\/fr\/\" target=\"_blank\" rel=\"noopener\">Fully<\/a><\/p>\n<p>[\/vc_column_text][\/vc_column][vc_column width=&#8220;1\/6&#8243;][vc_single_image image=&#8220;4046&#8243; img_size=&#8220;full&#8220; alignment=&#8220;center&#8220; onclick=&#8220;custom_link&#8220; img_link_target=&#8220;_blank&#8220; link=&#8220;http:\/\/www.lasarraz.ch\/&#8220;][vc_column_text]<\/p>\n<p style=\"text-align: center;\"><a href=\"https:\/\/www.lasarraz.ch\/\" target=\"_blank\" rel=\"noopener\">La Sarraz<\/a><\/p>\n<p>[\/vc_column_text][\/vc_column][vc_column width=&#8220;1\/6&#8243;][vc_single_image image=&#8220;4044&#8243; img_size=&#8220;full&#8220; alignment=&#8220;center&#8220; onclick=&#8220;custom_link&#8220; img_link_target=&#8220;_blank&#8220; link=&#8220;http:\/\/echandens.ch\/&#8220;][vc_column_text]<\/p>\n<p style=\"text-align: center;\"><a href=\"https:\/\/echandens.ch\/\" target=\"_blank\" rel=\"noopener\">Echandens<\/a><\/p>\n<p>[\/vc_column_text][\/vc_column][\/vc_row][vc_row][vc_column][vc_separator][vc_row_inner][vc_column_inner width=&#8220;1\/6&#8243;][vc_single_image image=&#8220;4151&#8243; img_size=&#8220;full&#8220; alignment=&#8220;center&#8220; onclick=&#8220;custom_link&#8220; img_link_target=&#8220;_blank&#8220; link=&#8220;http:\/\/www.lens.ch\/&#8220;][vc_column_text]<\/p>\n<p style=\"text-align: center;\"><a href=\"http:\/\/lens.ch\">Lens<\/a><\/p>\n<p>[\/vc_column_text][\/vc_column_inner][vc_column_inner width=&#8220;1\/6&#8243;][vc_single_image image=&#8220;4161&#8243; img_size=&#8220;full&#8220; onclick=&#8220;custom_link&#8220; img_link_target=&#8220;_blank&#8220; link=&#8220;http:\/\/www.vernier.ch\/&#8220;][vc_column_text]<\/p>\n<p style=\"text-align: center;\"><a href=\"http:\/\/vernier.ch\">Vernier<\/a><\/p>\n<p>[\/vc_column_text][\/vc_column_inner][vc_column_inner width=&#8220;1\/6&#8243;][vc_single_image image=&#8220;4157&#8243; img_size=&#8220;full&#8220; alignment=&#8220;center&#8220; onclick=&#8220;custom_link&#8220; img_link_target=&#8220;_blank&#8220; link=&#8220;http:\/\/www.st-sulpice.ch\/&#8220;][vc_column_text]<\/p>\n<p style=\"text-align: center;\"><a href=\"http:\/\/st-sulpice.ch\">St-Sulpice<\/a><\/p>\n<p>[\/vc_column_text][\/vc_column_inner][vc_column_inner width=&#8220;1\/6&#8243;][\/vc_column_inner][vc_column_inner width=&#8220;1\/6&#8243;][\/vc_column_inner][vc_column_inner width=&#8220;1\/6&#8243;][\/vc_column_inner][\/vc_row_inner][\/vc_column][\/vc_row][vc_row][vc_column][vc_separator][\/vc_column][\/vc_row][vc_row lg_spacing=&#8220;margin_bottom:-35&#8243;][vc_column][tm_heading custom_google_font=&#8220;&#8220; text_color=&#8220;secondary_color&#8220; text=&#8220;Fachhochschulen \/ Universit\u00e4ten&#8220; typed_list=&#8220;%5B%7B%7D%5D&#8220; font_size=&#8220;lg:32&#8243;][vc_empty_space height=&#8220;30px&#8220;][\/vc_column][\/vc_row][vc_row][vc_column width=&#8220;1\/6&#8243;][vc_single_image image=&#8220;3186&#8243; img_size=&#8220;full&#8220; alignment=&#8220;center&#8220; onclick=&#8220;custom_link&#8220; img_link_target=&#8220;_blank&#8220; image_title=&#8220;Commune de Bernex&#8220; image_link=&#8220;http:\/\/www.bernex.ch\/&#8220; image_link_text=&#8220;Voir le site&#8220; link=&#8220;https:\/\/www.ti.bfh.ch\/&#8220;][vc_column_text]<\/p>\n<p style=\"text-align: center;\"><a href=\"https:\/\/www.ti.bfh.ch\/\" target=\"_blank\" rel=\"noopener noreferrer\">Berner Fachhochschule<\/a><\/p>\n<p>[\/vc_column_text][\/vc_column][vc_column width=&#8220;1\/6&#8243;][vc_single_image image=&#8220;3184&#8243; img_size=&#8220;full&#8220; alignment=&#8220;center&#8220; onclick=&#8220;custom_link&#8220; img_link_target=&#8220;_blank&#8220; image_title=&#8220;Commune de Bulle&#8220; image_link=&#8220;http:\/\/www.bulle.ch\/fr\/&#8220; image_link_text=&#8220;Voir le site&#8220; link=&#8220;https:\/\/www.epfl.ch\/&#8220;][vc_column_text]<\/p>\n<p style=\"text-align: center;\"><a href=\"https:\/\/www.epfl.ch\/\" target=\"_blank\" rel=\"noopener noreferrer\">EPFL<\/a><\/p>\n<p>[\/vc_column_text][\/vc_column][vc_column width=&#8220;1\/6&#8243;][vc_single_image image=&#8220;3182&#8243; img_size=&#8220;full&#8220; alignment=&#8220;center&#8220; onclick=&#8220;custom_link&#8220; img_link_target=&#8220;_blank&#8220; image_title=&#8220;Commune de Chardonne&#8220; image_link=&#8220;https:\/\/www.chardonne.ch\/&#8220; image_link_text=&#8220;Voir le site&#8220; link=&#8220;https:\/\/heia-fr.ch\/&#8220;][vc_column_text]<\/p>\n<p style=\"text-align: center;\"><a href=\"https:\/\/heia-fr.ch\/\" target=\"_blank\" rel=\"noopener noreferrer\">Hochschule f\u00fcr Technik und Architektur<\/a><\/p>\n<p>[\/vc_column_text][\/vc_column][vc_column width=&#8220;1\/6&#8243;][\/vc_column][vc_column width=&#8220;1\/6&#8243;][\/vc_column][\/vc_row][vc_row][vc_column][vc_separator][\/vc_column][\/vc_row][vc_row lg_spacing=&#8220;margin_bottom:-35&#8243;][vc_column][tm_heading custom_google_font=&#8220;&#8220; text_color=&#8220;secondary_color&#8220; text=&#8220;Privatunternehmen&#8220; typed_list=&#8220;%5B%7B%7D%5D&#8220; font_size=&#8220;lg:32&#8243;][vc_empty_space height=&#8220;30px&#8220;][\/vc_column][\/vc_row][vc_row][vc_column width=&#8220;1\/6&#8243;][vc_single_image image=&#8220;3164&#8243; img_size=&#8220;full&#8220; alignment=&#8220;center&#8220; onclick=&#8220;custom_link&#8220; img_link_target=&#8220;_blank&#8220; image_title=&#8220;Commune de Bernex&#8220; image_link=&#8220;http:\/\/www.bernex.ch\/&#8220; image_link_text=&#8220;Voir le site&#8220; link=&#8220;http:\/\/www.atelier-mecanique-bourguet.ch\/&#8220;][vc_column_text]<\/p>\n<p style=\"text-align: center;\"><a href=\"http:\/\/www.atelier-mecanique-bourguet.ch\/\" target=\"_blank\" rel=\"noopener noreferrer\">Atelier m\u00e9canique Vincent Bourguet<\/a><\/p>\n<p>[\/vc_column_text][\/vc_column][vc_column width=&#8220;1\/6&#8243;][vc_single_image image=&#8220;3162&#8243; img_size=&#8220;full&#8220; alignment=&#8220;center&#8220; onclick=&#8220;custom_link&#8220; img_link_target=&#8220;_blank&#8220; image_title=&#8220;Commune de Bulle&#8220; image_link=&#8220;http:\/\/www.bulle.ch\/fr\/&#8220; image_link_text=&#8220;Voir le site&#8220; link=&#8220;https:\/\/www.colas.ch\/&#8220;][vc_column_text]<\/p>\n<p style=\"text-align: center;\"><a href=\"https:\/\/www.colas.ch\/\" target=\"_blank\" rel=\"noopener noreferrer\">Colas<\/a><\/p>\n<p>[\/vc_column_text][\/vc_column][vc_column width=&#8220;1\/6&#8243;][vc_single_image image=&#8220;3160&#8243; img_size=&#8220;full&#8220; alignment=&#8220;center&#8220; onclick=&#8220;custom_link&#8220; img_link_target=&#8220;_blank&#8220; image_title=&#8220;Commune de Chardonne&#8220; image_link=&#8220;https:\/\/www.chardonne.ch\/&#8220; image_link_text=&#8220;Voir le site&#8220; link=&#8220;https:\/\/www.diamantbohr.com\/fr\/Home&#8220;][vc_column_text]<\/p>\n<p style=\"text-align: center;\"><a href=\"https:\/\/www.diamantbohr.com\/fr\/Home\" target=\"_blank\" rel=\"noopener noreferrer\">Groupe Diamantbohr<\/a><\/p>\n<p>[\/vc_column_text][\/vc_column][vc_column width=&#8220;1\/6&#8243;][vc_single_image image=&#8220;3158&#8243; img_size=&#8220;full&#8220; alignment=&#8220;center&#8220; onclick=&#8220;custom_link&#8220; img_link_target=&#8220;_blank&#8220; image_title=&#8220;Commune de Chardonne&#8220; image_link=&#8220;https:\/\/www.chardonne.ch\/&#8220; image_link_text=&#8220;Voir le site&#8220; link=&#8220;https:\/\/www.dtc-ag.ch\/fr.html&#8220;][vc_column_text]<\/p>\n<p style=\"text-align: center;\"><a href=\"https:\/\/www.dtc-ag.ch\/fr.html\" target=\"_blank\" rel=\"noopener noreferrer\">Dynamic Test Center<\/a><\/p>\n<p>[\/vc_column_text][\/vc_column][vc_column width=&#8220;1\/6&#8243;][vc_single_image image=&#8220;3156&#8243; img_size=&#8220;full&#8220; alignment=&#8220;center&#8220; onclick=&#8220;custom_link&#8220; img_link_target=&#8220;_blank&#8220; image_title=&#8220;Commune de Bernex&#8220; image_link=&#8220;http:\/\/www.bernex.ch\/&#8220; image_link_text=&#8220;Voir le site&#8220; link=&#8220;https:\/\/www.implenia.com\/&#8220;][vc_column_text]<\/p>\n<p style=\"text-align: center;\"><a href=\"https:\/\/www.implenia.com\/\" target=\"_blank\" rel=\"noopener noreferrer\">Implenia<\/a><\/p>\n<p>[\/vc_column_text][\/vc_column][vc_column width=&#8220;1\/6&#8243;][vc_single_image image=&#8220;3154&#8243; img_size=&#8220;full&#8220; alignment=&#8220;center&#8220; onclick=&#8220;custom_link&#8220; img_link_target=&#8220;_blank&#8220; image_title=&#8220;Commune de Bulle&#8220; image_link=&#8220;http:\/\/www.bulle.ch\/fr\/&#8220; image_link_text=&#8220;Voir le site&#8220; link=&#8220;http:\/\/www.sciage-forage-beton.ch\/&#8220;][vc_column_text]<\/p>\n<p style=\"text-align: center;\"><a href=\"http:\/\/www.sciage-forage-beton.ch\/\" target=\"_blank\" rel=\"noopener noreferrer\">J.-C.S. Sciage<\/a><\/p>\n<p>[\/vc_column_text][\/vc_column][\/vc_row][vc_row][vc_column][vc_separator][\/vc_column][\/vc_row][vc_row][vc_column width=&#8220;1\/6&#8243;][vc_single_image image=&#8220;3152&#8243; img_size=&#8220;full&#8220; alignment=&#8220;center&#8220; onclick=&#8220;custom_link&#8220; img_link_target=&#8220;_blank&#8220; image_title=&#8220;Commune de Chardonne&#8220; image_link=&#8220;https:\/\/www.chardonne.ch\/&#8220; image_link_text=&#8220;Voir le site&#8220; link=&#8220;https:\/\/www.liebherr.com\/fr\/che\/%C3%A0-propos-de-liebherr\/liebherr-dans-le-monde-entier\/suisse\/machines-bulle-sa\/machines-bulle.html&#8220;][vc_column_text]<\/p>\n<p style=\"text-align: center;\"><a href=\"https:\/\/www.liebherr.com\/de\/deu\/\u00fcber-liebherr\/liebherr-weltweit\/schweiz\/machines-bulle-sa\/machines-bulle.html\" target=\"_blank\" rel=\"noopener noreferrer\">Liebherr Machines Bulle<\/a><\/p>\n<p>[\/vc_column_text][\/vc_column][vc_column width=&#8220;1\/6&#8243;][vc_single_image image=&#8220;3150&#8243; img_size=&#8220;full&#8220; alignment=&#8220;center&#8220; onclick=&#8220;custom_link&#8220; img_link_target=&#8220;_blank&#8220; link=&#8220;https:\/\/www.plumettaz.com\/fr\/&#8220;][vc_column_text]<\/p>\n<p style=\"text-align: center;\"><a href=\"https:\/\/www.plumettaz.com\/fr\/\" target=\"_blank\" rel=\"noopener noreferrer\">Plumettaz<\/a><\/p>\n<p>[\/vc_column_text][\/vc_column][vc_column width=&#8220;1\/6&#8243;][vc_single_image image=&#8220;3146&#8243; img_size=&#8220;full&#8220; alignment=&#8220;center&#8220; onclick=&#8220;custom_link&#8220; img_link_target=&#8220;_blank&#8220; image_title=&#8220;Commune de Bernex&#8220; image_link=&#8220;http:\/\/www.bernex.ch\/&#8220; image_link_text=&#8220;Voir le site&#8220; link=&#8220;http:\/\/www.tensolrail.com\/&#8220;][vc_column_text]<\/p>\n<p style=\"text-align: center;\"><a href=\"http:\/\/www.tensolrail.com\/\" target=\"_blank\" rel=\"noopener noreferrer\">Tensol Rail<\/a><\/p>\n<p>[\/vc_column_text][\/vc_column][vc_column width=&#8220;1\/6&#8243;][vc_single_image image=&#8220;3989&#8243; img_size=&#8220;full&#8220; onclick=&#8220;custom_link&#8220; img_link_target=&#8220;_blank&#8220; link=&#8220;http:\/\/www.procure.ch\/&#8220;][vc_column_text]<\/p>\n<p style=\"text-align: center;\"><a href=\"https:\/\/www.procure.ch\/\" target=\"_blank\" rel=\"noopener noreferrer\">Procure.ch<\/a><\/p>\n<p>[\/vc_column_text][\/vc_column][vc_column width=&#8220;1\/6&#8243;][vc_single_image image=&#8220;3863&#8243; img_size=&#8220;full&#8220; onclick=&#8220;custom_link&#8220; img_link_target=&#8220;_blank&#8220; link=&#8220;http:\/\/www.demagri.ch\/&#8220;][vc_column_text]<\/p>\n<p style=\"text-align: center;\"><a href=\"https:\/\/www.demagri.ch\/\" target=\"_blank\" rel=\"noopener noreferrer\">Demagri SA<\/a><\/p>\n<p>[\/vc_column_text][\/vc_column][\/vc_row][vc_row][vc_column][vc_separator][tm_heading custom_google_font=&#8220;&#8220; text_color=&#8220;secondary_color&#8220; text=&#8220;Partner&#8220; typed_list=&#8220;%5B%7B%7D%5D&#8220; font_size=&#8220;lg:32&#8243;][vc_empty_space height=&#8220;30px&#8220;][\/vc_column][\/vc_row][vc_row][vc_column width=&#8220;1\/6&#8243;][vc_single_image image=&#8220;3983&#8243; img_size=&#8220;full&#8220; alignment=&#8220;center&#8220; onclick=&#8220;custom_link&#8220; img_link_target=&#8220;_blank&#8220; link=&#8220;http:\/\/amstein-walthert.ch\/de\/&#8220;][vc_column_text]<\/p>\n<p style=\"text-align: center;\"><a href=\"https:\/\/amstein-walthert.ch\/fr\/\" target=\"_blank\" rel=\"noopener noreferrer\">Amstein + Walthert<\/a><\/p>\n<p>[\/vc_column_text][\/vc_column][vc_column width=&#8220;1\/6&#8243;][vc_single_image image=&#8220;3994&#8243; img_size=&#8220;full&#8220; alignment=&#8220;center&#8220; onclick=&#8220;custom_link&#8220; img_link_target=&#8220;_blank&#8220; link=&#8220;http:\/\/microgis.ch\/&#8220;][vc_column_text]<\/p>\n<p style=\"text-align: center;\"><a href=\"https:\/\/microgis.ch\/\" target=\"_blank\" rel=\"noopener noreferrer\">Microgis<\/a><\/p>\n<p>[\/vc_column_text][\/vc_column][vc_column width=&#8220;1\/6&#8243;][vc_single_image image=&#8220;3985&#8243; img_size=&#8220;full&#8220; alignment=&#8220;center&#8220; onclick=&#8220;custom_link&#8220; img_link_target=&#8220;_blank&#8220; link=&#8220;http:\/\/quantis-intl.com\/&#8220;][vc_column_text]<\/p>\n<p style=\"text-align: center;\"><a href=\"https:\/\/quantis-intl.com\/\" target=\"_blank\" rel=\"noopener noreferrer\">Quantis<\/a><\/p>\n<p>[\/vc_column_text][\/vc_column][vc_column width=&#8220;1\/6&#8243;][vc_single_image image=&#8220;3987&#8243; img_size=&#8220;full&#8220; alignment=&#8220;center&#8220; onclick=&#8220;custom_link&#8220; img_link_target=&#8220;_blank&#8220; link=&#8220;http:\/\/volt-training.ch\/&#8220;][vc_column_text]<\/p>\n<p style=\"text-align: center;\"><a href=\"https:\/\/volt-training.ch\/\" target=\"_blank\" rel=\"noopener noreferrer\">Volt Training<\/a><\/p>\n<p>[\/vc_column_text][\/vc_column][vc_column width=&#8220;1\/6&#8243;][\/vc_column][vc_column width=&#8220;1\/6&#8243;][\/vc_column][\/vc_row]<\/p>\n<\/div>","protected":false},"excerpt":{"rendered":"[vc_row lg_spacing=&#8220;margin_bottom:-35&#8243; el_id=&#8220;heading-row&#8220; el_class=&#8220;fix-margin&#8220;][vc_column][tm_heading custom_google_font=&#8220;&#8220; text_color=&#8220;secondary_color&#8220; text=&#8220;Kantone &#8211; Kantonale Institutionen &#8211; Gewerkschaften\/Interkommunale Dienste&#8220; typed_list=&#8220;%5B%7B%7D%5D&#8220; font_size=&#8220;xs:26;sm:26;lg:32&#8243; line_height=&#8220;1.1&#8243;][vc_empty_space height=&#8220;30px&#8220;][\/vc_column][\/vc_row][vc_row][vc_column width=&#8220;1\/6&#8243; custom_border_color=&#8220;&#8220;][vc_single_image image=&#8220;3180&#8243; img_size=&#8220;full&#8220; alignment=&#8220;center&#8220; onclick=&#8220;custom_link&#8220; img_link_target=&#8220;_blank&#8220; css_animation=&#8220;none&#8220; link=&#8220;https:\/\/www.fr.ch\/accueil&#8220;][vc_column_text] \u00c9tat de Fribourg [\/vc_column_text][\/vc_column][vc_column width=&#8220;1\/6&#8243;][vc_single_image image=&#8220;3178&#8243; img_size=&#8220;full&#8220; alignment=&#8220;center&#8220; onclick=&#8220;custom_link&#8220; img_link_target=&#8220;_blank&#8220; image_title=&#8220;Commune de Bernex&#8220; image_link=&#8220;http:\/\/www.bernex.ch\/&#8220; image_link_text=&#8220;Voir le site&#8220; link=&#8220;https:\/\/www.ge.ch\/&#8220;][vc_column_text] R\u00e9publique et canton de Gen\u00e8ve [\/vc_column_text][\/vc_column][vc_column width=&#8220;1\/6&#8243;][vc_single_image image=&#8220;3846&#8243; img_size=&#8220;full&#8220; onclick=&#8220;custom_link&#8220; link=&#8220;http:\/\/www.vd.ch\/&#8220;][vc_column_text] \u00c9tat de Vaud [\/vc_column_text][\/vc_column][vc_column width=&#8220;1\/6&#8243;][vc_single_image image=&#8220;3034&#8243; img_size=&#8220;full&#8220; alignment=&#8220;center&#8220; onclick=&#8220;custom_link&#8220; img_link_target=&#8220;_blank&#8220; link=&#8220;http:\/\/www.vd.ch\/toutes-les-autorites\/departements\/departement-des-infrastructures-et-des-ressources-humaines-dirh\/direction-generale-de-la-mobilite-et-des-routes-dgmr\/&#8220;][vc_column_text] Direction g\u00e9n\u00e9rale de la mobilit\u00e9 et des routes (DGMR) [\/vc_column_text][\/vc_column][vc_column width=&#8220;1\/6&#8243;][\/vc_column][vc_column width=&#8220;1\/6&#8243;][\/vc_column][\/vc_row][vc_row][vc_column][vc_separator][\/vc_column][\/vc_row][vc_row lg_spacing=&#8220;margin_bottom:-35&#8243;][vc_column][tm_heading custom_google_font=&#8220;&#8220; animation=&#8220;&#8220; text=&#8220;Feuerwehr \/ Kantonale Versicherungsgesellschaften&#8220; typed_list=&#8220;%5B%7B%7D%5D&#8220;][vc_empty_space height=&#8220;30px&#8220;][\/vc_column][\/vc_row][vc_row][vc_column width=&#8220;1\/6&#8243;][vc_single_image image=&#8220;3174&#8243; img_size=&#8220;medium&#8220; alignment=&#8220;center&#8220; onclick=&#8220;custom_link&#8220; img_link_target=&#8220;_blank&#8220; image_title=&#8220;Commune de Chardonne&#8220; image_link=&#8220;https:\/\/www.chardonne.ch\/&#8220; image_link_text=&#8220;Voir le site&#8220; link=&#8220;http:\/\/www.ecab.ch&#8220;][vc_column_text] Kantonale Geb\u00e4udeversicherung (Fribourg) [\/vc_column_text][\/vc_column][vc_column width=&#8220;1\/6&#8243;][vc_single_image image=&#8220;3176&#8243; img_size=&#8220;medium&#8220; alignment=&#8220;center&#8220; onclick=&#8220;custom_link&#8220; img_link_target=&#8220;_blank&#8220; image_title=&#8220;Commune de Bulle&#8220; image_link=&#8220;http:\/\/www.bulle.ch\/fr\/&#8220; image_link_text=&#8220;Voir le site&#8220; link=&#8220;https:\/\/www.pompiers-bulle.ch\/&#8220;][vc_column_text] Corps des sapeurs-pompiers &#8211; Centre de renfort de la Gruy\u00e8re [\/vc_column_text][\/vc_column][vc_column width=&#8220;1\/6&#8243;][vc_single_image image=&#8220;2746&#8243; img_size=&#8220;medium&#8220; alignment=&#8220;center&#8220; onclick=&#8220;custom_link&#8220; img_link_target=&#8220;_blank&#8220; image_title=&#8220;Commune de Bulle&#8220; image_link=&#8220;http:\/\/www.bulle.ch\/fr\/&#8220; image_link_text=&#8220;Voir le site&#8220; link=&#8220;https:\/\/www.pompiers-basse-veveyse.ch&#8220;][vc_column_text] Corps des sapeurs-pompiers de la Basse-Veveyse [\/vc_column_text][\/vc_column][vc_column width=&#8220;1\/6&#8243;][vc_single_image image=&#8220;4027&#8243; img_size=&#8220;full&#8220; alignment=&#8220;center&#8220; onclick=&#8220;custom_link&#8220; img_link_target=&#8220;_blank&#8220; link=&#8220;http:\/\/www.ecap-ne.ch\/&#8220;][vc_column_text] \u00c9tablissement cantonal d&#8217;assurance et de pr\u00e9vention (Neuch\u00e2tel) [\/vc_column_text][\/vc_column][vc_column width=&#8220;1\/6&#8243;][\/vc_column][vc_column width=&#8220;1\/6&#8243;][\/vc_column][\/vc_row][vc_row][vc_column][vc_separator][\/vc_column][\/vc_row][vc_row lg_spacing=&#8220;margin_bottom:-35&#8243;][vc_column][tm_heading custom_google_font=&#8220;&#8220; animation=&#8220;&#8220; text=&#8220;Gewerkschaften\/Interkommunale Dienste&#8220; typed_list=&#8220;%5B%7B%7D%5D&#8220;][vc_empty_space height=&#8220;30px&#8220;][\/vc_column][\/vc_row][vc_row][vc_column width=&#8220;1\/6&#8243;][vc_single_image image=&#8220;3170&#8243; img_size=&#8220;full&#8220; alignment=&#8220;center&#8220; onclick=&#8220;custom_link&#8220; img_link_target=&#8220;_blank&#8220; link=&#8220;https:\/\/sidp.ch\/&#8220;][vc_column_text] Syndicat intercommunal du district de Porrentruy [\/vc_column_text][\/vc_column][vc_column width=&#8220;1\/6&#8243;][vc_single_image image=&#8220;3168&#8243; img_size=&#8220;full&#8220; alignment=&#8220;center&#8220; onclick=&#8220;custom_link&#8220; img_link_target=&#8220;_blank&#8220; image_title=&#8220;Commune de Bernex&#8220; image_link=&#8220;http:\/\/www.bernex.ch\/&#8220; image_link_text=&#8220;Voir le site&#8220; link=&#8220;http:\/\/www.sige.ch\/&#8220;][vc_column_text] Service intercommunal de gestion, Vevey [\/vc_column_text][\/vc_column][vc_column width=&#8220;1\/6&#8243;][vc_single_image image=&#8220;3036&#8243; img_size=&#8220;full&#8220; alignment=&#8220;center&#8220; onclick=&#8220;custom_link&#8220; img_link_target=&#8220;_blank&#8220; link=&#8220;http:\/\/www.epspreverenges.ch\/&#8220;][vc_column_text] EPSP Etablissement primaire et secondaire Pr\u00e9verenges et environs [\/vc_column_text][\/vc_column][vc_column width=&#8220;1\/6&#8243;][vc_single_image image=&#8220;3850&#8243; img_size=&#8220;full&#8220; onclick=&#8220;custom_link&#8220; img_link_target=&#8220;_blank&#8220; link=&#8220;http:\/\/www.ecoles-pays-denhaut.ch&#8220;][vc_column_text] ASIPE [\/vc_column_text][\/vc_column][vc_column width=&#8220;1\/6&#8243;][vc_single_image image=&#8220;4031&#8243; img_size=&#8220;full&#8220; alignment=&#8220;center&#8220; onclick=&#8220;custom_link&#8220; img_link_target=&#8220;_blank&#8220; link=&#8220;http:\/\/combinscatogne.ch\/&#8220;][vc_column_text] Triage forestier Combins-Catogne [\/vc_column_text][\/vc_column][vc_column width=&#8220;1\/6&#8243;][vc_single_image image=&#8220;4040&#8243; img_size=&#8220;full&#8220; alignment=&#8220;center&#8220; onclick=&#8220;custom_link&#8220; img_link_target=&#8220;_blank&#8220; link=&#8220;http:\/\/www.forets-veveyse.ch\/#:~:text=Le%20Groupement%20forestier%20de%20la,%2Dde%2DPeilz%20et%20Vevey.&#8220;][vc_column_text] Groupement forestier de la Veveyse [\/vc_column_text][\/vc_column][\/vc_row][vc_row][vc_column][vc_separator][\/vc_column][\/vc_row][vc_row][vc_column][vc_row_inner][vc_column_inner width=&#8220;1\/6&#8243;][vc_single_image image=&#8220;4163&#8243; img_size=&#8220;full&#8220; alignment=&#8220;center&#8220; onclick=&#8220;custom_link&#8220; img_link_target=&#8220;_blank&#8220; link=&#8220;http:\/\/www.aismle.ch\/&#8220;][vc_column_text] AISMLE Association Intercommunale Scolaire de Moudon, Lucens et Environs [\/vc_column_text][\/vc_column_inner][vc_column_inner width=&#8220;1\/6&#8243;][vc_single_image image=&#8220;4153&#8243; img_size=&#8220;full&#8220; alignment=&#8220;center&#8220; onclick=&#8220;custom_link&#8220; img_link_target=&#8220;_blank&#8220; link=&#8220;http:\/\/www.asi7.ch\/&#8220;][vc_column_text] ASI7 Association Scolaire Intercommunale des 7 communes r\u00e9gion de La Sarraz [\/vc_column_text][\/vc_column_inner][vc_column_inner width=&#8220;1\/6&#8243;][vc_single_image image=&#8220;4155&#8243; img_size=&#8220;full&#8220; alignment=&#8220;center&#8220; onclick=&#8220;custom_link&#8220; img_link_target=&#8220;_blank&#8220; link=&#8220;http:\/\/www.asice.ch\/&#8220;][vc_column_text] ASICE Association Scolaire Intercommunale de Cugy et environs [\/vc_column_text][\/vc_column_inner][vc_column_inner width=&#8220;1\/6&#8243;][vc_single_image image=&#8220;4159&#8243; img_size=&#8220;medium&#8220; alignment=&#8220;center&#8220; onclick=&#8220;custom_link&#8220; img_link_target=&#8220;_blank&#8220; link=&#8220;http:\/\/www.ewd.ch\/&#8220;][vc_column_text] Elektrizit\u00e4tswerk Davos AG [\/vc_column_text][\/vc_column_inner][vc_column_inner width=&#8220;1\/6&#8243;][\/vc_column_inner][vc_column_inner width=&#8220;1\/6&#8243;][\/vc_column_inner][\/vc_row_inner][\/vc_column][\/vc_row][vc_row][vc_column][vc_separator][\/vc_column][\/vc_row][vc_row lg_spacing=&#8220;margin_bottom:-35&#8243;][vc_column][tm_heading custom_google_font=&#8220;&#8220; animation=&#8220;&#8220; text=&#8220;Abfallentsorgungsanlagen&#8220; typed_list=&#8220;%5B%7B%7D%5D&#8220;][vc_empty_space height=&#8220;30px&#8220;][\/vc_column][\/vc_row][vc_row][vc_column width=&#8220;1\/6&#8243;][vc_single_image image=&#8220;3166&#8243; img_size=&#8220;full&#8220; alignment=&#8220;center&#8220; onclick=&#8220;custom_link&#8220; img_link_target=&#8220;_blank&#8220; image_title=&#8220;Commune de Bulle&#8220; image_link=&#8220;http:\/\/www.bulle.ch\/fr\/&#8220; image_link_text=&#8220;Voir le site&#8220; link=&#8220;https:\/\/www.vadec.ch\/&#8220;][vc_column_text] R\u00e9seau de valorisation des d\u00e9chets &#8211; Arc jurassien [\/vc_column_text][\/vc_column][vc_column width=&#8220;1\/6&#8243;][vc_single_image image=&#8220;3172&#8243; img_size=&#8220;full&#8220; alignment=&#8220;center&#8220; onclick=&#8220;custom_link&#8220; img_link_target=&#8220;_blank&#8220; image_title=&#8220;Commune de Chardonne&#8220; image_link=&#8220;https:\/\/www.chardonne.ch\/&#8220; image_link_text=&#8220;Voir le site&#8220; link=&#8220;http:\/\/seod.ch\/&#8220;][vc_column_text] Syndicat de gestion des d\u00e9chets de Del\u00e9mont et environs [\/vc_column_text][\/vc_column][vc_column width=&#8220;1\/6&#8243;][\/vc_column][vc_column width=&#8220;1\/6&#8243;][\/vc_column][vc_column width=&#8220;1\/6&#8243;][\/vc_column][vc_column width=&#8220;1\/6&#8243;][\/vc_column][\/vc_row][vc_row][vc_column][vc_separator][\/vc_column][\/vc_row][vc_row lg_spacing=&#8220;margin_bottom:-35&#8243;][vc_column][tm_heading custom_google_font=&#8220;&#8220; text_color=&#8220;secondary_color&#8220; text=&#8220;\u00d6ffentliche Verkehrsbetriebe&#8220; typed_list=&#8220;%5B%7B%7D%5D&#8220; font_size=&#8220;lg:32&#8243;][vc_empty_space height=&#8220;30px&#8220;][\/vc_column][\/vc_row][vc_row][vc_column width=&#8220;1\/6&#8243;][vc_single_image image=&#8220;3144&#8243; img_size=&#8220;full&#8220; alignment=&#8220;center&#8220; onclick=&#8220;custom_link&#8220; img_link_target=&#8220;_blank&#8220; link=&#8220;https:\/\/www.t-l.ch\/tout-sur-les-tl\/infrastructure-et-developpements\/flotte-et-infrastructure\/metro-m2&#8243;][vc_column_text] M\u00e9tro M2, Lausanne [\/vc_column_text][\/vc_column][vc_column width=&#8220;1\/6&#8243;][vc_single_image image=&#8220;3142&#8243; img_size=&#8220;full&#8220; alignment=&#8220;center&#8220; onclick=&#8220;custom_link&#8220; img_link_target=&#8220;_blank&#8220; image_title=&#8220;Commune de Bernex&#8220; image_link=&#8220;http:\/\/www.bernex.ch\/&#8220; image_link_text=&#8220;Voir le site&#8220; link=&#8220;https:\/\/www.t-l.ch\/&#8220;][vc_column_text] Transport publics lausannois [\/vc_column_text][\/vc_column][vc_column width=&#8220;1\/6&#8243;][vc_single_image image=&#8220;3140&#8243; img_size=&#8220;full&#8220; alignment=&#8220;center&#8220; onclick=&#8220;custom_link&#8220; img_link_target=&#8220;_blank&#8220; image_title=&#8220;Commune de Bulle&#8220; image_link=&#8220;http:\/\/www.bulle.ch\/fr\/&#8220; image_link_text=&#8220;Voir le site&#8220; link=&#8220;https:\/\/www.tpf.ch\/&#8220;][vc_column_text] Freiburgische Verkehrsbetriebe [\/vc_column_text][\/vc_column][vc_column width=&#8220;1\/6&#8243;][vc_single_image image=&#8220;3138&#8243; img_size=&#8220;full&#8220; alignment=&#8220;center&#8220; onclick=&#8220;custom_link&#8220; img_link_target=&#8220;_blank&#8220; image_title=&#8220;Commune de Chardonne&#8220; image_link=&#8220;https:\/\/www.chardonne.ch\/&#8220; image_link_text=&#8220;Voir le site&#8220; link=&#8220;https:\/\/www.tpg.ch\/&#8220;][vc_column_text] Transports publics genevois [\/vc_column_text][\/vc_column][vc_column width=&#8220;1\/6&#8243;][vc_single_image image=&#8220;3136&#8243; img_size=&#8220;full&#8220; alignment=&#8220;center&#8220; onclick=&#8220;custom_link&#8220; img_link_target=&#8220;_blank&#8220; image_title=&#8220;Commune de Chardonne&#8220; image_link=&#8220;https:\/\/www.chardonne.ch\/&#8220; image_link_text=&#8220;Voir le site&#8220; link=&#8220;https:\/\/www.transn.ch\/&#8220;][vc_column_text] Transports publics neuch\u00e2telois [\/vc_column_text][\/vc_column][vc_column width=&#8220;1\/6&#8243;][vc_single_image image=&#8220;3134&#8243; img_size=&#8220;full&#8220; alignment=&#8220;center&#8220; onclick=&#8220;custom_link&#8220; img_link_target=&#8220;_blank&#8220; link=&#8220;https:\/\/www.vmcv.ch\/&#8220;][vc_column_text] Transports publics Vevey-Montreux-Chillon-Villeneuve [\/vc_column_text][\/vc_column][\/vc_row][vc_row][vc_column][vc_separator][\/vc_column][\/vc_row][vc_row][vc_column width=&#8220;1\/6&#8243;][vc_single_image image=&#8220;2741&#8243; img_size=&#8220;full&#8220; alignment=&#8220;center&#8220; onclick=&#8220;custom_link&#8220; img_link_target=&#8220;_blank&#8220; link=&#8220;http:\/\/www.tpc.ch&#8220;][vc_column_text] Transports publics du Chablais [\/vc_column_text][\/vc_column][vc_column width=&#8220;1\/6&#8243;][vc_single_image image=&#8220;3440&#8243; img_size=&#8220;full&#8220; alignment=&#8220;center&#8220; onclick=&#8220;custom_link&#8220; img_link_target=&#8220;_blank&#8220; link=&#8220;https:\/\/mob.ch\/fr&#8220;][vc_column_text] MOB [\/vc_column_text][\/vc_column][vc_column width=&#8220;1\/6&#8243;][\/vc_column][vc_column width=&#8220;1\/6&#8243;][\/vc_column][vc_column width=&#8220;1\/6&#8243;][\/vc_column][vc_column width=&#8220;1\/6&#8243;][\/vc_column][\/vc_row][vc_row][vc_column][vc_separator][\/vc_column][\/vc_row][vc_row lg_spacing=&#8220;margin_bottom:-35&#8243;][vc_column][tm_heading custom_google_font=&#8220;&#8220; text_color=&#8220;secondary_color&#8220; text=&#8220;Gemeinden&#8220; typed_list=&#8220;%5B%7B%7D%5D&#8220; font_size=&#8220;lg:32&#8243;][vc_empty_space height=&#8220;30px&#8220;][\/vc_column][\/vc_row][vc_row][vc_column width=&#8220;1\/6&#8243;][vc_single_image image=&#8220;3244&#8243; img_size=&#8220;full&#8220; alignment=&#8220;center&#8220; onclick=&#8220;custom_link&#8220; img_link_target=&#8220;_blank&#8220; link=&#8220;http:\/\/www.attalens.ch\/&#8220;][vc_column_text] Attalens [\/vc_column_text][\/vc_column][vc_column width=&#8220;1\/6&#8243;][vc_single_image image=&#8220;3242&#8243; img_size=&#8220;full&#8220; alignment=&#8220;center&#8220; onclick=&#8220;custom_link&#8220; img_link_target=&#8220;_blank&#8220; image_title=&#8220;Commune de Bernex&#8220; image_link=&#8220;http:\/\/www.bernex.ch\/&#8220; image_link_text=&#8220;Voir le site&#8220; link=&#8220;http:\/\/www.bernex.ch\/&#8220;][vc_column_text] Bernex [\/vc_column_text][\/vc_column][vc_column width=&#8220;1\/6&#8243;][vc_single_image image=&#8220;3240&#8243; img_size=&#8220;full&#8220; alignment=&#8220;center&#8220; onclick=&#8220;custom_link&#8220; img_link_target=&#8220;_blank&#8220; image_title=&#8220;Commune de Bulle&#8220; image_link=&#8220;http:\/\/www.bulle.ch\/fr\/&#8220; image_link_text=&#8220;Voir le site&#8220; link=&#8220;http:\/\/www.bulle.ch\/fr\/&#8220;][vc_column_text] Bulle [\/vc_column_text][\/vc_column][vc_column width=&#8220;1\/6&#8243;][vc_single_image image=&#8220;3238&#8243; img_size=&#8220;full&#8220; alignment=&#8220;center&#8220; onclick=&#8220;custom_link&#8220; img_link_target=&#8220;_blank&#8220; image_title=&#8220;Commune de Chardonne&#8220; image_link=&#8220;https:\/\/www.chardonne.ch\/&#8220; image_link_text=&#8220;Voir le site&#8220; link=&#8220;https:\/\/www.chardonne.ch\/&#8220;][vc_column_text] Chardonne [\/vc_column_text][\/vc_column][vc_column width=&#8220;1\/6&#8243;][vc_single_image image=&#8220;3236&#8243; img_size=&#8220;full&#8220; alignment=&#8220;center&#8220; onclick=&#8220;custom_link&#8220; img_link_target=&#8220;_blank&#8220; image_title=&#8220;Commune de Chardonne&#8220; image_link=&#8220;https:\/\/www.chardonne.ch\/&#8220; image_link_text=&#8220;Voir le site&#8220; link=&#8220;http:\/\/www.chateaudoex-admin.ch\/fr\/&#8220;][vc_column_text] Ch\u00e2teau-d&#8217;Oex [\/vc_column_text][\/vc_column][vc_column width=&#8220;1\/6&#8243;][vc_single_image image=&#8220;3234&#8243; img_size=&#8220;full&#8220; alignment=&#8220;center&#8220; onclick=&#8220;custom_link&#8220; img_link_target=&#8220;_blank&#8220; link=&#8220;https:\/\/www.chatel-st-denis.ch\/&#8220;][vc_column_text] Ch\u00e2tel-St-Denis [\/vc_column_text][\/vc_column][\/vc_row][vc_row][vc_column][vc_separator][\/vc_column][\/vc_row][vc_row][vc_column width=&#8220;1\/6&#8243;][vc_single_image image=&#8220;3232&#8243; img_size=&#8220;full&#8220; alignment=&#8220;center&#8220; onclick=&#8220;custom_link&#8220; img_link_target=&#8220;_blank&#8220; image_title=&#8220;Commune de Bernex&#8220; image_link=&#8220;http:\/\/www.bernex.ch\/&#8220; image_link_text=&#8220;Voir le site&#8220; link=&#8220;http:\/\/www.courrendlin.ch\/&#8220;][vc_column_text] Courrendlin [\/vc_column_text][\/vc_column][vc_column width=&#8220;1\/6&#8243;][vc_single_image image=&#8220;3230&#8243; img_size=&#8220;full&#8220; alignment=&#8220;center&#8220; onclick=&#8220;custom_link&#8220; img_link_target=&#8220;_blank&#8220; image_title=&#8220;Commune de Bulle&#8220; image_link=&#8220;http:\/\/www.bulle.ch\/fr\/&#8220; image_link_text=&#8220;Voir le site&#8220; link=&#8220;https:\/\/www.courroux.ch\/&#8220;][vc_column_text] Courroux-Courcelon [\/vc_column_text][\/vc_column][vc_column width=&#8220;1\/6&#8243;][vc_single_image image=&#8220;3228&#8243; img_size=&#8220;full&#8220; alignment=&#8220;center&#8220; onclick=&#8220;custom_link&#8220; img_link_target=&#8220;_blank&#8220; image_title=&#8220;Commune de Chardonne&#8220; image_link=&#8220;https:\/\/www.chardonne.ch\/&#8220; image_link_text=&#8220;Voir le site&#8220; link=&#8220;http:\/\/www.delemont.ch\/&#8220;][vc_column_text] Del\u00e9mont [\/vc_column_text][\/vc_column][vc_column width=&#8220;1\/6&#8243;][vc_single_image image=&#8220;3226&#8243; img_size=&#8220;full&#8220; alignment=&#8220;center&#8220; onclick=&#8220;custom_link&#8220; img_link_target=&#8220;_blank&#8220; image_title=&#8220;Commune de Chardonne&#8220; image_link=&#8220;https:\/\/www.chardonne.ch\/&#8220; image_link_text=&#8220;Voir le site&#8220; link=&#8220;https:\/\/www.epalinges.ch\/&#8220;][vc_column_text] Epalinges [\/vc_column_text][\/vc_column][vc_column width=&#8220;1\/6&#8243;][vc_single_image image=&#8220;2744&#8243; img_size=&#8220;full&#8220; alignment=&#8220;center&#8220; onclick=&#8220;custom_link&#8220; img_link_target=&#8220;_blank&#8220; link=&#8220;http:\/\/www.gland.ch&#8220;][vc_column_text] Gland [\/vc_column_text][\/vc_column][vc_column width=&#8220;1\/6&#8243;][vc_single_image image=&#8220;3224&#8243; img_size=&#8220;full&#8220; alignment=&#8220;center&#8220; onclick=&#8220;custom_link&#8220; img_link_target=&#8220;_blank&#8220; link=&#8220;http:\/\/www.granges-veveyse.ch\/&#8220;][vc_column_text] Granges (Veveyse) [\/vc_column_text][\/vc_column][\/vc_row][vc_row][vc_column][vc_separator][\/vc_column][\/vc_row][vc_row][vc_column width=&#8220;1\/6&#8243;][vc_single_image image=&#8220;3222&#8243; img_size=&#8220;full&#8220; alignment=&#8220;center&#8220; onclick=&#8220;custom_link&#8220; img_link_target=&#8220;_blank&#8220; image_title=&#8220;Commune de Bernex&#8220; image_link=&#8220;http:\/\/www.bernex.ch\/&#8220; image_link_text=&#8220;Voir le site&#8220; link=&#8220;http:\/\/www.grenchen.ch\/de\/&#8220;][vc_column_text] Grenchen [\/vc_column_text][\/vc_column][vc_column width=&#8220;1\/6&#8243;][vc_single_image image=&#8220;3220&#8243; img_size=&#8220;full&#8220; alignment=&#8220;center&#8220; onclick=&#8220;custom_link&#8220; img_link_target=&#8220;_blank&#8220; image_title=&#8220;Commune de Bulle&#8220; image_link=&#8220;http:\/\/www.bulle.ch\/fr\/&#8220; image_link_text=&#8220;Voir le site&#8220; link=&#8220;http:\/\/www.jongny.ch&#8220;][vc_column_text] Jongny [\/vc_column_text][\/vc_column][vc_column width=&#8220;1\/6&#8243;][vc_single_image image=&#8220;3218&#8243; img_size=&#8220;full&#8220; alignment=&#8220;center&#8220; onclick=&#8220;custom_link&#8220; img_link_target=&#8220;_blank&#8220; image_title=&#8220;Commune de Chardonne&#8220; image_link=&#8220;https:\/\/www.chardonne.ch\/&#8220; image_link_text=&#8220;Voir le site&#8220; link=&#8220;https:\/\/www.milvignes.ch&#8220;][vc_column_text] Milvignes [\/vc_column_text][\/vc_column][vc_column width=&#8220;1\/6&#8243;][vc_single_image image=&#8220;3188&#8243; img_size=&#8220;full&#8220; alignment=&#8220;center&#8220; onclick=&#8220;custom_link&#8220; img_link_target=&#8220;_blank&#8220; image_title=&#8220;Commune de Chardonne&#8220; image_link=&#8220;https:\/\/www.chardonne.ch\/&#8220; image_link_text=&#8220;Voir le site&#8220; link=&#8220;https:\/\/www.monthey.ch\/&#8220;][vc_column_text] Monthey [\/vc_column_text][\/vc_column][vc_column width=&#8220;1\/6&#8243;][vc_single_image image=&#8220;3216&#8243; img_size=&#8220;full&#8220; alignment=&#8220;center&#8220; onclick=&#8220;custom_link&#8220; img_link_target=&#8220;_blank&#8220; image_title=&#8220;Commune de Bernex&#8220; image_link=&#8220;http:\/\/www.bernex.ch\/&#8220; image_link_text=&#8220;Voir le site&#8220; link=&#8220;http:\/\/www.montreux.ch&#8220;][vc_column_text] Montreux [\/vc_column_text][\/vc_column][vc_column width=&#8220;1\/6&#8243;][vc_single_image image=&#8220;3214&#8243; img_size=&#8220;full&#8220; alignment=&#8220;center&#8220; onclick=&#8220;custom_link&#8220; img_link_target=&#8220;_blank&#8220; image_title=&#8220;Commune de Bulle&#8220; image_link=&#8220;http:\/\/www.bulle.ch\/fr\/&#8220; image_link_text=&#8220;Voir le site&#8220; link=&#8220;https:\/\/www.neuchatelville.ch\/fr\/&#8220;][vc_column_text] Neuch\u00e2tel [\/vc_column_text][\/vc_column][\/vc_row][vc_row][vc_column][vc_separator][\/vc_column][\/vc_row][vc_row][vc_column width=&#8220;1\/6&#8243;][vc_single_image image=&#8220;3212&#8243; img_size=&#8220;full&#8220; alignment=&#8220;center&#8220; onclick=&#8220;custom_link&#8220; img_link_target=&#8220;_blank&#8220; image_title=&#8220;Commune de Chardonne&#8220; image_link=&#8220;https:\/\/www.chardonne.ch\/&#8220; image_link_text=&#8220;Voir le site&#8220; link=&#8220;https:\/\/www.nyon.ch\/fr\/index.php&#8220;][vc_column_text] Nyon [\/vc_column_text][\/vc_column][vc_column width=&#8220;1\/6&#8243;][vc_single_image image=&#8220;3210&#8243; img_size=&#8220;full&#8220; alignment=&#8220;center&#8220; onclick=&#8220;custom_link&#8220; img_link_target=&#8220;_blank&#8220; image_title=&#8220;Commune de Chardonne&#8220; image_link=&#8220;https:\/\/www.chardonne.ch\/&#8220; image_link_text=&#8220;Voir le site&#8220; link=&#8220;http:\/\/www.ormont-dessous.ch\/&#8220;][vc_column_text] Ormont-dessous [\/vc_column_text][\/vc_column][vc_column width=&#8220;1\/6&#8243;][vc_single_image image=&#8220;3208&#8243; img_size=&#8220;full&#8220; alignment=&#8220;center&#8220; onclick=&#8220;custom_link&#8220; img_link_target=&#8220;_blank&#8220; link=&#8220;http:\/\/www.ostermundigen.ch\/&#8220;][vc_column_text] Ostermundigen [\/vc_column_text][\/vc_column][vc_column width=&#8220;1\/6&#8243;][vc_single_image image=&#8220;3206&#8243; img_size=&#8220;full&#8220; alignment=&#8220;center&#8220; onclick=&#8220;custom_link&#8220; img_link_target=&#8220;_blank&#8220; image_title=&#8220;Commune de Bernex&#8220; image_link=&#8220;http:\/\/www.bernex.ch\/&#8220; image_link_text=&#8220;Voir le site&#8220; link=&#8220;http:\/\/www.penthaz.ch\/&#8220;][vc_column_text] Penthaz [\/vc_column_text][\/vc_column][vc_column width=&#8220;1\/6&#8243;][vc_single_image image=&#8220;3204&#8243; img_size=&#8220;full&#8220; alignment=&#8220;center&#8220; onclick=&#8220;custom_link&#8220; img_link_target=&#8220;_blank&#8220; image_title=&#8220;Commune de Bulle&#8220; image_link=&#8220;http:\/\/www.bulle.ch\/fr\/&#8220; image_link_text=&#8220;Voir le site&#8220; link=&#8220;https:\/\/www.pully.ch\/fr\/accueil\/&#8220;][vc_column_text] Pully [\/vc_column_text][\/vc_column][vc_column width=&#8220;1\/6&#8243;][vc_single_image image=&#8220;3202&#8243; img_size=&#8220;full&#8220; alignment=&#8220;center&#8220; onclick=&#8220;custom_link&#8220; img_link_target=&#8220;_blank&#8220; image_title=&#8220;Commune de Chardonne&#8220; image_link=&#8220;https:\/\/www.chardonne.ch\/&#8220; image_link_text=&#8220;Voir le site&#8220; link=&#8220;http:\/\/www.romont.ch\/fr\/&#8220;][vc_column_text] Romont [\/vc_column_text][\/vc_column][\/vc_row][vc_row][vc_column][vc_separator][\/vc_column][\/vc_row][vc_row][vc_column width=&#8220;1\/6&#8243;][vc_single_image image=&#8220;3200&#8243; img_size=&#8220;full&#8220; alignment=&#8220;center&#8220; onclick=&#8220;custom_link&#8220; img_link_target=&#8220;_blank&#8220; image_title=&#8220;Commune de Chardonne&#8220; image_link=&#8220;https:\/\/www.chardonne.ch\/&#8220; image_link_text=&#8220;Voir le site&#8220; link=&#8220;http:\/\/www.semsales.ch\/&#8220;][vc_column_text] Semsales [\/vc_column_text][\/vc_column][vc_column width=&#8220;1\/6&#8243;][vc_single_image image=&#8220;3198&#8243; img_size=&#8220;full&#8220; alignment=&#8220;center&#8220; onclick=&#8220;custom_link&#8220; img_link_target=&#8220;_blank&#8220; link=&#8220;http:\/\/www.sissach.ch\/de\/&#8220;][vc_column_text] Sissach [\/vc_column_text][\/vc_column][vc_column width=&#8220;1\/6&#8243;][vc_single_image image=&#8220;3196&#8243; img_size=&#8220;full&#8220; alignment=&#8220;center&#8220; onclick=&#8220;custom_link&#8220; img_link_target=&#8220;_blank&#8220; image_title=&#8220;Commune de Bernex&#8220; image_link=&#8220;http:\/\/www.bernex.ch\/&#8220; image_link_text=&#8220;Voir le site&#8220; link=&#8220;http:\/\/www.stettlen.ch\/de\/index.php&#8220;][vc_column_text] Stettlen [\/vc_column_text][\/vc_column][vc_column width=&#8220;1\/6&#8243;][vc_single_image image=&#8220;3194&#8243; img_size=&#8220;full&#8220; alignment=&#8220;center&#8220; onclick=&#8220;custom_link&#8220; img_link_target=&#8220;_blank&#8220; image_title=&#8220;Commune de Bulle&#8220; image_link=&#8220;http:\/\/www.bulle.ch\/fr\/&#8220; image_link_text=&#8220;Voir le site&#8220; link=&#8220;http:\/\/www.sursee.ch\/de\/&#8220;][vc_column_text] Sursee [\/vc_column_text][\/vc_column][vc_column width=&#8220;1\/6&#8243;][vc_single_image image=&#8220;3192&#8243; img_size=&#8220;full&#8220; alignment=&#8220;center&#8220; onclick=&#8220;custom_link&#8220; img_link_target=&#8220;_blank&#8220; image_title=&#8220;Commune de Chardonne&#8220; image_link=&#8220;https:\/\/www.chardonne.ch\/&#8220; image_link_text=&#8220;Voir le site&#8220; link=&#8220;https:\/\/www.vechigen.ch\/&#8220;][vc_column_text] Vechigen [\/vc_column_text][\/vc_column][vc_column width=&#8220;1\/6&#8243;][vc_single_image image=&#8220;3190&#8243; img_size=&#8220;full&#8220; alignment=&#8220;center&#8220; onclick=&#8220;custom_link&#8220; img_link_target=&#8220;_blank&#8220; image_title=&#8220;Commune de Chardonne&#8220; image_link=&#8220;https:\/\/www.chardonne.ch\/&#8220; image_link_text=&#8220;Voir le site&#8220; link=&#8220;http:\/\/www.vevey.ch\/&#8220;][vc_column_text] Vevey [\/vc_column_text][\/vc_column][\/vc_row][vc_row][vc_column][vc_separator][\/vc_column][\/vc_row][vc_row][vc_column width=&#8220;1\/6&#8243;][vc_single_image image=&#8220;3444&#8243; img_size=&#8220;full&#8220; alignment=&#8220;center&#8220; onclick=&#8220;custom_link&#8220; img_link_target=&#8220;_blank&#8220; image_title=&#8220;Commune de Chardonne&#8220; image_link=&#8220;https:\/\/www.chardonne.ch\/&#8220; image_link_text=&#8220;Voir le site&#8220; link=&#8220;http:\/\/www.leflon.ch\/&#8220;][vc_column_text] Le Flon [\/vc_column_text][\/vc_column][vc_column width=&#8220;1\/6&#8243;][vc_single_image image=&#8220;3442&#8243; img_size=&#8220;full&#8220; alignment=&#8220;center&#8220; onclick=&#8220;custom_link&#8220; img_link_target=&#8220;_blank&#8220; link=&#8220;http:\/\/www.wuennewil-flamatt.ch\/de\/&#8220;][vc_column_text] W\u00fcnnewil-Flamatt [\/vc_column_text][\/vc_column][vc_column width=&#8220;1\/6&#8243;][vc_single_image image=&#8220;3505&#8243; img_size=&#8220;full&#8220; alignment=&#8220;center&#8220; onclick=&#8220;custom_link&#8220; img_link_target=&#8220;_blank&#8220; link=&#8220;https:\/\/www.bagnes.ch\/fr\/&#8220;][vc_column_text] Bagnes [\/vc_column_text][\/vc_column][vc_column width=&#8220;1\/6&#8243;][vc_single_image image=&#8220;3792&#8243; img_size=&#8220;full&#8220; onclick=&#8220;custom_link&#8220; img_link_target=&#8220;_blank&#8220; link=&#8220;http:\/\/www.lutry.ch\/&#8220;][vc_column_text] Lutry [\/vc_column_text][\/vc_column][vc_column width=&#8220;1\/6&#8243;][vc_single_image image=&#8220;3843&#8243; img_size=&#8220;full&#8220; onclick=&#8220;custom_link&#8220; img_link_target=&#8220;_blank&#8220; [&hellip;]","protected":false},"author":3,"featured_media":0,"parent":0,"menu_order":0,"comment_status":"closed","ping_status":"closed","template":"","meta":{"inline_featured_image":false,"footnotes":""},"class_list":["post-3132","page","type-page","status-publish","hentry"],"yoast_head":"<!-- This site is optimized with the Yoast SEO plugin v28.3 - https:\/\/yoast.com\/product\/yoast-seo-wordpress\/ -->\n<title>Referenzen - Hymexia - Strat\u00e9gie v\u00e9hicules et machines<\/title>\n<meta name=\"robots\" content=\"index, follow, max-snippet:-1, max-image-preview:large, max-video-preview:-1\" \/>\n<link rel=\"canonical\" href=\"https:\/\/www.hymexia.ch\/de\/referenzen\/\" \/>\n<meta property=\"og:locale\" content=\"de_DE\" \/>\n<meta property=\"og:type\" content=\"article\" \/>\n<meta property=\"og:title\" content=\"Referenzen - Hymexia - Strat\u00e9gie v\u00e9hicules et machines\" \/>\n<meta property=\"og:description\" content=\"[vc_row lg_spacing=&#8220;margin_bottom:-35&#8243; el_id=&#8220;heading-row&#8220; el_class=&#8220;fix-margin&#8220;][vc_column][tm_heading custom_google_font=&#8220;&#8220; text_color=&#8220;secondary_color&#8220; text=&#8220;Kantone &#8211; Kantonale Institutionen &#8211; Gewerkschaften\/Interkommunale Dienste&#8220; typed_list=&#8220;%5B%7B%7D%5D&#8220; font_size=&#8220;xs:26;sm:26;lg:32&#8243; line_height=&#8220;1.1&#8243;][vc_empty_space height=&#8220;30px&#8220;][\/vc_column][\/vc_row][vc_row][vc_column width=&#8220;1\/6&#8243; custom_border_color=&#8220;&#8220;][vc_single_image image=&#8220;3180&#8243; img_size=&#8220;full&#8220; alignment=&#8220;center&#8220; onclick=&#8220;custom_link&#8220; img_link_target=&#8220;_blank&#8220; css_animation=&#8220;none&#8220; link=&#8220;https:\/\/www.fr.ch\/accueil&#8220;][vc_column_text] \u00c9tat de Fribourg [\/vc_column_text][\/vc_column][vc_column width=&#8220;1\/6&#8243;][vc_single_image image=&#8220;3178&#8243; img_size=&#8220;full&#8220; alignment=&#8220;center&#8220; onclick=&#8220;custom_link&#8220; img_link_target=&#8220;_blank&#8220; image_title=&#8220;Commune de Bernex&#8220; image_link=&#8220;http:\/\/www.bernex.ch\/&#8220; image_link_text=&#8220;Voir le site&#8220; link=&#8220;https:\/\/www.ge.ch\/&#8220;][vc_column_text] R\u00e9publique et canton de Gen\u00e8ve [\/vc_column_text][\/vc_column][vc_column width=&#8220;1\/6&#8243;][vc_single_image image=&#8220;3846&#8243; img_size=&#8220;full&#8220; onclick=&#8220;custom_link&#8220; link=&#8220;http:\/\/www.vd.ch\/&#8220;][vc_column_text] \u00c9tat de Vaud [\/vc_column_text][\/vc_column][vc_column width=&#8220;1\/6&#8243;][vc_single_image image=&#8220;3034&#8243; img_size=&#8220;full&#8220; alignment=&#8220;center&#8220; onclick=&#8220;custom_link&#8220; img_link_target=&#8220;_blank&#8220; link=&#8220;http:\/\/www.vd.ch\/toutes-les-autorites\/departements\/departement-des-infrastructures-et-des-ressources-humaines-dirh\/direction-generale-de-la-mobilite-et-des-routes-dgmr\/&#8220;][vc_column_text] Direction g\u00e9n\u00e9rale de la mobilit\u00e9 et des routes (DGMR) [\/vc_column_text][\/vc_column][vc_column width=&#8220;1\/6&#8243;][\/vc_column][vc_column width=&#8220;1\/6&#8243;][\/vc_column][\/vc_row][vc_row][vc_column][vc_separator][\/vc_column][\/vc_row][vc_row lg_spacing=&#8220;margin_bottom:-35&#8243;][vc_column][tm_heading custom_google_font=&#8220;&#8220; animation=&#8220;&#8220; text=&#8220;Feuerwehr \/ Kantonale Versicherungsgesellschaften&#8220; typed_list=&#8220;%5B%7B%7D%5D&#8220;][vc_empty_space height=&#8220;30px&#8220;][\/vc_column][\/vc_row][vc_row][vc_column width=&#8220;1\/6&#8243;][vc_single_image image=&#8220;3174&#8243; img_size=&#8220;medium&#8220; alignment=&#8220;center&#8220; onclick=&#8220;custom_link&#8220; img_link_target=&#8220;_blank&#8220; image_title=&#8220;Commune de Chardonne&#8220; image_link=&#8220;https:\/\/www.chardonne.ch\/&#8220; image_link_text=&#8220;Voir le site&#8220; link=&#8220;http:\/\/www.ecab.ch&#8220;][vc_column_text] Kantonale Geb\u00e4udeversicherung (Fribourg) [\/vc_column_text][\/vc_column][vc_column width=&#8220;1\/6&#8243;][vc_single_image image=&#8220;3176&#8243; img_size=&#8220;medium&#8220; alignment=&#8220;center&#8220; onclick=&#8220;custom_link&#8220; img_link_target=&#8220;_blank&#8220; image_title=&#8220;Commune de Bulle&#8220; image_link=&#8220;http:\/\/www.bulle.ch\/fr\/&#8220; image_link_text=&#8220;Voir le site&#8220; link=&#8220;https:\/\/www.pompiers-bulle.ch\/&#8220;][vc_column_text] Corps des sapeurs-pompiers &#8211; Centre de renfort de la Gruy\u00e8re [\/vc_column_text][\/vc_column][vc_column width=&#8220;1\/6&#8243;][vc_single_image image=&#8220;2746&#8243; img_size=&#8220;medium&#8220; alignment=&#8220;center&#8220; onclick=&#8220;custom_link&#8220; img_link_target=&#8220;_blank&#8220; image_title=&#8220;Commune de Bulle&#8220; image_link=&#8220;http:\/\/www.bulle.ch\/fr\/&#8220; image_link_text=&#8220;Voir le site&#8220; link=&#8220;https:\/\/www.pompiers-basse-veveyse.ch&#8220;][vc_column_text] Corps des sapeurs-pompiers de la Basse-Veveyse [\/vc_column_text][\/vc_column][vc_column width=&#8220;1\/6&#8243;][vc_single_image image=&#8220;4027&#8243; img_size=&#8220;full&#8220; alignment=&#8220;center&#8220; onclick=&#8220;custom_link&#8220; img_link_target=&#8220;_blank&#8220; link=&#8220;http:\/\/www.ecap-ne.ch\/&#8220;][vc_column_text] \u00c9tablissement cantonal d&#8217;assurance et de pr\u00e9vention (Neuch\u00e2tel) [\/vc_column_text][\/vc_column][vc_column width=&#8220;1\/6&#8243;][\/vc_column][vc_column width=&#8220;1\/6&#8243;][\/vc_column][\/vc_row][vc_row][vc_column][vc_separator][\/vc_column][\/vc_row][vc_row lg_spacing=&#8220;margin_bottom:-35&#8243;][vc_column][tm_heading custom_google_font=&#8220;&#8220; animation=&#8220;&#8220; text=&#8220;Gewerkschaften\/Interkommunale Dienste&#8220; typed_list=&#8220;%5B%7B%7D%5D&#8220;][vc_empty_space height=&#8220;30px&#8220;][\/vc_column][\/vc_row][vc_row][vc_column width=&#8220;1\/6&#8243;][vc_single_image image=&#8220;3170&#8243; img_size=&#8220;full&#8220; alignment=&#8220;center&#8220; onclick=&#8220;custom_link&#8220; img_link_target=&#8220;_blank&#8220; link=&#8220;https:\/\/sidp.ch\/&#8220;][vc_column_text] Syndicat intercommunal du district de Porrentruy [\/vc_column_text][\/vc_column][vc_column width=&#8220;1\/6&#8243;][vc_single_image image=&#8220;3168&#8243; img_size=&#8220;full&#8220; alignment=&#8220;center&#8220; onclick=&#8220;custom_link&#8220; img_link_target=&#8220;_blank&#8220; image_title=&#8220;Commune de Bernex&#8220; image_link=&#8220;http:\/\/www.bernex.ch\/&#8220; image_link_text=&#8220;Voir le site&#8220; link=&#8220;http:\/\/www.sige.ch\/&#8220;][vc_column_text] Service intercommunal de gestion, Vevey [\/vc_column_text][\/vc_column][vc_column width=&#8220;1\/6&#8243;][vc_single_image image=&#8220;3036&#8243; img_size=&#8220;full&#8220; alignment=&#8220;center&#8220; onclick=&#8220;custom_link&#8220; img_link_target=&#8220;_blank&#8220; link=&#8220;http:\/\/www.epspreverenges.ch\/&#8220;][vc_column_text] EPSP Etablissement primaire et secondaire Pr\u00e9verenges et environs [\/vc_column_text][\/vc_column][vc_column width=&#8220;1\/6&#8243;][vc_single_image image=&#8220;3850&#8243; img_size=&#8220;full&#8220; onclick=&#8220;custom_link&#8220; img_link_target=&#8220;_blank&#8220; link=&#8220;http:\/\/www.ecoles-pays-denhaut.ch&#8220;][vc_column_text] ASIPE [\/vc_column_text][\/vc_column][vc_column width=&#8220;1\/6&#8243;][vc_single_image image=&#8220;4031&#8243; img_size=&#8220;full&#8220; alignment=&#8220;center&#8220; onclick=&#8220;custom_link&#8220; img_link_target=&#8220;_blank&#8220; link=&#8220;http:\/\/combinscatogne.ch\/&#8220;][vc_column_text] Triage forestier Combins-Catogne [\/vc_column_text][\/vc_column][vc_column width=&#8220;1\/6&#8243;][vc_single_image image=&#8220;4040&#8243; img_size=&#8220;full&#8220; alignment=&#8220;center&#8220; onclick=&#8220;custom_link&#8220; img_link_target=&#8220;_blank&#8220; link=&#8220;http:\/\/www.forets-veveyse.ch\/#:~:text=Le%20Groupement%20forestier%20de%20la,%2Dde%2DPeilz%20et%20Vevey.&#8220;][vc_column_text] Groupement forestier de la Veveyse [\/vc_column_text][\/vc_column][\/vc_row][vc_row][vc_column][vc_separator][\/vc_column][\/vc_row][vc_row][vc_column][vc_row_inner][vc_column_inner width=&#8220;1\/6&#8243;][vc_single_image image=&#8220;4163&#8243; img_size=&#8220;full&#8220; alignment=&#8220;center&#8220; onclick=&#8220;custom_link&#8220; img_link_target=&#8220;_blank&#8220; link=&#8220;http:\/\/www.aismle.ch\/&#8220;][vc_column_text] AISMLE Association Intercommunale Scolaire de Moudon, Lucens et Environs [\/vc_column_text][\/vc_column_inner][vc_column_inner width=&#8220;1\/6&#8243;][vc_single_image image=&#8220;4153&#8243; img_size=&#8220;full&#8220; alignment=&#8220;center&#8220; onclick=&#8220;custom_link&#8220; img_link_target=&#8220;_blank&#8220; link=&#8220;http:\/\/www.asi7.ch\/&#8220;][vc_column_text] ASI7 Association Scolaire Intercommunale des 7 communes r\u00e9gion de La Sarraz [\/vc_column_text][\/vc_column_inner][vc_column_inner width=&#8220;1\/6&#8243;][vc_single_image image=&#8220;4155&#8243; img_size=&#8220;full&#8220; alignment=&#8220;center&#8220; onclick=&#8220;custom_link&#8220; img_link_target=&#8220;_blank&#8220; link=&#8220;http:\/\/www.asice.ch\/&#8220;][vc_column_text] ASICE Association Scolaire Intercommunale de Cugy et environs [\/vc_column_text][\/vc_column_inner][vc_column_inner width=&#8220;1\/6&#8243;][vc_single_image image=&#8220;4159&#8243; img_size=&#8220;medium&#8220; alignment=&#8220;center&#8220; onclick=&#8220;custom_link&#8220; img_link_target=&#8220;_blank&#8220; link=&#8220;http:\/\/www.ewd.ch\/&#8220;][vc_column_text] Elektrizit\u00e4tswerk Davos AG [\/vc_column_text][\/vc_column_inner][vc_column_inner width=&#8220;1\/6&#8243;][\/vc_column_inner][vc_column_inner width=&#8220;1\/6&#8243;][\/vc_column_inner][\/vc_row_inner][\/vc_column][\/vc_row][vc_row][vc_column][vc_separator][\/vc_column][\/vc_row][vc_row lg_spacing=&#8220;margin_bottom:-35&#8243;][vc_column][tm_heading custom_google_font=&#8220;&#8220; animation=&#8220;&#8220; text=&#8220;Abfallentsorgungsanlagen&#8220; typed_list=&#8220;%5B%7B%7D%5D&#8220;][vc_empty_space height=&#8220;30px&#8220;][\/vc_column][\/vc_row][vc_row][vc_column width=&#8220;1\/6&#8243;][vc_single_image image=&#8220;3166&#8243; img_size=&#8220;full&#8220; alignment=&#8220;center&#8220; onclick=&#8220;custom_link&#8220; img_link_target=&#8220;_blank&#8220; image_title=&#8220;Commune de Bulle&#8220; image_link=&#8220;http:\/\/www.bulle.ch\/fr\/&#8220; image_link_text=&#8220;Voir le site&#8220; link=&#8220;https:\/\/www.vadec.ch\/&#8220;][vc_column_text] R\u00e9seau de valorisation des d\u00e9chets &#8211; Arc jurassien [\/vc_column_text][\/vc_column][vc_column width=&#8220;1\/6&#8243;][vc_single_image image=&#8220;3172&#8243; img_size=&#8220;full&#8220; alignment=&#8220;center&#8220; onclick=&#8220;custom_link&#8220; img_link_target=&#8220;_blank&#8220; image_title=&#8220;Commune de Chardonne&#8220; image_link=&#8220;https:\/\/www.chardonne.ch\/&#8220; image_link_text=&#8220;Voir le site&#8220; link=&#8220;http:\/\/seod.ch\/&#8220;][vc_column_text] Syndicat de gestion des d\u00e9chets de Del\u00e9mont et environs [\/vc_column_text][\/vc_column][vc_column width=&#8220;1\/6&#8243;][\/vc_column][vc_column width=&#8220;1\/6&#8243;][\/vc_column][vc_column width=&#8220;1\/6&#8243;][\/vc_column][vc_column width=&#8220;1\/6&#8243;][\/vc_column][\/vc_row][vc_row][vc_column][vc_separator][\/vc_column][\/vc_row][vc_row lg_spacing=&#8220;margin_bottom:-35&#8243;][vc_column][tm_heading custom_google_font=&#8220;&#8220; text_color=&#8220;secondary_color&#8220; text=&#8220;\u00d6ffentliche Verkehrsbetriebe&#8220; typed_list=&#8220;%5B%7B%7D%5D&#8220; font_size=&#8220;lg:32&#8243;][vc_empty_space height=&#8220;30px&#8220;][\/vc_column][\/vc_row][vc_row][vc_column width=&#8220;1\/6&#8243;][vc_single_image image=&#8220;3144&#8243; img_size=&#8220;full&#8220; alignment=&#8220;center&#8220; onclick=&#8220;custom_link&#8220; img_link_target=&#8220;_blank&#8220; link=&#8220;https:\/\/www.t-l.ch\/tout-sur-les-tl\/infrastructure-et-developpements\/flotte-et-infrastructure\/metro-m2&#8243;][vc_column_text] M\u00e9tro M2, Lausanne [\/vc_column_text][\/vc_column][vc_column width=&#8220;1\/6&#8243;][vc_single_image image=&#8220;3142&#8243; img_size=&#8220;full&#8220; alignment=&#8220;center&#8220; onclick=&#8220;custom_link&#8220; img_link_target=&#8220;_blank&#8220; image_title=&#8220;Commune de Bernex&#8220; image_link=&#8220;http:\/\/www.bernex.ch\/&#8220; image_link_text=&#8220;Voir le site&#8220; link=&#8220;https:\/\/www.t-l.ch\/&#8220;][vc_column_text] Transport publics lausannois [\/vc_column_text][\/vc_column][vc_column width=&#8220;1\/6&#8243;][vc_single_image image=&#8220;3140&#8243; img_size=&#8220;full&#8220; alignment=&#8220;center&#8220; onclick=&#8220;custom_link&#8220; img_link_target=&#8220;_blank&#8220; image_title=&#8220;Commune de Bulle&#8220; image_link=&#8220;http:\/\/www.bulle.ch\/fr\/&#8220; image_link_text=&#8220;Voir le site&#8220; link=&#8220;https:\/\/www.tpf.ch\/&#8220;][vc_column_text] Freiburgische Verkehrsbetriebe [\/vc_column_text][\/vc_column][vc_column width=&#8220;1\/6&#8243;][vc_single_image image=&#8220;3138&#8243; img_size=&#8220;full&#8220; alignment=&#8220;center&#8220; onclick=&#8220;custom_link&#8220; img_link_target=&#8220;_blank&#8220; image_title=&#8220;Commune de Chardonne&#8220; image_link=&#8220;https:\/\/www.chardonne.ch\/&#8220; image_link_text=&#8220;Voir le site&#8220; link=&#8220;https:\/\/www.tpg.ch\/&#8220;][vc_column_text] Transports publics genevois [\/vc_column_text][\/vc_column][vc_column width=&#8220;1\/6&#8243;][vc_single_image image=&#8220;3136&#8243; img_size=&#8220;full&#8220; alignment=&#8220;center&#8220; onclick=&#8220;custom_link&#8220; img_link_target=&#8220;_blank&#8220; image_title=&#8220;Commune de Chardonne&#8220; image_link=&#8220;https:\/\/www.chardonne.ch\/&#8220; image_link_text=&#8220;Voir le site&#8220; link=&#8220;https:\/\/www.transn.ch\/&#8220;][vc_column_text] Transports publics neuch\u00e2telois [\/vc_column_text][\/vc_column][vc_column width=&#8220;1\/6&#8243;][vc_single_image image=&#8220;3134&#8243; img_size=&#8220;full&#8220; alignment=&#8220;center&#8220; onclick=&#8220;custom_link&#8220; img_link_target=&#8220;_blank&#8220; link=&#8220;https:\/\/www.vmcv.ch\/&#8220;][vc_column_text] Transports publics Vevey-Montreux-Chillon-Villeneuve [\/vc_column_text][\/vc_column][\/vc_row][vc_row][vc_column][vc_separator][\/vc_column][\/vc_row][vc_row][vc_column width=&#8220;1\/6&#8243;][vc_single_image image=&#8220;2741&#8243; img_size=&#8220;full&#8220; alignment=&#8220;center&#8220; onclick=&#8220;custom_link&#8220; img_link_target=&#8220;_blank&#8220; link=&#8220;http:\/\/www.tpc.ch&#8220;][vc_column_text] Transports publics du Chablais [\/vc_column_text][\/vc_column][vc_column width=&#8220;1\/6&#8243;][vc_single_image image=&#8220;3440&#8243; img_size=&#8220;full&#8220; alignment=&#8220;center&#8220; onclick=&#8220;custom_link&#8220; img_link_target=&#8220;_blank&#8220; link=&#8220;https:\/\/mob.ch\/fr&#8220;][vc_column_text] MOB [\/vc_column_text][\/vc_column][vc_column width=&#8220;1\/6&#8243;][\/vc_column][vc_column width=&#8220;1\/6&#8243;][\/vc_column][vc_column width=&#8220;1\/6&#8243;][\/vc_column][vc_column width=&#8220;1\/6&#8243;][\/vc_column][\/vc_row][vc_row][vc_column][vc_separator][\/vc_column][\/vc_row][vc_row lg_spacing=&#8220;margin_bottom:-35&#8243;][vc_column][tm_heading custom_google_font=&#8220;&#8220; text_color=&#8220;secondary_color&#8220; text=&#8220;Gemeinden&#8220; typed_list=&#8220;%5B%7B%7D%5D&#8220; font_size=&#8220;lg:32&#8243;][vc_empty_space height=&#8220;30px&#8220;][\/vc_column][\/vc_row][vc_row][vc_column width=&#8220;1\/6&#8243;][vc_single_image image=&#8220;3244&#8243; img_size=&#8220;full&#8220; alignment=&#8220;center&#8220; onclick=&#8220;custom_link&#8220; img_link_target=&#8220;_blank&#8220; link=&#8220;http:\/\/www.attalens.ch\/&#8220;][vc_column_text] Attalens [\/vc_column_text][\/vc_column][vc_column width=&#8220;1\/6&#8243;][vc_single_image image=&#8220;3242&#8243; img_size=&#8220;full&#8220; alignment=&#8220;center&#8220; onclick=&#8220;custom_link&#8220; img_link_target=&#8220;_blank&#8220; image_title=&#8220;Commune de Bernex&#8220; image_link=&#8220;http:\/\/www.bernex.ch\/&#8220; image_link_text=&#8220;Voir le site&#8220; link=&#8220;http:\/\/www.bernex.ch\/&#8220;][vc_column_text] Bernex [\/vc_column_text][\/vc_column][vc_column width=&#8220;1\/6&#8243;][vc_single_image image=&#8220;3240&#8243; img_size=&#8220;full&#8220; alignment=&#8220;center&#8220; onclick=&#8220;custom_link&#8220; img_link_target=&#8220;_blank&#8220; image_title=&#8220;Commune de Bulle&#8220; image_link=&#8220;http:\/\/www.bulle.ch\/fr\/&#8220; image_link_text=&#8220;Voir le site&#8220; link=&#8220;http:\/\/www.bulle.ch\/fr\/&#8220;][vc_column_text] Bulle [\/vc_column_text][\/vc_column][vc_column width=&#8220;1\/6&#8243;][vc_single_image image=&#8220;3238&#8243; img_size=&#8220;full&#8220; alignment=&#8220;center&#8220; onclick=&#8220;custom_link&#8220; img_link_target=&#8220;_blank&#8220; image_title=&#8220;Commune de Chardonne&#8220; image_link=&#8220;https:\/\/www.chardonne.ch\/&#8220; image_link_text=&#8220;Voir le site&#8220; link=&#8220;https:\/\/www.chardonne.ch\/&#8220;][vc_column_text] Chardonne [\/vc_column_text][\/vc_column][vc_column width=&#8220;1\/6&#8243;][vc_single_image image=&#8220;3236&#8243; img_size=&#8220;full&#8220; alignment=&#8220;center&#8220; onclick=&#8220;custom_link&#8220; img_link_target=&#8220;_blank&#8220; image_title=&#8220;Commune de Chardonne&#8220; image_link=&#8220;https:\/\/www.chardonne.ch\/&#8220; image_link_text=&#8220;Voir le site&#8220; link=&#8220;http:\/\/www.chateaudoex-admin.ch\/fr\/&#8220;][vc_column_text] Ch\u00e2teau-d&#8217;Oex [\/vc_column_text][\/vc_column][vc_column width=&#8220;1\/6&#8243;][vc_single_image image=&#8220;3234&#8243; img_size=&#8220;full&#8220; alignment=&#8220;center&#8220; onclick=&#8220;custom_link&#8220; img_link_target=&#8220;_blank&#8220; link=&#8220;https:\/\/www.chatel-st-denis.ch\/&#8220;][vc_column_text] Ch\u00e2tel-St-Denis [\/vc_column_text][\/vc_column][\/vc_row][vc_row][vc_column][vc_separator][\/vc_column][\/vc_row][vc_row][vc_column width=&#8220;1\/6&#8243;][vc_single_image image=&#8220;3232&#8243; img_size=&#8220;full&#8220; alignment=&#8220;center&#8220; onclick=&#8220;custom_link&#8220; img_link_target=&#8220;_blank&#8220; image_title=&#8220;Commune de Bernex&#8220; image_link=&#8220;http:\/\/www.bernex.ch\/&#8220; image_link_text=&#8220;Voir le site&#8220; link=&#8220;http:\/\/www.courrendlin.ch\/&#8220;][vc_column_text] Courrendlin [\/vc_column_text][\/vc_column][vc_column width=&#8220;1\/6&#8243;][vc_single_image image=&#8220;3230&#8243; img_size=&#8220;full&#8220; alignment=&#8220;center&#8220; onclick=&#8220;custom_link&#8220; img_link_target=&#8220;_blank&#8220; image_title=&#8220;Commune de Bulle&#8220; image_link=&#8220;http:\/\/www.bulle.ch\/fr\/&#8220; image_link_text=&#8220;Voir le site&#8220; link=&#8220;https:\/\/www.courroux.ch\/&#8220;][vc_column_text] Courroux-Courcelon [\/vc_column_text][\/vc_column][vc_column width=&#8220;1\/6&#8243;][vc_single_image image=&#8220;3228&#8243; img_size=&#8220;full&#8220; alignment=&#8220;center&#8220; onclick=&#8220;custom_link&#8220; img_link_target=&#8220;_blank&#8220; image_title=&#8220;Commune de Chardonne&#8220; image_link=&#8220;https:\/\/www.chardonne.ch\/&#8220; image_link_text=&#8220;Voir le site&#8220; link=&#8220;http:\/\/www.delemont.ch\/&#8220;][vc_column_text] Del\u00e9mont [\/vc_column_text][\/vc_column][vc_column width=&#8220;1\/6&#8243;][vc_single_image image=&#8220;3226&#8243; img_size=&#8220;full&#8220; alignment=&#8220;center&#8220; onclick=&#8220;custom_link&#8220; img_link_target=&#8220;_blank&#8220; image_title=&#8220;Commune de Chardonne&#8220; image_link=&#8220;https:\/\/www.chardonne.ch\/&#8220; image_link_text=&#8220;Voir le site&#8220; link=&#8220;https:\/\/www.epalinges.ch\/&#8220;][vc_column_text] Epalinges [\/vc_column_text][\/vc_column][vc_column width=&#8220;1\/6&#8243;][vc_single_image image=&#8220;2744&#8243; img_size=&#8220;full&#8220; alignment=&#8220;center&#8220; onclick=&#8220;custom_link&#8220; img_link_target=&#8220;_blank&#8220; link=&#8220;http:\/\/www.gland.ch&#8220;][vc_column_text] Gland [\/vc_column_text][\/vc_column][vc_column width=&#8220;1\/6&#8243;][vc_single_image image=&#8220;3224&#8243; img_size=&#8220;full&#8220; alignment=&#8220;center&#8220; onclick=&#8220;custom_link&#8220; img_link_target=&#8220;_blank&#8220; link=&#8220;http:\/\/www.granges-veveyse.ch\/&#8220;][vc_column_text] Granges (Veveyse) [\/vc_column_text][\/vc_column][\/vc_row][vc_row][vc_column][vc_separator][\/vc_column][\/vc_row][vc_row][vc_column width=&#8220;1\/6&#8243;][vc_single_image image=&#8220;3222&#8243; img_size=&#8220;full&#8220; alignment=&#8220;center&#8220; onclick=&#8220;custom_link&#8220; img_link_target=&#8220;_blank&#8220; image_title=&#8220;Commune de Bernex&#8220; image_link=&#8220;http:\/\/www.bernex.ch\/&#8220; image_link_text=&#8220;Voir le site&#8220; link=&#8220;http:\/\/www.grenchen.ch\/de\/&#8220;][vc_column_text] Grenchen [\/vc_column_text][\/vc_column][vc_column width=&#8220;1\/6&#8243;][vc_single_image image=&#8220;3220&#8243; img_size=&#8220;full&#8220; alignment=&#8220;center&#8220; onclick=&#8220;custom_link&#8220; img_link_target=&#8220;_blank&#8220; image_title=&#8220;Commune de Bulle&#8220; image_link=&#8220;http:\/\/www.bulle.ch\/fr\/&#8220; image_link_text=&#8220;Voir le site&#8220; link=&#8220;http:\/\/www.jongny.ch&#8220;][vc_column_text] Jongny [\/vc_column_text][\/vc_column][vc_column width=&#8220;1\/6&#8243;][vc_single_image image=&#8220;3218&#8243; img_size=&#8220;full&#8220; alignment=&#8220;center&#8220; onclick=&#8220;custom_link&#8220; img_link_target=&#8220;_blank&#8220; image_title=&#8220;Commune de Chardonne&#8220; image_link=&#8220;https:\/\/www.chardonne.ch\/&#8220; image_link_text=&#8220;Voir le site&#8220; link=&#8220;https:\/\/www.milvignes.ch&#8220;][vc_column_text] Milvignes [\/vc_column_text][\/vc_column][vc_column width=&#8220;1\/6&#8243;][vc_single_image image=&#8220;3188&#8243; img_size=&#8220;full&#8220; alignment=&#8220;center&#8220; onclick=&#8220;custom_link&#8220; img_link_target=&#8220;_blank&#8220; image_title=&#8220;Commune de Chardonne&#8220; image_link=&#8220;https:\/\/www.chardonne.ch\/&#8220; image_link_text=&#8220;Voir le site&#8220; link=&#8220;https:\/\/www.monthey.ch\/&#8220;][vc_column_text] Monthey [\/vc_column_text][\/vc_column][vc_column width=&#8220;1\/6&#8243;][vc_single_image image=&#8220;3216&#8243; img_size=&#8220;full&#8220; alignment=&#8220;center&#8220; onclick=&#8220;custom_link&#8220; img_link_target=&#8220;_blank&#8220; image_title=&#8220;Commune de Bernex&#8220; image_link=&#8220;http:\/\/www.bernex.ch\/&#8220; image_link_text=&#8220;Voir le site&#8220; link=&#8220;http:\/\/www.montreux.ch&#8220;][vc_column_text] Montreux [\/vc_column_text][\/vc_column][vc_column width=&#8220;1\/6&#8243;][vc_single_image image=&#8220;3214&#8243; img_size=&#8220;full&#8220; alignment=&#8220;center&#8220; onclick=&#8220;custom_link&#8220; img_link_target=&#8220;_blank&#8220; image_title=&#8220;Commune de Bulle&#8220; image_link=&#8220;http:\/\/www.bulle.ch\/fr\/&#8220; image_link_text=&#8220;Voir le site&#8220; link=&#8220;https:\/\/www.neuchatelville.ch\/fr\/&#8220;][vc_column_text] Neuch\u00e2tel [\/vc_column_text][\/vc_column][\/vc_row][vc_row][vc_column][vc_separator][\/vc_column][\/vc_row][vc_row][vc_column width=&#8220;1\/6&#8243;][vc_single_image image=&#8220;3212&#8243; img_size=&#8220;full&#8220; alignment=&#8220;center&#8220; onclick=&#8220;custom_link&#8220; img_link_target=&#8220;_blank&#8220; image_title=&#8220;Commune de Chardonne&#8220; image_link=&#8220;https:\/\/www.chardonne.ch\/&#8220; image_link_text=&#8220;Voir le site&#8220; link=&#8220;https:\/\/www.nyon.ch\/fr\/index.php&#8220;][vc_column_text] Nyon [\/vc_column_text][\/vc_column][vc_column width=&#8220;1\/6&#8243;][vc_single_image image=&#8220;3210&#8243; img_size=&#8220;full&#8220; alignment=&#8220;center&#8220; onclick=&#8220;custom_link&#8220; img_link_target=&#8220;_blank&#8220; image_title=&#8220;Commune de Chardonne&#8220; image_link=&#8220;https:\/\/www.chardonne.ch\/&#8220; image_link_text=&#8220;Voir le site&#8220; link=&#8220;http:\/\/www.ormont-dessous.ch\/&#8220;][vc_column_text] Ormont-dessous [\/vc_column_text][\/vc_column][vc_column width=&#8220;1\/6&#8243;][vc_single_image image=&#8220;3208&#8243; img_size=&#8220;full&#8220; alignment=&#8220;center&#8220; onclick=&#8220;custom_link&#8220; img_link_target=&#8220;_blank&#8220; link=&#8220;http:\/\/www.ostermundigen.ch\/&#8220;][vc_column_text] Ostermundigen [\/vc_column_text][\/vc_column][vc_column width=&#8220;1\/6&#8243;][vc_single_image image=&#8220;3206&#8243; img_size=&#8220;full&#8220; alignment=&#8220;center&#8220; onclick=&#8220;custom_link&#8220; img_link_target=&#8220;_blank&#8220; image_title=&#8220;Commune de Bernex&#8220; image_link=&#8220;http:\/\/www.bernex.ch\/&#8220; image_link_text=&#8220;Voir le site&#8220; link=&#8220;http:\/\/www.penthaz.ch\/&#8220;][vc_column_text] Penthaz [\/vc_column_text][\/vc_column][vc_column width=&#8220;1\/6&#8243;][vc_single_image image=&#8220;3204&#8243; img_size=&#8220;full&#8220; alignment=&#8220;center&#8220; onclick=&#8220;custom_link&#8220; img_link_target=&#8220;_blank&#8220; image_title=&#8220;Commune de Bulle&#8220; image_link=&#8220;http:\/\/www.bulle.ch\/fr\/&#8220; image_link_text=&#8220;Voir le site&#8220; link=&#8220;https:\/\/www.pully.ch\/fr\/accueil\/&#8220;][vc_column_text] Pully [\/vc_column_text][\/vc_column][vc_column width=&#8220;1\/6&#8243;][vc_single_image image=&#8220;3202&#8243; img_size=&#8220;full&#8220; alignment=&#8220;center&#8220; onclick=&#8220;custom_link&#8220; img_link_target=&#8220;_blank&#8220; image_title=&#8220;Commune de Chardonne&#8220; image_link=&#8220;https:\/\/www.chardonne.ch\/&#8220; image_link_text=&#8220;Voir le site&#8220; link=&#8220;http:\/\/www.romont.ch\/fr\/&#8220;][vc_column_text] Romont [\/vc_column_text][\/vc_column][\/vc_row][vc_row][vc_column][vc_separator][\/vc_column][\/vc_row][vc_row][vc_column width=&#8220;1\/6&#8243;][vc_single_image image=&#8220;3200&#8243; img_size=&#8220;full&#8220; alignment=&#8220;center&#8220; onclick=&#8220;custom_link&#8220; img_link_target=&#8220;_blank&#8220; image_title=&#8220;Commune de Chardonne&#8220; image_link=&#8220;https:\/\/www.chardonne.ch\/&#8220; image_link_text=&#8220;Voir le site&#8220; link=&#8220;http:\/\/www.semsales.ch\/&#8220;][vc_column_text] Semsales [\/vc_column_text][\/vc_column][vc_column width=&#8220;1\/6&#8243;][vc_single_image image=&#8220;3198&#8243; img_size=&#8220;full&#8220; alignment=&#8220;center&#8220; onclick=&#8220;custom_link&#8220; img_link_target=&#8220;_blank&#8220; link=&#8220;http:\/\/www.sissach.ch\/de\/&#8220;][vc_column_text] Sissach [\/vc_column_text][\/vc_column][vc_column width=&#8220;1\/6&#8243;][vc_single_image image=&#8220;3196&#8243; img_size=&#8220;full&#8220; alignment=&#8220;center&#8220; onclick=&#8220;custom_link&#8220; img_link_target=&#8220;_blank&#8220; image_title=&#8220;Commune de Bernex&#8220; image_link=&#8220;http:\/\/www.bernex.ch\/&#8220; image_link_text=&#8220;Voir le site&#8220; link=&#8220;http:\/\/www.stettlen.ch\/de\/index.php&#8220;][vc_column_text] Stettlen [\/vc_column_text][\/vc_column][vc_column width=&#8220;1\/6&#8243;][vc_single_image image=&#8220;3194&#8243; img_size=&#8220;full&#8220; alignment=&#8220;center&#8220; onclick=&#8220;custom_link&#8220; img_link_target=&#8220;_blank&#8220; image_title=&#8220;Commune de Bulle&#8220; image_link=&#8220;http:\/\/www.bulle.ch\/fr\/&#8220; image_link_text=&#8220;Voir le site&#8220; link=&#8220;http:\/\/www.sursee.ch\/de\/&#8220;][vc_column_text] Sursee [\/vc_column_text][\/vc_column][vc_column width=&#8220;1\/6&#8243;][vc_single_image image=&#8220;3192&#8243; img_size=&#8220;full&#8220; alignment=&#8220;center&#8220; onclick=&#8220;custom_link&#8220; img_link_target=&#8220;_blank&#8220; image_title=&#8220;Commune de Chardonne&#8220; image_link=&#8220;https:\/\/www.chardonne.ch\/&#8220; image_link_text=&#8220;Voir le site&#8220; link=&#8220;https:\/\/www.vechigen.ch\/&#8220;][vc_column_text] Vechigen [\/vc_column_text][\/vc_column][vc_column width=&#8220;1\/6&#8243;][vc_single_image image=&#8220;3190&#8243; img_size=&#8220;full&#8220; alignment=&#8220;center&#8220; onclick=&#8220;custom_link&#8220; img_link_target=&#8220;_blank&#8220; image_title=&#8220;Commune de Chardonne&#8220; image_link=&#8220;https:\/\/www.chardonne.ch\/&#8220; image_link_text=&#8220;Voir le site&#8220; link=&#8220;http:\/\/www.vevey.ch\/&#8220;][vc_column_text] Vevey [\/vc_column_text][\/vc_column][\/vc_row][vc_row][vc_column][vc_separator][\/vc_column][\/vc_row][vc_row][vc_column width=&#8220;1\/6&#8243;][vc_single_image image=&#8220;3444&#8243; img_size=&#8220;full&#8220; alignment=&#8220;center&#8220; onclick=&#8220;custom_link&#8220; img_link_target=&#8220;_blank&#8220; image_title=&#8220;Commune de Chardonne&#8220; image_link=&#8220;https:\/\/www.chardonne.ch\/&#8220; image_link_text=&#8220;Voir le site&#8220; link=&#8220;http:\/\/www.leflon.ch\/&#8220;][vc_column_text] Le Flon [\/vc_column_text][\/vc_column][vc_column width=&#8220;1\/6&#8243;][vc_single_image image=&#8220;3442&#8243; img_size=&#8220;full&#8220; alignment=&#8220;center&#8220; onclick=&#8220;custom_link&#8220; img_link_target=&#8220;_blank&#8220; link=&#8220;http:\/\/www.wuennewil-flamatt.ch\/de\/&#8220;][vc_column_text] W\u00fcnnewil-Flamatt [\/vc_column_text][\/vc_column][vc_column width=&#8220;1\/6&#8243;][vc_single_image image=&#8220;3505&#8243; img_size=&#8220;full&#8220; alignment=&#8220;center&#8220; onclick=&#8220;custom_link&#8220; img_link_target=&#8220;_blank&#8220; link=&#8220;https:\/\/www.bagnes.ch\/fr\/&#8220;][vc_column_text] Bagnes [\/vc_column_text][\/vc_column][vc_column width=&#8220;1\/6&#8243;][vc_single_image image=&#8220;3792&#8243; img_size=&#8220;full&#8220; onclick=&#8220;custom_link&#8220; img_link_target=&#8220;_blank&#8220; link=&#8220;http:\/\/www.lutry.ch\/&#8220;][vc_column_text] Lutry [\/vc_column_text][\/vc_column][vc_column width=&#8220;1\/6&#8243;][vc_single_image image=&#8220;3843&#8243; img_size=&#8220;full&#8220; onclick=&#8220;custom_link&#8220; img_link_target=&#8220;_blank&#8220; [&hellip;]\" \/>\n<meta property=\"og:url\" content=\"https:\/\/www.hymexia.ch\/de\/referenzen\/\" \/>\n<meta property=\"og:site_name\" content=\"Hymexia - Strat\u00e9gie v\u00e9hicules et machines\" \/>\n<meta property=\"article:modified_time\" content=\"2023-12-13T11:49:35+00:00\" \/>\n<meta name=\"twitter:card\" content=\"summary_large_image\" \/>\n<meta name=\"twitter:label1\" content=\"Gesch\u00e4tzte Lesezeit\" \/>\n\t<meta name=\"twitter:data1\" content=\"26\u00a0Minuten\" \/>\n<script type=\"application\/ld+json\" class=\"yoast-schema-graph\">{\"@context\":\"https:\\\/\\\/schema.org\",\"@graph\":[{\"@type\":\"WebPage\",\"@id\":\"https:\\\/\\\/www.hymexia.ch\\\/de\\\/referenzen\\\/\",\"url\":\"https:\\\/\\\/www.hymexia.ch\\\/de\\\/referenzen\\\/\",\"name\":\"Referenzen - Hymexia - Strat\u00e9gie v\u00e9hicules et machines\",\"isPartOf\":{\"@id\":\"https:\\\/\\\/www.hymexia.ch\\\/de\\\/#website\"},\"datePublished\":\"2020-05-04T13:28:08+00:00\",\"dateModified\":\"2023-12-13T11:49:35+00:00\",\"breadcrumb\":{\"@id\":\"https:\\\/\\\/www.hymexia.ch\\\/de\\\/referenzen\\\/#breadcrumb\"},\"inLanguage\":\"de\",\"potentialAction\":[{\"@type\":\"ReadAction\",\"target\":[\"https:\\\/\\\/www.hymexia.ch\\\/de\\\/referenzen\\\/\"]}]},{\"@type\":\"BreadcrumbList\",\"@id\":\"https:\\\/\\\/www.hymexia.ch\\\/de\\\/referenzen\\\/#breadcrumb\",\"itemListElement\":[{\"@type\":\"ListItem\",\"position\":1,\"name\":\"Accueil\",\"item\":\"https:\\\/\\\/www.hymexia.ch\\\/de\\\/\"},{\"@type\":\"ListItem\",\"position\":2,\"name\":\"Referenzen\"}]},{\"@type\":\"WebSite\",\"@id\":\"https:\\\/\\\/www.hymexia.ch\\\/de\\\/#website\",\"url\":\"https:\\\/\\\/www.hymexia.ch\\\/de\\\/\",\"name\":\"Hymexia - Strat\u00e9gie v\u00e9hicules et machines\",\"description\":\"\",\"publisher\":{\"@id\":\"https:\\\/\\\/www.hymexia.ch\\\/de\\\/#organization\"},\"potentialAction\":[{\"@type\":\"SearchAction\",\"target\":{\"@type\":\"EntryPoint\",\"urlTemplate\":\"https:\\\/\\\/www.hymexia.ch\\\/de\\\/?s={search_term_string}\"},\"query-input\":{\"@type\":\"PropertyValueSpecification\",\"valueRequired\":true,\"valueName\":\"search_term_string\"}}],\"inLanguage\":\"de\"},{\"@type\":\"Organization\",\"@id\":\"https:\\\/\\\/www.hymexia.ch\\\/de\\\/#organization\",\"name\":\"Hymexia - Strat\u00e9gie v\u00e9hicules et machines\",\"url\":\"https:\\\/\\\/www.hymexia.ch\\\/de\\\/\",\"logo\":{\"@type\":\"ImageObject\",\"inLanguage\":\"de\",\"@id\":\"https:\\\/\\\/www.hymexia.ch\\\/de\\\/#\\\/schema\\\/logo\\\/image\\\/\",\"url\":\"https:\\\/\\\/www.hymexia.ch\\\/wp-content\\\/uploads\\\/2018\\\/12\\\/hymexia_logo_150.png\",\"contentUrl\":\"https:\\\/\\\/www.hymexia.ch\\\/wp-content\\\/uploads\\\/2018\\\/12\\\/hymexia_logo_150.png\",\"width\":150,\"height\":27,\"caption\":\"Hymexia - Strat\u00e9gie v\u00e9hicules et machines\"},\"image\":{\"@id\":\"https:\\\/\\\/www.hymexia.ch\\\/de\\\/#\\\/schema\\\/logo\\\/image\\\/\"}}]}<\/script>\n<!-- \/ Yoast SEO plugin. -->","yoast_head_json":{"title":"Referenzen - Hymexia - Strat\u00e9gie v\u00e9hicules et machines","robots":{"index":"index","follow":"follow","max-snippet":"max-snippet:-1","max-image-preview":"max-image-preview:large","max-video-preview":"max-video-preview:-1"},"canonical":"https:\/\/www.hymexia.ch\/de\/referenzen\/","og_locale":"de_DE","og_type":"article","og_title":"Referenzen - Hymexia - Strat\u00e9gie v\u00e9hicules et machines","og_description":"[vc_row lg_spacing=&#8220;margin_bottom:-35&#8243; el_id=&#8220;heading-row&#8220; el_class=&#8220;fix-margin&#8220;][vc_column][tm_heading custom_google_font=&#8220;&#8220; text_color=&#8220;secondary_color&#8220; text=&#8220;Kantone &#8211; Kantonale Institutionen &#8211; Gewerkschaften\/Interkommunale Dienste&#8220; typed_list=&#8220;%5B%7B%7D%5D&#8220; font_size=&#8220;xs:26;sm:26;lg:32&#8243; line_height=&#8220;1.1&#8243;][vc_empty_space height=&#8220;30px&#8220;][\/vc_column][\/vc_row][vc_row][vc_column width=&#8220;1\/6&#8243; custom_border_color=&#8220;&#8220;][vc_single_image image=&#8220;3180&#8243; img_size=&#8220;full&#8220; alignment=&#8220;center&#8220; onclick=&#8220;custom_link&#8220; img_link_target=&#8220;_blank&#8220; css_animation=&#8220;none&#8220; link=&#8220;https:\/\/www.fr.ch\/accueil&#8220;][vc_column_text] \u00c9tat de Fribourg [\/vc_column_text][\/vc_column][vc_column width=&#8220;1\/6&#8243;][vc_single_image image=&#8220;3178&#8243; img_size=&#8220;full&#8220; alignment=&#8220;center&#8220; onclick=&#8220;custom_link&#8220; img_link_target=&#8220;_blank&#8220; image_title=&#8220;Commune de Bernex&#8220; image_link=&#8220;http:\/\/www.bernex.ch\/&#8220; image_link_text=&#8220;Voir le site&#8220; link=&#8220;https:\/\/www.ge.ch\/&#8220;][vc_column_text] R\u00e9publique et canton de Gen\u00e8ve [\/vc_column_text][\/vc_column][vc_column width=&#8220;1\/6&#8243;][vc_single_image image=&#8220;3846&#8243; img_size=&#8220;full&#8220; onclick=&#8220;custom_link&#8220; link=&#8220;http:\/\/www.vd.ch\/&#8220;][vc_column_text] \u00c9tat de Vaud [\/vc_column_text][\/vc_column][vc_column width=&#8220;1\/6&#8243;][vc_single_image image=&#8220;3034&#8243; img_size=&#8220;full&#8220; alignment=&#8220;center&#8220; onclick=&#8220;custom_link&#8220; img_link_target=&#8220;_blank&#8220; link=&#8220;http:\/\/www.vd.ch\/toutes-les-autorites\/departements\/departement-des-infrastructures-et-des-ressources-humaines-dirh\/direction-generale-de-la-mobilite-et-des-routes-dgmr\/&#8220;][vc_column_text] Direction g\u00e9n\u00e9rale de la mobilit\u00e9 et des routes (DGMR) [\/vc_column_text][\/vc_column][vc_column width=&#8220;1\/6&#8243;][\/vc_column][vc_column width=&#8220;1\/6&#8243;][\/vc_column][\/vc_row][vc_row][vc_column][vc_separator][\/vc_column][\/vc_row][vc_row lg_spacing=&#8220;margin_bottom:-35&#8243;][vc_column][tm_heading custom_google_font=&#8220;&#8220; animation=&#8220;&#8220; text=&#8220;Feuerwehr \/ Kantonale Versicherungsgesellschaften&#8220; typed_list=&#8220;%5B%7B%7D%5D&#8220;][vc_empty_space height=&#8220;30px&#8220;][\/vc_column][\/vc_row][vc_row][vc_column width=&#8220;1\/6&#8243;][vc_single_image image=&#8220;3174&#8243; img_size=&#8220;medium&#8220; alignment=&#8220;center&#8220; onclick=&#8220;custom_link&#8220; img_link_target=&#8220;_blank&#8220; image_title=&#8220;Commune de Chardonne&#8220; image_link=&#8220;https:\/\/www.chardonne.ch\/&#8220; image_link_text=&#8220;Voir le site&#8220; link=&#8220;http:\/\/www.ecab.ch&#8220;][vc_column_text] Kantonale Geb\u00e4udeversicherung (Fribourg) [\/vc_column_text][\/vc_column][vc_column width=&#8220;1\/6&#8243;][vc_single_image image=&#8220;3176&#8243; img_size=&#8220;medium&#8220; alignment=&#8220;center&#8220; onclick=&#8220;custom_link&#8220; img_link_target=&#8220;_blank&#8220; image_title=&#8220;Commune de Bulle&#8220; image_link=&#8220;http:\/\/www.bulle.ch\/fr\/&#8220; image_link_text=&#8220;Voir le site&#8220; link=&#8220;https:\/\/www.pompiers-bulle.ch\/&#8220;][vc_column_text] Corps des sapeurs-pompiers &#8211; Centre de renfort de la Gruy\u00e8re [\/vc_column_text][\/vc_column][vc_column width=&#8220;1\/6&#8243;][vc_single_image image=&#8220;2746&#8243; img_size=&#8220;medium&#8220; alignment=&#8220;center&#8220; onclick=&#8220;custom_link&#8220; img_link_target=&#8220;_blank&#8220; image_title=&#8220;Commune de Bulle&#8220; image_link=&#8220;http:\/\/www.bulle.ch\/fr\/&#8220; image_link_text=&#8220;Voir le site&#8220; link=&#8220;https:\/\/www.pompiers-basse-veveyse.ch&#8220;][vc_column_text] Corps des sapeurs-pompiers de la Basse-Veveyse [\/vc_column_text][\/vc_column][vc_column width=&#8220;1\/6&#8243;][vc_single_image image=&#8220;4027&#8243; img_size=&#8220;full&#8220; alignment=&#8220;center&#8220; onclick=&#8220;custom_link&#8220; img_link_target=&#8220;_blank&#8220; link=&#8220;http:\/\/www.ecap-ne.ch\/&#8220;][vc_column_text] \u00c9tablissement cantonal d&#8217;assurance et de pr\u00e9vention (Neuch\u00e2tel) [\/vc_column_text][\/vc_column][vc_column width=&#8220;1\/6&#8243;][\/vc_column][vc_column width=&#8220;1\/6&#8243;][\/vc_column][\/vc_row][vc_row][vc_column][vc_separator][\/vc_column][\/vc_row][vc_row lg_spacing=&#8220;margin_bottom:-35&#8243;][vc_column][tm_heading custom_google_font=&#8220;&#8220; animation=&#8220;&#8220; text=&#8220;Gewerkschaften\/Interkommunale Dienste&#8220; typed_list=&#8220;%5B%7B%7D%5D&#8220;][vc_empty_space height=&#8220;30px&#8220;][\/vc_column][\/vc_row][vc_row][vc_column width=&#8220;1\/6&#8243;][vc_single_image image=&#8220;3170&#8243; img_size=&#8220;full&#8220; alignment=&#8220;center&#8220; onclick=&#8220;custom_link&#8220; img_link_target=&#8220;_blank&#8220; link=&#8220;https:\/\/sidp.ch\/&#8220;][vc_column_text] Syndicat intercommunal du district de Porrentruy [\/vc_column_text][\/vc_column][vc_column width=&#8220;1\/6&#8243;][vc_single_image image=&#8220;3168&#8243; img_size=&#8220;full&#8220; alignment=&#8220;center&#8220; onclick=&#8220;custom_link&#8220; img_link_target=&#8220;_blank&#8220; image_title=&#8220;Commune de Bernex&#8220; image_link=&#8220;http:\/\/www.bernex.ch\/&#8220; image_link_text=&#8220;Voir le site&#8220; link=&#8220;http:\/\/www.sige.ch\/&#8220;][vc_column_text] Service intercommunal de gestion, Vevey [\/vc_column_text][\/vc_column][vc_column width=&#8220;1\/6&#8243;][vc_single_image image=&#8220;3036&#8243; img_size=&#8220;full&#8220; alignment=&#8220;center&#8220; onclick=&#8220;custom_link&#8220; img_link_target=&#8220;_blank&#8220; link=&#8220;http:\/\/www.epspreverenges.ch\/&#8220;][vc_column_text] EPSP Etablissement primaire et secondaire Pr\u00e9verenges et environs [\/vc_column_text][\/vc_column][vc_column width=&#8220;1\/6&#8243;][vc_single_image image=&#8220;3850&#8243; img_size=&#8220;full&#8220; onclick=&#8220;custom_link&#8220; img_link_target=&#8220;_blank&#8220; link=&#8220;http:\/\/www.ecoles-pays-denhaut.ch&#8220;][vc_column_text] ASIPE [\/vc_column_text][\/vc_column][vc_column width=&#8220;1\/6&#8243;][vc_single_image image=&#8220;4031&#8243; img_size=&#8220;full&#8220; alignment=&#8220;center&#8220; onclick=&#8220;custom_link&#8220; img_link_target=&#8220;_blank&#8220; link=&#8220;http:\/\/combinscatogne.ch\/&#8220;][vc_column_text] Triage forestier Combins-Catogne [\/vc_column_text][\/vc_column][vc_column width=&#8220;1\/6&#8243;][vc_single_image image=&#8220;4040&#8243; img_size=&#8220;full&#8220; alignment=&#8220;center&#8220; onclick=&#8220;custom_link&#8220; img_link_target=&#8220;_blank&#8220; link=&#8220;http:\/\/www.forets-veveyse.ch\/#:~:text=Le%20Groupement%20forestier%20de%20la,%2Dde%2DPeilz%20et%20Vevey.&#8220;][vc_column_text] Groupement forestier de la Veveyse [\/vc_column_text][\/vc_column][\/vc_row][vc_row][vc_column][vc_separator][\/vc_column][\/vc_row][vc_row][vc_column][vc_row_inner][vc_column_inner width=&#8220;1\/6&#8243;][vc_single_image image=&#8220;4163&#8243; img_size=&#8220;full&#8220; alignment=&#8220;center&#8220; onclick=&#8220;custom_link&#8220; img_link_target=&#8220;_blank&#8220; link=&#8220;http:\/\/www.aismle.ch\/&#8220;][vc_column_text] AISMLE Association Intercommunale Scolaire de Moudon, Lucens et Environs [\/vc_column_text][\/vc_column_inner][vc_column_inner width=&#8220;1\/6&#8243;][vc_single_image image=&#8220;4153&#8243; img_size=&#8220;full&#8220; alignment=&#8220;center&#8220; onclick=&#8220;custom_link&#8220; img_link_target=&#8220;_blank&#8220; link=&#8220;http:\/\/www.asi7.ch\/&#8220;][vc_column_text] ASI7 Association Scolaire Intercommunale des 7 communes r\u00e9gion de La Sarraz [\/vc_column_text][\/vc_column_inner][vc_column_inner width=&#8220;1\/6&#8243;][vc_single_image image=&#8220;4155&#8243; img_size=&#8220;full&#8220; alignment=&#8220;center&#8220; onclick=&#8220;custom_link&#8220; img_link_target=&#8220;_blank&#8220; link=&#8220;http:\/\/www.asice.ch\/&#8220;][vc_column_text] ASICE Association Scolaire Intercommunale de Cugy et environs [\/vc_column_text][\/vc_column_inner][vc_column_inner width=&#8220;1\/6&#8243;][vc_single_image image=&#8220;4159&#8243; img_size=&#8220;medium&#8220; alignment=&#8220;center&#8220; onclick=&#8220;custom_link&#8220; img_link_target=&#8220;_blank&#8220; link=&#8220;http:\/\/www.ewd.ch\/&#8220;][vc_column_text] Elektrizit\u00e4tswerk Davos AG [\/vc_column_text][\/vc_column_inner][vc_column_inner width=&#8220;1\/6&#8243;][\/vc_column_inner][vc_column_inner width=&#8220;1\/6&#8243;][\/vc_column_inner][\/vc_row_inner][\/vc_column][\/vc_row][vc_row][vc_column][vc_separator][\/vc_column][\/vc_row][vc_row lg_spacing=&#8220;margin_bottom:-35&#8243;][vc_column][tm_heading custom_google_font=&#8220;&#8220; animation=&#8220;&#8220; text=&#8220;Abfallentsorgungsanlagen&#8220; typed_list=&#8220;%5B%7B%7D%5D&#8220;][vc_empty_space height=&#8220;30px&#8220;][\/vc_column][\/vc_row][vc_row][vc_column width=&#8220;1\/6&#8243;][vc_single_image image=&#8220;3166&#8243; img_size=&#8220;full&#8220; alignment=&#8220;center&#8220; onclick=&#8220;custom_link&#8220; img_link_target=&#8220;_blank&#8220; image_title=&#8220;Commune de Bulle&#8220; image_link=&#8220;http:\/\/www.bulle.ch\/fr\/&#8220; image_link_text=&#8220;Voir le site&#8220; link=&#8220;https:\/\/www.vadec.ch\/&#8220;][vc_column_text] R\u00e9seau de valorisation des d\u00e9chets &#8211; Arc jurassien [\/vc_column_text][\/vc_column][vc_column width=&#8220;1\/6&#8243;][vc_single_image image=&#8220;3172&#8243; img_size=&#8220;full&#8220; alignment=&#8220;center&#8220; onclick=&#8220;custom_link&#8220; img_link_target=&#8220;_blank&#8220; image_title=&#8220;Commune de Chardonne&#8220; image_link=&#8220;https:\/\/www.chardonne.ch\/&#8220; image_link_text=&#8220;Voir le site&#8220; link=&#8220;http:\/\/seod.ch\/&#8220;][vc_column_text] Syndicat de gestion des d\u00e9chets de Del\u00e9mont et environs [\/vc_column_text][\/vc_column][vc_column width=&#8220;1\/6&#8243;][\/vc_column][vc_column width=&#8220;1\/6&#8243;][\/vc_column][vc_column width=&#8220;1\/6&#8243;][\/vc_column][vc_column width=&#8220;1\/6&#8243;][\/vc_column][\/vc_row][vc_row][vc_column][vc_separator][\/vc_column][\/vc_row][vc_row lg_spacing=&#8220;margin_bottom:-35&#8243;][vc_column][tm_heading custom_google_font=&#8220;&#8220; text_color=&#8220;secondary_color&#8220; text=&#8220;\u00d6ffentliche Verkehrsbetriebe&#8220; typed_list=&#8220;%5B%7B%7D%5D&#8220; font_size=&#8220;lg:32&#8243;][vc_empty_space height=&#8220;30px&#8220;][\/vc_column][\/vc_row][vc_row][vc_column width=&#8220;1\/6&#8243;][vc_single_image image=&#8220;3144&#8243; img_size=&#8220;full&#8220; alignment=&#8220;center&#8220; onclick=&#8220;custom_link&#8220; img_link_target=&#8220;_blank&#8220; link=&#8220;https:\/\/www.t-l.ch\/tout-sur-les-tl\/infrastructure-et-developpements\/flotte-et-infrastructure\/metro-m2&#8243;][vc_column_text] M\u00e9tro M2, Lausanne [\/vc_column_text][\/vc_column][vc_column width=&#8220;1\/6&#8243;][vc_single_image image=&#8220;3142&#8243; img_size=&#8220;full&#8220; alignment=&#8220;center&#8220; onclick=&#8220;custom_link&#8220; img_link_target=&#8220;_blank&#8220; image_title=&#8220;Commune de Bernex&#8220; image_link=&#8220;http:\/\/www.bernex.ch\/&#8220; image_link_text=&#8220;Voir le site&#8220; link=&#8220;https:\/\/www.t-l.ch\/&#8220;][vc_column_text] Transport publics lausannois [\/vc_column_text][\/vc_column][vc_column width=&#8220;1\/6&#8243;][vc_single_image image=&#8220;3140&#8243; img_size=&#8220;full&#8220; alignment=&#8220;center&#8220; onclick=&#8220;custom_link&#8220; img_link_target=&#8220;_blank&#8220; image_title=&#8220;Commune de Bulle&#8220; image_link=&#8220;http:\/\/www.bulle.ch\/fr\/&#8220; image_link_text=&#8220;Voir le site&#8220; link=&#8220;https:\/\/www.tpf.ch\/&#8220;][vc_column_text] Freiburgische Verkehrsbetriebe [\/vc_column_text][\/vc_column][vc_column width=&#8220;1\/6&#8243;][vc_single_image image=&#8220;3138&#8243; img_size=&#8220;full&#8220; alignment=&#8220;center&#8220; onclick=&#8220;custom_link&#8220; img_link_target=&#8220;_blank&#8220; image_title=&#8220;Commune de Chardonne&#8220; image_link=&#8220;https:\/\/www.chardonne.ch\/&#8220; image_link_text=&#8220;Voir le site&#8220; link=&#8220;https:\/\/www.tpg.ch\/&#8220;][vc_column_text] Transports publics genevois [\/vc_column_text][\/vc_column][vc_column width=&#8220;1\/6&#8243;][vc_single_image image=&#8220;3136&#8243; img_size=&#8220;full&#8220; alignment=&#8220;center&#8220; onclick=&#8220;custom_link&#8220; img_link_target=&#8220;_blank&#8220; image_title=&#8220;Commune de Chardonne&#8220; image_link=&#8220;https:\/\/www.chardonne.ch\/&#8220; image_link_text=&#8220;Voir le site&#8220; link=&#8220;https:\/\/www.transn.ch\/&#8220;][vc_column_text] Transports publics neuch\u00e2telois [\/vc_column_text][\/vc_column][vc_column width=&#8220;1\/6&#8243;][vc_single_image image=&#8220;3134&#8243; img_size=&#8220;full&#8220; alignment=&#8220;center&#8220; onclick=&#8220;custom_link&#8220; img_link_target=&#8220;_blank&#8220; link=&#8220;https:\/\/www.vmcv.ch\/&#8220;][vc_column_text] Transports publics Vevey-Montreux-Chillon-Villeneuve [\/vc_column_text][\/vc_column][\/vc_row][vc_row][vc_column][vc_separator][\/vc_column][\/vc_row][vc_row][vc_column width=&#8220;1\/6&#8243;][vc_single_image image=&#8220;2741&#8243; img_size=&#8220;full&#8220; alignment=&#8220;center&#8220; onclick=&#8220;custom_link&#8220; img_link_target=&#8220;_blank&#8220; link=&#8220;http:\/\/www.tpc.ch&#8220;][vc_column_text] Transports publics du Chablais [\/vc_column_text][\/vc_column][vc_column width=&#8220;1\/6&#8243;][vc_single_image image=&#8220;3440&#8243; img_size=&#8220;full&#8220; alignment=&#8220;center&#8220; onclick=&#8220;custom_link&#8220; img_link_target=&#8220;_blank&#8220; link=&#8220;https:\/\/mob.ch\/fr&#8220;][vc_column_text] MOB [\/vc_column_text][\/vc_column][vc_column width=&#8220;1\/6&#8243;][\/vc_column][vc_column width=&#8220;1\/6&#8243;][\/vc_column][vc_column width=&#8220;1\/6&#8243;][\/vc_column][vc_column width=&#8220;1\/6&#8243;][\/vc_column][\/vc_row][vc_row][vc_column][vc_separator][\/vc_column][\/vc_row][vc_row lg_spacing=&#8220;margin_bottom:-35&#8243;][vc_column][tm_heading custom_google_font=&#8220;&#8220; text_color=&#8220;secondary_color&#8220; text=&#8220;Gemeinden&#8220; typed_list=&#8220;%5B%7B%7D%5D&#8220; font_size=&#8220;lg:32&#8243;][vc_empty_space height=&#8220;30px&#8220;][\/vc_column][\/vc_row][vc_row][vc_column width=&#8220;1\/6&#8243;][vc_single_image image=&#8220;3244&#8243; img_size=&#8220;full&#8220; alignment=&#8220;center&#8220; onclick=&#8220;custom_link&#8220; img_link_target=&#8220;_blank&#8220; link=&#8220;http:\/\/www.attalens.ch\/&#8220;][vc_column_text] Attalens [\/vc_column_text][\/vc_column][vc_column width=&#8220;1\/6&#8243;][vc_single_image image=&#8220;3242&#8243; img_size=&#8220;full&#8220; alignment=&#8220;center&#8220; onclick=&#8220;custom_link&#8220; img_link_target=&#8220;_blank&#8220; image_title=&#8220;Commune de Bernex&#8220; image_link=&#8220;http:\/\/www.bernex.ch\/&#8220; image_link_text=&#8220;Voir le site&#8220; link=&#8220;http:\/\/www.bernex.ch\/&#8220;][vc_column_text] Bernex [\/vc_column_text][\/vc_column][vc_column width=&#8220;1\/6&#8243;][vc_single_image image=&#8220;3240&#8243; img_size=&#8220;full&#8220; alignment=&#8220;center&#8220; onclick=&#8220;custom_link&#8220; img_link_target=&#8220;_blank&#8220; image_title=&#8220;Commune de Bulle&#8220; image_link=&#8220;http:\/\/www.bulle.ch\/fr\/&#8220; image_link_text=&#8220;Voir le site&#8220; link=&#8220;http:\/\/www.bulle.ch\/fr\/&#8220;][vc_column_text] Bulle [\/vc_column_text][\/vc_column][vc_column width=&#8220;1\/6&#8243;][vc_single_image image=&#8220;3238&#8243; img_size=&#8220;full&#8220; alignment=&#8220;center&#8220; onclick=&#8220;custom_link&#8220; img_link_target=&#8220;_blank&#8220; image_title=&#8220;Commune de Chardonne&#8220; image_link=&#8220;https:\/\/www.chardonne.ch\/&#8220; image_link_text=&#8220;Voir le site&#8220; link=&#8220;https:\/\/www.chardonne.ch\/&#8220;][vc_column_text] Chardonne [\/vc_column_text][\/vc_column][vc_column width=&#8220;1\/6&#8243;][vc_single_image image=&#8220;3236&#8243; img_size=&#8220;full&#8220; alignment=&#8220;center&#8220; onclick=&#8220;custom_link&#8220; img_link_target=&#8220;_blank&#8220; image_title=&#8220;Commune de Chardonne&#8220; image_link=&#8220;https:\/\/www.chardonne.ch\/&#8220; image_link_text=&#8220;Voir le site&#8220; link=&#8220;http:\/\/www.chateaudoex-admin.ch\/fr\/&#8220;][vc_column_text] Ch\u00e2teau-d&#8217;Oex [\/vc_column_text][\/vc_column][vc_column width=&#8220;1\/6&#8243;][vc_single_image image=&#8220;3234&#8243; img_size=&#8220;full&#8220; alignment=&#8220;center&#8220; onclick=&#8220;custom_link&#8220; img_link_target=&#8220;_blank&#8220; link=&#8220;https:\/\/www.chatel-st-denis.ch\/&#8220;][vc_column_text] Ch\u00e2tel-St-Denis [\/vc_column_text][\/vc_column][\/vc_row][vc_row][vc_column][vc_separator][\/vc_column][\/vc_row][vc_row][vc_column width=&#8220;1\/6&#8243;][vc_single_image image=&#8220;3232&#8243; img_size=&#8220;full&#8220; alignment=&#8220;center&#8220; onclick=&#8220;custom_link&#8220; img_link_target=&#8220;_blank&#8220; image_title=&#8220;Commune de Bernex&#8220; image_link=&#8220;http:\/\/www.bernex.ch\/&#8220; image_link_text=&#8220;Voir le site&#8220; link=&#8220;http:\/\/www.courrendlin.ch\/&#8220;][vc_column_text] Courrendlin [\/vc_column_text][\/vc_column][vc_column width=&#8220;1\/6&#8243;][vc_single_image image=&#8220;3230&#8243; img_size=&#8220;full&#8220; alignment=&#8220;center&#8220; onclick=&#8220;custom_link&#8220; img_link_target=&#8220;_blank&#8220; image_title=&#8220;Commune de Bulle&#8220; image_link=&#8220;http:\/\/www.bulle.ch\/fr\/&#8220; image_link_text=&#8220;Voir le site&#8220; link=&#8220;https:\/\/www.courroux.ch\/&#8220;][vc_column_text] Courroux-Courcelon [\/vc_column_text][\/vc_column][vc_column width=&#8220;1\/6&#8243;][vc_single_image image=&#8220;3228&#8243; img_size=&#8220;full&#8220; alignment=&#8220;center&#8220; onclick=&#8220;custom_link&#8220; img_link_target=&#8220;_blank&#8220; image_title=&#8220;Commune de Chardonne&#8220; image_link=&#8220;https:\/\/www.chardonne.ch\/&#8220; image_link_text=&#8220;Voir le site&#8220; link=&#8220;http:\/\/www.delemont.ch\/&#8220;][vc_column_text] Del\u00e9mont [\/vc_column_text][\/vc_column][vc_column width=&#8220;1\/6&#8243;][vc_single_image image=&#8220;3226&#8243; img_size=&#8220;full&#8220; alignment=&#8220;center&#8220; onclick=&#8220;custom_link&#8220; img_link_target=&#8220;_blank&#8220; image_title=&#8220;Commune de Chardonne&#8220; image_link=&#8220;https:\/\/www.chardonne.ch\/&#8220; image_link_text=&#8220;Voir le site&#8220; link=&#8220;https:\/\/www.epalinges.ch\/&#8220;][vc_column_text] Epalinges [\/vc_column_text][\/vc_column][vc_column width=&#8220;1\/6&#8243;][vc_single_image image=&#8220;2744&#8243; img_size=&#8220;full&#8220; alignment=&#8220;center&#8220; onclick=&#8220;custom_link&#8220; img_link_target=&#8220;_blank&#8220; link=&#8220;http:\/\/www.gland.ch&#8220;][vc_column_text] Gland [\/vc_column_text][\/vc_column][vc_column width=&#8220;1\/6&#8243;][vc_single_image image=&#8220;3224&#8243; img_size=&#8220;full&#8220; alignment=&#8220;center&#8220; onclick=&#8220;custom_link&#8220; img_link_target=&#8220;_blank&#8220; link=&#8220;http:\/\/www.granges-veveyse.ch\/&#8220;][vc_column_text] Granges (Veveyse) [\/vc_column_text][\/vc_column][\/vc_row][vc_row][vc_column][vc_separator][\/vc_column][\/vc_row][vc_row][vc_column width=&#8220;1\/6&#8243;][vc_single_image image=&#8220;3222&#8243; img_size=&#8220;full&#8220; alignment=&#8220;center&#8220; onclick=&#8220;custom_link&#8220; img_link_target=&#8220;_blank&#8220; image_title=&#8220;Commune de Bernex&#8220; image_link=&#8220;http:\/\/www.bernex.ch\/&#8220; image_link_text=&#8220;Voir le site&#8220; link=&#8220;http:\/\/www.grenchen.ch\/de\/&#8220;][vc_column_text] Grenchen [\/vc_column_text][\/vc_column][vc_column width=&#8220;1\/6&#8243;][vc_single_image image=&#8220;3220&#8243; img_size=&#8220;full&#8220; alignment=&#8220;center&#8220; onclick=&#8220;custom_link&#8220; img_link_target=&#8220;_blank&#8220; image_title=&#8220;Commune de Bulle&#8220; image_link=&#8220;http:\/\/www.bulle.ch\/fr\/&#8220; image_link_text=&#8220;Voir le site&#8220; link=&#8220;http:\/\/www.jongny.ch&#8220;][vc_column_text] Jongny [\/vc_column_text][\/vc_column][vc_column width=&#8220;1\/6&#8243;][vc_single_image image=&#8220;3218&#8243; img_size=&#8220;full&#8220; alignment=&#8220;center&#8220; onclick=&#8220;custom_link&#8220; img_link_target=&#8220;_blank&#8220; image_title=&#8220;Commune de Chardonne&#8220; image_link=&#8220;https:\/\/www.chardonne.ch\/&#8220; image_link_text=&#8220;Voir le site&#8220; link=&#8220;https:\/\/www.milvignes.ch&#8220;][vc_column_text] Milvignes [\/vc_column_text][\/vc_column][vc_column width=&#8220;1\/6&#8243;][vc_single_image image=&#8220;3188&#8243; img_size=&#8220;full&#8220; alignment=&#8220;center&#8220; onclick=&#8220;custom_link&#8220; img_link_target=&#8220;_blank&#8220; image_title=&#8220;Commune de Chardonne&#8220; image_link=&#8220;https:\/\/www.chardonne.ch\/&#8220; image_link_text=&#8220;Voir le site&#8220; link=&#8220;https:\/\/www.monthey.ch\/&#8220;][vc_column_text] Monthey [\/vc_column_text][\/vc_column][vc_column width=&#8220;1\/6&#8243;][vc_single_image image=&#8220;3216&#8243; img_size=&#8220;full&#8220; alignment=&#8220;center&#8220; onclick=&#8220;custom_link&#8220; img_link_target=&#8220;_blank&#8220; image_title=&#8220;Commune de Bernex&#8220; image_link=&#8220;http:\/\/www.bernex.ch\/&#8220; image_link_text=&#8220;Voir le site&#8220; link=&#8220;http:\/\/www.montreux.ch&#8220;][vc_column_text] Montreux [\/vc_column_text][\/vc_column][vc_column width=&#8220;1\/6&#8243;][vc_single_image image=&#8220;3214&#8243; img_size=&#8220;full&#8220; alignment=&#8220;center&#8220; onclick=&#8220;custom_link&#8220; img_link_target=&#8220;_blank&#8220; image_title=&#8220;Commune de Bulle&#8220; image_link=&#8220;http:\/\/www.bulle.ch\/fr\/&#8220; image_link_text=&#8220;Voir le site&#8220; link=&#8220;https:\/\/www.neuchatelville.ch\/fr\/&#8220;][vc_column_text] Neuch\u00e2tel [\/vc_column_text][\/vc_column][\/vc_row][vc_row][vc_column][vc_separator][\/vc_column][\/vc_row][vc_row][vc_column width=&#8220;1\/6&#8243;][vc_single_image image=&#8220;3212&#8243; img_size=&#8220;full&#8220; alignment=&#8220;center&#8220; onclick=&#8220;custom_link&#8220; img_link_target=&#8220;_blank&#8220; image_title=&#8220;Commune de Chardonne&#8220; image_link=&#8220;https:\/\/www.chardonne.ch\/&#8220; image_link_text=&#8220;Voir le site&#8220; link=&#8220;https:\/\/www.nyon.ch\/fr\/index.php&#8220;][vc_column_text] Nyon [\/vc_column_text][\/vc_column][vc_column width=&#8220;1\/6&#8243;][vc_single_image image=&#8220;3210&#8243; img_size=&#8220;full&#8220; alignment=&#8220;center&#8220; onclick=&#8220;custom_link&#8220; img_link_target=&#8220;_blank&#8220; image_title=&#8220;Commune de Chardonne&#8220; image_link=&#8220;https:\/\/www.chardonne.ch\/&#8220; image_link_text=&#8220;Voir le site&#8220; link=&#8220;http:\/\/www.ormont-dessous.ch\/&#8220;][vc_column_text] Ormont-dessous [\/vc_column_text][\/vc_column][vc_column width=&#8220;1\/6&#8243;][vc_single_image image=&#8220;3208&#8243; img_size=&#8220;full&#8220; alignment=&#8220;center&#8220; onclick=&#8220;custom_link&#8220; img_link_target=&#8220;_blank&#8220; link=&#8220;http:\/\/www.ostermundigen.ch\/&#8220;][vc_column_text] Ostermundigen [\/vc_column_text][\/vc_column][vc_column width=&#8220;1\/6&#8243;][vc_single_image image=&#8220;3206&#8243; img_size=&#8220;full&#8220; alignment=&#8220;center&#8220; onclick=&#8220;custom_link&#8220; img_link_target=&#8220;_blank&#8220; image_title=&#8220;Commune de Bernex&#8220; image_link=&#8220;http:\/\/www.bernex.ch\/&#8220; image_link_text=&#8220;Voir le site&#8220; link=&#8220;http:\/\/www.penthaz.ch\/&#8220;][vc_column_text] Penthaz [\/vc_column_text][\/vc_column][vc_column width=&#8220;1\/6&#8243;][vc_single_image image=&#8220;3204&#8243; img_size=&#8220;full&#8220; alignment=&#8220;center&#8220; onclick=&#8220;custom_link&#8220; img_link_target=&#8220;_blank&#8220; image_title=&#8220;Commune de Bulle&#8220; image_link=&#8220;http:\/\/www.bulle.ch\/fr\/&#8220; image_link_text=&#8220;Voir le site&#8220; link=&#8220;https:\/\/www.pully.ch\/fr\/accueil\/&#8220;][vc_column_text] Pully [\/vc_column_text][\/vc_column][vc_column width=&#8220;1\/6&#8243;][vc_single_image image=&#8220;3202&#8243; img_size=&#8220;full&#8220; alignment=&#8220;center&#8220; onclick=&#8220;custom_link&#8220; img_link_target=&#8220;_blank&#8220; image_title=&#8220;Commune de Chardonne&#8220; image_link=&#8220;https:\/\/www.chardonne.ch\/&#8220; image_link_text=&#8220;Voir le site&#8220; link=&#8220;http:\/\/www.romont.ch\/fr\/&#8220;][vc_column_text] Romont [\/vc_column_text][\/vc_column][\/vc_row][vc_row][vc_column][vc_separator][\/vc_column][\/vc_row][vc_row][vc_column width=&#8220;1\/6&#8243;][vc_single_image image=&#8220;3200&#8243; img_size=&#8220;full&#8220; alignment=&#8220;center&#8220; onclick=&#8220;custom_link&#8220; img_link_target=&#8220;_blank&#8220; image_title=&#8220;Commune de Chardonne&#8220; image_link=&#8220;https:\/\/www.chardonne.ch\/&#8220; image_link_text=&#8220;Voir le site&#8220; link=&#8220;http:\/\/www.semsales.ch\/&#8220;][vc_column_text] Semsales [\/vc_column_text][\/vc_column][vc_column width=&#8220;1\/6&#8243;][vc_single_image image=&#8220;3198&#8243; img_size=&#8220;full&#8220; alignment=&#8220;center&#8220; onclick=&#8220;custom_link&#8220; img_link_target=&#8220;_blank&#8220; link=&#8220;http:\/\/www.sissach.ch\/de\/&#8220;][vc_column_text] Sissach [\/vc_column_text][\/vc_column][vc_column width=&#8220;1\/6&#8243;][vc_single_image image=&#8220;3196&#8243; img_size=&#8220;full&#8220; alignment=&#8220;center&#8220; onclick=&#8220;custom_link&#8220; img_link_target=&#8220;_blank&#8220; image_title=&#8220;Commune de Bernex&#8220; image_link=&#8220;http:\/\/www.bernex.ch\/&#8220; image_link_text=&#8220;Voir le site&#8220; link=&#8220;http:\/\/www.stettlen.ch\/de\/index.php&#8220;][vc_column_text] Stettlen [\/vc_column_text][\/vc_column][vc_column width=&#8220;1\/6&#8243;][vc_single_image image=&#8220;3194&#8243; img_size=&#8220;full&#8220; alignment=&#8220;center&#8220; onclick=&#8220;custom_link&#8220; img_link_target=&#8220;_blank&#8220; image_title=&#8220;Commune de Bulle&#8220; image_link=&#8220;http:\/\/www.bulle.ch\/fr\/&#8220; image_link_text=&#8220;Voir le site&#8220; link=&#8220;http:\/\/www.sursee.ch\/de\/&#8220;][vc_column_text] Sursee [\/vc_column_text][\/vc_column][vc_column width=&#8220;1\/6&#8243;][vc_single_image image=&#8220;3192&#8243; img_size=&#8220;full&#8220; alignment=&#8220;center&#8220; onclick=&#8220;custom_link&#8220; img_link_target=&#8220;_blank&#8220; image_title=&#8220;Commune de Chardonne&#8220; image_link=&#8220;https:\/\/www.chardonne.ch\/&#8220; image_link_text=&#8220;Voir le site&#8220; link=&#8220;https:\/\/www.vechigen.ch\/&#8220;][vc_column_text] Vechigen [\/vc_column_text][\/vc_column][vc_column width=&#8220;1\/6&#8243;][vc_single_image image=&#8220;3190&#8243; img_size=&#8220;full&#8220; alignment=&#8220;center&#8220; onclick=&#8220;custom_link&#8220; img_link_target=&#8220;_blank&#8220; image_title=&#8220;Commune de Chardonne&#8220; image_link=&#8220;https:\/\/www.chardonne.ch\/&#8220; image_link_text=&#8220;Voir le site&#8220; link=&#8220;http:\/\/www.vevey.ch\/&#8220;][vc_column_text] Vevey [\/vc_column_text][\/vc_column][\/vc_row][vc_row][vc_column][vc_separator][\/vc_column][\/vc_row][vc_row][vc_column width=&#8220;1\/6&#8243;][vc_single_image image=&#8220;3444&#8243; img_size=&#8220;full&#8220; alignment=&#8220;center&#8220; onclick=&#8220;custom_link&#8220; img_link_target=&#8220;_blank&#8220; image_title=&#8220;Commune de Chardonne&#8220; image_link=&#8220;https:\/\/www.chardonne.ch\/&#8220; image_link_text=&#8220;Voir le site&#8220; link=&#8220;http:\/\/www.leflon.ch\/&#8220;][vc_column_text] Le Flon [\/vc_column_text][\/vc_column][vc_column width=&#8220;1\/6&#8243;][vc_single_image image=&#8220;3442&#8243; img_size=&#8220;full&#8220; alignment=&#8220;center&#8220; onclick=&#8220;custom_link&#8220; img_link_target=&#8220;_blank&#8220; link=&#8220;http:\/\/www.wuennewil-flamatt.ch\/de\/&#8220;][vc_column_text] W\u00fcnnewil-Flamatt [\/vc_column_text][\/vc_column][vc_column width=&#8220;1\/6&#8243;][vc_single_image image=&#8220;3505&#8243; img_size=&#8220;full&#8220; alignment=&#8220;center&#8220; onclick=&#8220;custom_link&#8220; img_link_target=&#8220;_blank&#8220; link=&#8220;https:\/\/www.bagnes.ch\/fr\/&#8220;][vc_column_text] Bagnes [\/vc_column_text][\/vc_column][vc_column width=&#8220;1\/6&#8243;][vc_single_image image=&#8220;3792&#8243; img_size=&#8220;full&#8220; onclick=&#8220;custom_link&#8220; img_link_target=&#8220;_blank&#8220; link=&#8220;http:\/\/www.lutry.ch\/&#8220;][vc_column_text] Lutry [\/vc_column_text][\/vc_column][vc_column width=&#8220;1\/6&#8243;][vc_single_image image=&#8220;3843&#8243; img_size=&#8220;full&#8220; onclick=&#8220;custom_link&#8220; img_link_target=&#8220;_blank&#8220; [&hellip;]","og_url":"https:\/\/www.hymexia.ch\/de\/referenzen\/","og_site_name":"Hymexia - Strat\u00e9gie v\u00e9hicules et machines","article_modified_time":"2023-12-13T11:49:35+00:00","twitter_card":"summary_large_image","twitter_misc":{"Gesch\u00e4tzte Lesezeit":"26\u00a0Minuten"},"schema":{"@context":"https:\/\/schema.org","@graph":[{"@type":"WebPage","@id":"https:\/\/www.hymexia.ch\/de\/referenzen\/","url":"https:\/\/www.hymexia.ch\/de\/referenzen\/","name":"Referenzen - Hymexia - Strat\u00e9gie v\u00e9hicules et machines","isPartOf":{"@id":"https:\/\/www.hymexia.ch\/de\/#website"},"datePublished":"2020-05-04T13:28:08+00:00","dateModified":"2023-12-13T11:49:35+00:00","breadcrumb":{"@id":"https:\/\/www.hymexia.ch\/de\/referenzen\/#breadcrumb"},"inLanguage":"de","potentialAction":[{"@type":"ReadAction","target":["https:\/\/www.hymexia.ch\/de\/referenzen\/"]}]},{"@type":"BreadcrumbList","@id":"https:\/\/www.hymexia.ch\/de\/referenzen\/#breadcrumb","itemListElement":[{"@type":"ListItem","position":1,"name":"Accueil","item":"https:\/\/www.hymexia.ch\/de\/"},{"@type":"ListItem","position":2,"name":"Referenzen"}]},{"@type":"WebSite","@id":"https:\/\/www.hymexia.ch\/de\/#website","url":"https:\/\/www.hymexia.ch\/de\/","name":"Hymexia - Strat\u00e9gie v\u00e9hicules et machines","description":"","publisher":{"@id":"https:\/\/www.hymexia.ch\/de\/#organization"},"potentialAction":[{"@type":"SearchAction","target":{"@type":"EntryPoint","urlTemplate":"https:\/\/www.hymexia.ch\/de\/?s={search_term_string}"},"query-input":{"@type":"PropertyValueSpecification","valueRequired":true,"valueName":"search_term_string"}}],"inLanguage":"de"},{"@type":"Organization","@id":"https:\/\/www.hymexia.ch\/de\/#organization","name":"Hymexia - Strat\u00e9gie v\u00e9hicules et machines","url":"https:\/\/www.hymexia.ch\/de\/","logo":{"@type":"ImageObject","inLanguage":"de","@id":"https:\/\/www.hymexia.ch\/de\/#\/schema\/logo\/image\/","url":"https:\/\/www.hymexia.ch\/wp-content\/uploads\/2018\/12\/hymexia_logo_150.png","contentUrl":"https:\/\/www.hymexia.ch\/wp-content\/uploads\/2018\/12\/hymexia_logo_150.png","width":150,"height":27,"caption":"Hymexia - Strat\u00e9gie v\u00e9hicules et machines"},"image":{"@id":"https:\/\/www.hymexia.ch\/de\/#\/schema\/logo\/image\/"}}]}},"_links":{"self":[{"href":"https:\/\/www.hymexia.ch\/de\/wp-json\/wp\/v2\/pages\/3132","targetHints":{"allow":["GET"]}}],"collection":[{"href":"https:\/\/www.hymexia.ch\/de\/wp-json\/wp\/v2\/pages"}],"about":[{"href":"https:\/\/www.hymexia.ch\/de\/wp-json\/wp\/v2\/types\/page"}],"author":[{"embeddable":true,"href":"https:\/\/www.hymexia.ch\/de\/wp-json\/wp\/v2\/users\/3"}],"replies":[{"embeddable":true,"href":"https:\/\/www.hymexia.ch\/de\/wp-json\/wp\/v2\/comments?post=3132"}],"version-history":[{"count":24,"href":"https:\/\/www.hymexia.ch\/de\/wp-json\/wp\/v2\/pages\/3132\/revisions"}],"predecessor-version":[{"id":4205,"href":"https:\/\/www.hymexia.ch\/de\/wp-json\/wp\/v2\/pages\/3132\/revisions\/4205"}],"wp:attachment":[{"href":"https:\/\/www.hymexia.ch\/de\/wp-json\/wp\/v2\/media?parent=3132"}],"curies":[{"name":"wp","href":"https:\/\/api.w.org\/{rel}","templated":true}]}}